{"id":25567,"date":"2020-10-22T20:29:47","date_gmt":"2020-10-22T19:29:47","guid":{"rendered":"http:\/\/www.provedor-jus.pt\/documentos\/seguro-de-responsabilidade-civil-automovel-sinistro-automovel-perda-total-do-veiculo-obrigacao-de-indemnizacao-direitos-dos-consumidores-002-b-2009\/"},"modified":"2020-10-22T20:29:47","modified_gmt":"2020-10-22T19:29:47","slug":"seguro-de-responsabilidade-civil-automovel-sinistro-automovel-perda-total-do-veiculo-obrigacao-de-indemnizacao-direitos-dos-consumidores-002-b-2009","status":"publish","type":"documentos","link":"https:\/\/www.provedor-jus.pt\/en\/documentos\/seguro-de-responsabilidade-civil-automovel-sinistro-automovel-perda-total-do-veiculo-obrigacao-de-indemnizacao-direitos-dos-consumidores-002-b-2009\/","title":{"rendered":"Seguro de responsabilidade civil autom\u00f3vel. Sinistro autom\u00f3vel. Perda total do ve\u00edculo. Obriga\u00e7\u00e3o de indemniza\u00e7\u00e3o. Direitos dos consumidores (002\/B\/2009)"},"content":{"rendered":"<!-- RS_MODULE_CODE_2.5.3 --> <div id=\"readspeaker_button25567\" class=\"rs_skip rs_preserve\"><a class=\"rs_href\" title=\"Ouvir com ReadSpeaker\" href=\"https:\/\/app-eu.readspeaker.com\/cgi-bin\/rsent?customerid=6394&amp;lang=pt_pt&amp;readid=rspeak_read_25567&amp;url=https%3A%2F%2Fwww.provedor-jus.pt%2Fen%2Fwp-json%2Fwp%2Fv2%2Fdocumentos%2F25567\" onclick=\"readpage(this.href, 'xp25567'); return false;\"><img decoding=\"async\" src=\"https:\/\/www.provedor-jus.pt\/wp-content\/plugins\/enterprise_expanding_hl_wordpress-2x\/img\/icon_16px.gif\" alt=\"Ouvir com ReadSpeaker\" style=\"display: inline-block; margin-right: 5px;\"\/>Ouvir<\/a><\/div><div id=\"xp25567\" class=\"rs_addtools rs_splitbutton rs_preserve rs_skip rs_exp\"><\/div><div id=\"rspeak_read_25567\"><p style=\"text-align: justify\">Proc. R-2851\/06 (A6)<\/p>\n<p style=\"text-align: justify\"><em>Assunto:<\/em> Seguro de responsabilidade civil autom\u00f3vel. Sinistro autom\u00f3vel. Perda total do ve\u00edculo. Obriga\u00e7\u00e3o de indemniza\u00e7\u00e3o. Direitos dos consumidores<\/p>\n<p style=\"text-align: justify\"><em>Sum\u00e1rio:<\/em> Foram recebidas v\u00e1rias exposi\u00e7\u00f5es, contestando o regime legal da perda total, em sede de regulariza\u00e7\u00e3o de sinistros no \u00e2mbito do seguro de responsabilidade civil autom\u00f3vel, mat\u00e9ria actualmente regulada pelo disposto no artigo 41.\u00ba do Decreto-Lei n.\u00ba 291\/2007, de 21 de Agosto.Apreciado o regime legal em apre\u00e7o, conclui-se ser desej\u00e1vel o refor\u00e7o da protec\u00e7\u00e3o dos lesados por acidente de via\u00e7\u00e3o, numa fase ainda extrajudicial do processo de regulariza\u00e7\u00e3o de sinistros com base em perda total, no prop\u00f3sito de dar legalmente guarida ao respectivo leg\u00edtimo interesse na entrega de um ve\u00edculo id\u00eantico ou similar, que proporcione ao lesado igual utilidade e satisfa\u00e7\u00e3o das suas necessidades, em detrimento do recebimento do correspondente valor em dinheiro. Neste sentido, <em>recomendou-se <\/em>a adop\u00e7\u00e3o de solu\u00e7\u00e3o normativa que disponha no sentido de a seguradora, ao propor a regulariza\u00e7\u00e3o de um sinistro com base no conceito de perda total, n\u00e3o se limite a indicar o valor da indemniza\u00e7\u00e3o, indicando, outrossim, a exist\u00eancia no mercado de ve\u00edculo autom\u00f3vel com id\u00eanticas caracter\u00edsticas \u00e0s do ve\u00edculo sinistrado e que franqueie ao lesado uma utiliza\u00e7\u00e3o similar.<\/p>\n<\/div>","protected":false},"excerpt":{"rendered":"<p><!-- RS_MODULE_CODE_2.5.3 --> <\/p>\n<div id=\"readspeaker_button25567\" class=\"rs_skip rs_preserve\"><a class=\"rs_href\" title=\"Ouvir com ReadSpeaker\" href=\"https:\/\/app-eu.readspeaker.com\/cgi-bin\/rsent?customerid=6394&amp;lang=pt_pt&amp;readid=rspeak_read_25567&amp;url=https%3A%2F%2Fwww.provedor-jus.pt%2Fen%2Fwp-json%2Fwp%2Fv2%2Fdocumentos%2F25567\" onclick=\"readpage(this.href, 'xp25567'); return false;\"><img decoding=\"async\" src=\"https:\/\/www.provedor-jus.pt\/wp-content\/plugins\/enterprise_expanding_hl_wordpress-2x\/img\/icon_16px.gif\" alt=\"Ouvir com ReadSpeaker\" style=\"display: inline-block; margin-right: 5px;\"\/>Ouvir<\/a><\/div>\n<div id=\"xp25567\" class=\"rs_addtools rs_splitbutton rs_preserve rs_skip rs_exp\"><\/div>\n<div id=\"rspeak_read_25567\">Proc. R-2851\/06 (A6) Assunto: Seguro de responsabilidade civil autom\u00f3vel. Sinistro autom\u00f3vel. Perda total do ve\u00edculo. Obriga\u00e7\u00e3o de indemniza\u00e7\u00e3o. Direitos dos consumidores Sum\u00e1rio: Foram recebidas v\u00e1rias exposi\u00e7\u00f5es, contestando o regime legal da perda total, em sede de regulariza\u00e7\u00e3o de sinistros no \u00e2mbito do seguro de responsabilidade civil autom\u00f3vel, mat\u00e9ria actualmente regulada pelo disposto no artigo 41.\u00ba do Decreto-Lei n.\u00ba 291\/2007, de&hellip;<\/div>\n","protected":false},"author":1,"featured_media":2212,"menu_order":0,"template":"documentos-template.php","meta":{"_acf_changed":false},"catgorias_documentos":[149],"class_list":["post-25567","documentos","type-documentos","status-publish","has-post-thumbnail","hentry","catgorias_documentos-recomendacoes-en"],"acf":[],"yoast_head":"<!-- This site is optimized with the Yoast SEO plugin v25.2 - https:\/\/yoast.com\/wordpress\/plugins\/seo\/ -->\n<title>Seguro de responsabilidade civil autom\u00f3vel. Sinistro autom\u00f3vel. Perda total do ve\u00edculo. Obriga\u00e7\u00e3o de indemniza\u00e7\u00e3o. Direitos dos consumidores (002\/B\/2009) - Provedoria de Justi\u00e7a<\/title>\n<meta name=\"robots\" content=\"index, follow, max-snippet:-1, max-image-preview:large, max-video-preview:-1\" \/>\n<link rel=\"canonical\" href=\"https:\/\/www.provedor-jus.pt\/en\/documentos\/seguro-de-responsabilidade-civil-automovel-sinistro-automovel-perda-total-do-veiculo-obrigacao-de-indemnizacao-direitos-dos-consumidores-002-b-2009\/\" \/>\n<meta property=\"og:locale\" content=\"en_US\" \/>\n<meta property=\"og:type\" content=\"article\" \/>\n<meta property=\"og:title\" content=\"Seguro de responsabilidade civil autom\u00f3vel. Sinistro autom\u00f3vel. Perda total do ve\u00edculo. Obriga\u00e7\u00e3o de indemniza\u00e7\u00e3o. Direitos dos consumidores (002\/B\/2009) - Provedoria de Justi\u00e7a\" \/>\n<meta property=\"og:description\" content=\"OuvirProc. R-2851\/06 (A6) Assunto: Seguro de responsabilidade civil autom\u00f3vel. Sinistro autom\u00f3vel. Perda total do ve\u00edculo. Obriga\u00e7\u00e3o de indemniza\u00e7\u00e3o. Direitos dos consumidores Sum\u00e1rio: Foram recebidas v\u00e1rias exposi\u00e7\u00f5es, contestando o regime legal da perda total, em sede de regulariza\u00e7\u00e3o de sinistros no \u00e2mbito do seguro de responsabilidade civil autom\u00f3vel, mat\u00e9ria actualmente regulada pelo disposto no artigo 41.\u00ba do Decreto-Lei n.\u00ba 291\/2007, de&hellip;\" \/>\n<meta property=\"og:url\" content=\"https:\/\/www.provedor-jus.pt\/en\/documentos\/seguro-de-responsabilidade-civil-automovel-sinistro-automovel-perda-total-do-veiculo-obrigacao-de-indemnizacao-direitos-dos-consumidores-002-b-2009\/\" \/>\n<meta property=\"og:site_name\" content=\"Provedoria de Justi\u00e7a\" \/>\n<meta property=\"og:image\" content=\"https:\/\/www.provedor-jus.pt\/wp-content\/uploads\/2020\/09\/pdf.gif\" \/>\n\t<meta property=\"og:image:width\" content=\"40\" \/>\n\t<meta property=\"og:image:height\" content=\"47\" \/>\n\t<meta property=\"og:image:type\" content=\"image\/gif\" \/>\n<meta name=\"twitter:card\" content=\"summary_large_image\" \/>\n<meta name=\"twitter:label1\" content=\"Est. reading time\" \/>\n\t<meta name=\"twitter:data1\" content=\"1 minute\" \/>\n<script type=\"application\/ld+json\" class=\"yoast-schema-graph\">{\"@context\":\"https:\/\/schema.org\",\"@graph\":[{\"@type\":\"WebPage\",\"@id\":\"https:\/\/www.provedor-jus.pt\/en\/documentos\/seguro-de-responsabilidade-civil-automovel-sinistro-automovel-perda-total-do-veiculo-obrigacao-de-indemnizacao-direitos-dos-consumidores-002-b-2009\/\",\"url\":\"https:\/\/www.provedor-jus.pt\/en\/documentos\/seguro-de-responsabilidade-civil-automovel-sinistro-automovel-perda-total-do-veiculo-obrigacao-de-indemnizacao-direitos-dos-consumidores-002-b-2009\/\",\"name\":\"Seguro de responsabilidade civil autom\u00f3vel. Sinistro autom\u00f3vel. Perda total do ve\u00edculo. Obriga\u00e7\u00e3o de indemniza\u00e7\u00e3o. Direitos dos consumidores (002\/B\/2009) - Provedoria de Justi\u00e7a\",\"isPartOf\":{\"@id\":\"https:\/\/www.provedor-jus.pt\/#website\"},\"primaryImageOfPage\":{\"@id\":\"https:\/\/www.provedor-jus.pt\/en\/documentos\/seguro-de-responsabilidade-civil-automovel-sinistro-automovel-perda-total-do-veiculo-obrigacao-de-indemnizacao-direitos-dos-consumidores-002-b-2009\/#primaryimage\"},\"image\":{\"@id\":\"https:\/\/www.provedor-jus.pt\/en\/documentos\/seguro-de-responsabilidade-civil-automovel-sinistro-automovel-perda-total-do-veiculo-obrigacao-de-indemnizacao-direitos-dos-consumidores-002-b-2009\/#primaryimage\"},\"thumbnailUrl\":\"https:\/\/www.provedor-jus.pt\/wp-content\/uploads\/2020\/09\/pdf.gif\",\"datePublished\":\"2020-10-22T19:29:47+00:00\",\"breadcrumb\":{\"@id\":\"https:\/\/www.provedor-jus.pt\/en\/documentos\/seguro-de-responsabilidade-civil-automovel-sinistro-automovel-perda-total-do-veiculo-obrigacao-de-indemnizacao-direitos-dos-consumidores-002-b-2009\/#breadcrumb\"},\"inLanguage\":\"en-US\",\"potentialAction\":[{\"@type\":\"ReadAction\",\"target\":[\"https:\/\/www.provedor-jus.pt\/en\/documentos\/seguro-de-responsabilidade-civil-automovel-sinistro-automovel-perda-total-do-veiculo-obrigacao-de-indemnizacao-direitos-dos-consumidores-002-b-2009\/\"]}]},{\"@type\":\"ImageObject\",\"inLanguage\":\"en-US\",\"@id\":\"https:\/\/www.provedor-jus.pt\/en\/documentos\/seguro-de-responsabilidade-civil-automovel-sinistro-automovel-perda-total-do-veiculo-obrigacao-de-indemnizacao-direitos-dos-consumidores-002-b-2009\/#primaryimage\",\"url\":\"https:\/\/www.provedor-jus.pt\/wp-content\/uploads\/2020\/09\/pdf.gif\",\"contentUrl\":\"https:\/\/www.provedor-jus.pt\/wp-content\/uploads\/2020\/09\/pdf.gif\",\"width\":40,\"height\":47,\"caption\":\"iconpdf\"},{\"@type\":\"BreadcrumbList\",\"@id\":\"https:\/\/www.provedor-jus.pt\/en\/documentos\/seguro-de-responsabilidade-civil-automovel-sinistro-automovel-perda-total-do-veiculo-obrigacao-de-indemnizacao-direitos-dos-consumidores-002-b-2009\/#breadcrumb\",\"itemListElement\":[{\"@type\":\"ListItem\",\"position\":1,\"name\":\"In\u00edcio\",\"item\":\"https:\/\/www.provedor-jus.pt\/en\/\"},{\"@type\":\"ListItem\",\"position\":2,\"name\":\"Seguro de responsabilidade civil autom\u00f3vel. Sinistro autom\u00f3vel. Perda total do ve\u00edculo. Obriga\u00e7\u00e3o de indemniza\u00e7\u00e3o. Direitos dos consumidores (002\/B\/2009)\"}]},{\"@type\":\"WebSite\",\"@id\":\"https:\/\/www.provedor-jus.pt\/#website\",\"url\":\"https:\/\/www.provedor-jus.pt\/\",\"name\":\"Provedoria de Justi\u00e7a\",\"description\":\"\",\"publisher\":{\"@id\":\"https:\/\/www.provedor-jus.pt\/#organization\"},\"potentialAction\":[{\"@type\":\"SearchAction\",\"target\":{\"@type\":\"EntryPoint\",\"urlTemplate\":\"https:\/\/www.provedor-jus.pt\/?s={search_term_string}\"},\"query-input\":{\"@type\":\"PropertyValueSpecification\",\"valueRequired\":true,\"valueName\":\"search_term_string\"}}],\"inLanguage\":\"en-US\"},{\"@type\":\"Organization\",\"@id\":\"https:\/\/www.provedor-jus.pt\/#organization\",\"name\":\"Provedoria de Justi\u00e7a\",\"url\":\"https:\/\/www.provedor-jus.pt\/\",\"logo\":{\"@type\":\"ImageObject\",\"inLanguage\":\"en-US\",\"@id\":\"https:\/\/www.provedor-jus.pt\/#\/schema\/logo\/image\/\",\"url\":\"https:\/\/www.provedor-jus.pt\/wp-content\/uploads\/2024\/10\/logo_provedor_50anos.jpg\",\"contentUrl\":\"https:\/\/www.provedor-jus.pt\/wp-content\/uploads\/2024\/10\/logo_provedor_50anos.jpg\",\"width\":2514,\"height\":554,\"caption\":\"Provedoria de Justi\u00e7a\"},\"image\":{\"@id\":\"https:\/\/www.provedor-jus.pt\/#\/schema\/logo\/image\/\"}}]}<\/script>\n<!-- \/ Yoast SEO plugin. -->","yoast_head_json":{"title":"Seguro de responsabilidade civil autom\u00f3vel. Sinistro autom\u00f3vel. Perda total do ve\u00edculo. Obriga\u00e7\u00e3o de indemniza\u00e7\u00e3o. Direitos dos consumidores (002\/B\/2009) - Provedoria de Justi\u00e7a","robots":{"index":"index","follow":"follow","max-snippet":"max-snippet:-1","max-image-preview":"max-image-preview:large","max-video-preview":"max-video-preview:-1"},"canonical":"https:\/\/www.provedor-jus.pt\/en\/documentos\/seguro-de-responsabilidade-civil-automovel-sinistro-automovel-perda-total-do-veiculo-obrigacao-de-indemnizacao-direitos-dos-consumidores-002-b-2009\/","og_locale":"en_US","og_type":"article","og_title":"Seguro de responsabilidade civil autom\u00f3vel. Sinistro autom\u00f3vel. Perda total do ve\u00edculo. Obriga\u00e7\u00e3o de indemniza\u00e7\u00e3o. Direitos dos consumidores (002\/B\/2009) - Provedoria de Justi\u00e7a","og_description":"OuvirProc. R-2851\/06 (A6) Assunto: Seguro de responsabilidade civil autom\u00f3vel. Sinistro autom\u00f3vel. Perda total do ve\u00edculo. Obriga\u00e7\u00e3o de indemniza\u00e7\u00e3o. Direitos dos consumidores Sum\u00e1rio: Foram recebidas v\u00e1rias exposi\u00e7\u00f5es, contestando o regime legal da perda total, em sede de regulariza\u00e7\u00e3o de sinistros no \u00e2mbito do seguro de responsabilidade civil autom\u00f3vel, mat\u00e9ria actualmente regulada pelo disposto no artigo 41.\u00ba do Decreto-Lei n.\u00ba 291\/2007, de&hellip;","og_url":"https:\/\/www.provedor-jus.pt\/en\/documentos\/seguro-de-responsabilidade-civil-automovel-sinistro-automovel-perda-total-do-veiculo-obrigacao-de-indemnizacao-direitos-dos-consumidores-002-b-2009\/","og_site_name":"Provedoria de Justi\u00e7a","og_image":[{"width":40,"height":47,"url":"https:\/\/www.provedor-jus.pt\/wp-content\/uploads\/2020\/09\/pdf.gif","type":"image\/gif"}],"twitter_card":"summary_large_image","twitter_misc":{"Est. reading time":"1 minute"},"schema":{"@context":"https:\/\/schema.org","@graph":[{"@type":"WebPage","@id":"https:\/\/www.provedor-jus.pt\/en\/documentos\/seguro-de-responsabilidade-civil-automovel-sinistro-automovel-perda-total-do-veiculo-obrigacao-de-indemnizacao-direitos-dos-consumidores-002-b-2009\/","url":"https:\/\/www.provedor-jus.pt\/en\/documentos\/seguro-de-responsabilidade-civil-automovel-sinistro-automovel-perda-total-do-veiculo-obrigacao-de-indemnizacao-direitos-dos-consumidores-002-b-2009\/","name":"Seguro de responsabilidade civil autom\u00f3vel. Sinistro autom\u00f3vel. Perda total do ve\u00edculo. Obriga\u00e7\u00e3o de indemniza\u00e7\u00e3o. Direitos dos consumidores (002\/B\/2009) - Provedoria de Justi\u00e7a","isPartOf":{"@id":"https:\/\/www.provedor-jus.pt\/#website"},"primaryImageOfPage":{"@id":"https:\/\/www.provedor-jus.pt\/en\/documentos\/seguro-de-responsabilidade-civil-automovel-sinistro-automovel-perda-total-do-veiculo-obrigacao-de-indemnizacao-direitos-dos-consumidores-002-b-2009\/#primaryimage"},"image":{"@id":"https:\/\/www.provedor-jus.pt\/en\/documentos\/seguro-de-responsabilidade-civil-automovel-sinistro-automovel-perda-total-do-veiculo-obrigacao-de-indemnizacao-direitos-dos-consumidores-002-b-2009\/#primaryimage"},"thumbnailUrl":"https:\/\/www.provedor-jus.pt\/wp-content\/uploads\/2020\/09\/pdf.gif","datePublished":"2020-10-22T19:29:47+00:00","breadcrumb":{"@id":"https:\/\/www.provedor-jus.pt\/en\/documentos\/seguro-de-responsabilidade-civil-automovel-sinistro-automovel-perda-total-do-veiculo-obrigacao-de-indemnizacao-direitos-dos-consumidores-002-b-2009\/#breadcrumb"},"inLanguage":"en-US","potentialAction":[{"@type":"ReadAction","target":["https:\/\/www.provedor-jus.pt\/en\/documentos\/seguro-de-responsabilidade-civil-automovel-sinistro-automovel-perda-total-do-veiculo-obrigacao-de-indemnizacao-direitos-dos-consumidores-002-b-2009\/"]}]},{"@type":"ImageObject","inLanguage":"en-US","@id":"https:\/\/www.provedor-jus.pt\/en\/documentos\/seguro-de-responsabilidade-civil-automovel-sinistro-automovel-perda-total-do-veiculo-obrigacao-de-indemnizacao-direitos-dos-consumidores-002-b-2009\/#primaryimage","url":"https:\/\/www.provedor-jus.pt\/wp-content\/uploads\/2020\/09\/pdf.gif","contentUrl":"https:\/\/www.provedor-jus.pt\/wp-content\/uploads\/2020\/09\/pdf.gif","width":40,"height":47,"caption":"iconpdf"},{"@type":"BreadcrumbList","@id":"https:\/\/www.provedor-jus.pt\/en\/documentos\/seguro-de-responsabilidade-civil-automovel-sinistro-automovel-perda-total-do-veiculo-obrigacao-de-indemnizacao-direitos-dos-consumidores-002-b-2009\/#breadcrumb","itemListElement":[{"@type":"ListItem","position":1,"name":"In\u00edcio","item":"https:\/\/www.provedor-jus.pt\/en\/"},{"@type":"ListItem","position":2,"name":"Seguro de responsabilidade civil autom\u00f3vel. Sinistro autom\u00f3vel. Perda total do ve\u00edculo. Obriga\u00e7\u00e3o de indemniza\u00e7\u00e3o. Direitos dos consumidores (002\/B\/2009)"}]},{"@type":"WebSite","@id":"https:\/\/www.provedor-jus.pt\/#website","url":"https:\/\/www.provedor-jus.pt\/","name":"Provedoria de Justi\u00e7a","description":"","publisher":{"@id":"https:\/\/www.provedor-jus.pt\/#organization"},"potentialAction":[{"@type":"SearchAction","target":{"@type":"EntryPoint","urlTemplate":"https:\/\/www.provedor-jus.pt\/?s={search_term_string}"},"query-input":{"@type":"PropertyValueSpecification","valueRequired":true,"valueName":"search_term_string"}}],"inLanguage":"en-US"},{"@type":"Organization","@id":"https:\/\/www.provedor-jus.pt\/#organization","name":"Provedoria de Justi\u00e7a","url":"https:\/\/www.provedor-jus.pt\/","logo":{"@type":"ImageObject","inLanguage":"en-US","@id":"https:\/\/www.provedor-jus.pt\/#\/schema\/logo\/image\/","url":"https:\/\/www.provedor-jus.pt\/wp-content\/uploads\/2024\/10\/logo_provedor_50anos.jpg","contentUrl":"https:\/\/www.provedor-jus.pt\/wp-content\/uploads\/2024\/10\/logo_provedor_50anos.jpg","width":2514,"height":554,"caption":"Provedoria de Justi\u00e7a"},"image":{"@id":"https:\/\/www.provedor-jus.pt\/#\/schema\/logo\/image\/"}}]}},"_links":{"self":[{"href":"https:\/\/www.provedor-jus.pt\/en\/wp-json\/wp\/v2\/documentos\/25567","targetHints":{"allow":["GET"]}}],"collection":[{"href":"https:\/\/www.provedor-jus.pt\/en\/wp-json\/wp\/v2\/documentos"}],"about":[{"href":"https:\/\/www.provedor-jus.pt\/en\/wp-json\/wp\/v2\/types\/documentos"}],"author":[{"embeddable":true,"href":"https:\/\/www.provedor-jus.pt\/en\/wp-json\/wp\/v2\/users\/1"}],"wp:featuredmedia":[{"embeddable":true,"href":"https:\/\/www.provedor-jus.pt\/en\/wp-json\/wp\/v2\/media\/2212"}],"wp:attachment":[{"href":"https:\/\/www.provedor-jus.pt\/en\/wp-json\/wp\/v2\/media?parent=25567"}],"wp:term":[{"taxonomy":"catgorias_documentos","embeddable":true,"href":"https:\/\/www.provedor-jus.pt\/en\/wp-json\/wp\/v2\/catgorias_documentos?post=25567"}],"curies":[{"name":"wp","href":"https:\/\/api.w.org\/{rel}","templated":true}]}}