{"id":25603,"date":"2020-10-22T20:29:38","date_gmt":"2020-10-22T19:29:38","guid":{"rendered":"http:\/\/www.provedor-jus.pt\/documentos\/regime-juridico-da-urbanizacao-e-da-edificacao-alteracao-do-uso-propriedade-horizontal-006-b-2007\/"},"modified":"2020-10-22T20:29:38","modified_gmt":"2020-10-22T19:29:38","slug":"regime-juridico-da-urbanizacao-e-da-edificacao-alteracao-do-uso-propriedade-horizontal-006-b-2007","status":"publish","type":"documentos","link":"https:\/\/www.provedor-jus.pt\/en\/documentos\/regime-juridico-da-urbanizacao-e-da-edificacao-alteracao-do-uso-propriedade-horizontal-006-b-2007\/","title":{"rendered":"Regime jur\u00eddico da urbaniza\u00e7\u00e3o e da edifica\u00e7\u00e3o. Altera\u00e7\u00e3o do uso. Propriedade horizontal (006\/B\/2007)"},"content":{"rendered":"<!-- RS_MODULE_CODE_2.5.3 --> <div id=\"readspeaker_button25603\" class=\"rs_skip rs_preserve\"><a class=\"rs_href\" title=\"Ouvir com ReadSpeaker\" href=\"https:\/\/app-eu.readspeaker.com\/cgi-bin\/rsent?customerid=6394&amp;lang=pt_pt&amp;readid=rspeak_read_25603&amp;url=https%3A%2F%2Fwww.provedor-jus.pt%2Fen%2Fwp-json%2Fwp%2Fv2%2Fdocumentos%2F25603\" onclick=\"readpage(this.href, 'xp25603'); return false;\"><img decoding=\"async\" src=\"https:\/\/www.provedor-jus.pt\/wp-content\/plugins\/enterprise_expanding_hl_wordpress-2x\/img\/icon_16px.gif\" alt=\"Ouvir com ReadSpeaker\" style=\"display: inline-block; margin-right: 5px;\"\/>Ouvir<\/a><\/div><div id=\"xp25603\" class=\"rs_addtools rs_splitbutton rs_preserve rs_skip rs_exp\"><\/div><div id=\"rspeak_read_25603\"><p style=\"text-align: justify\">Proc. P-04\/07 (A1)<\/p>\n<p style=\"text-align: justify\"><em>Assunto:<\/em> Regime Jur\u00eddico da Urbaniza\u00e7\u00e3o e da Edifica\u00e7\u00e3o. Altera\u00e7\u00e3o do uso. Propriedade horizontal<\/p>\n<p style=\"text-align: justify\"><em>Sum\u00e1rio: <\/em>Tendo em vista da publica\u00e7\u00e3o da Lei n.\u00ba\u00a060\/2007, de 4 de Setembro, e das modifica\u00e7\u00f5es introduzidas no Regime Jur\u00eddico da Urbaniza\u00e7\u00e3o e da Edifica\u00e7\u00e3o, e ponderando encontrar-se em curso a consequente revis\u00e3o das normas regulamentares, em especial da Portaria n.\u00ba\u00a01110\/2001, de 19 de Setembro (elementos a instruir os procedimentos administrativos de controlo das opera\u00e7\u00f5es urban\u00edsticas), o Provedor de Justi\u00e7a dirige-se ao Secret\u00e1rio de Estado do Ordenamento do Territ\u00f3rio, ap\u00f3s\u00a0numerosas reclama\u00e7\u00f5es que s\u00e3o-lhe apresentadas onde surge controvertida uma quest\u00e3o que, considera o Provedor de Justi\u00e7a, pode ser ultrapassada no quadro regulamentar. Trata-se da\u00a0aferi\u00e7\u00e3o da legitimidade dos promotores de opera\u00e7\u00f5es urban\u00edsticas em face das normas civis relativas \u00e0 propriedade horizontal. Os problemas surgem, normalmente, a respeito de estabelecimentos com actividades inc\u00f3modas, instalados em frac\u00e7\u00f5es aut\u00f3nomas de edif\u00edcios multifamiliares e em desconformidade com o t\u00edtulo constitutivo da propriedade horizontal. Dir-se-ia, \u00e0 partida, que o conflito, porque de natureza privada, nada teria a ver com o controlo municipal das opera\u00e7\u00f5es urban\u00edsticas, mas n\u00e3o \u00e9 bem assim. S\u00e3o estabelecimentos cuja actividade colide frequentemente com bens jur\u00eddicos protegidos por normas de direito p\u00fablico, justificando o controlo municipal sobre o uso previsto para uma nova constru\u00e7\u00e3o ou para parte de uma edifica\u00e7\u00e3o j\u00e1 existente. Mesmo que n\u00e3o sejam executadas obras, h\u00e1 em todo o caso de ser obtida autoriza\u00e7\u00e3o para a mudan\u00e7a de utiliza\u00e7\u00e3o. [&#8230;] Assim, considerando, o dever de a Administra\u00e7\u00e3o P\u00fablica conferir a legitimidade do requerente, o fim de interesse p\u00fablico subjacente ao regime da nulidade do t\u00edtulo constitutivo da propriedade horizontal desconforme com o projecto aprovado pelo munic\u00edpio e os inconvenientes que a viabiliza\u00e7\u00e3o de um uso n\u00e3o habitacional, n\u00e3o autorizado pelo condom\u00ednio, necessariamente acarreta para a qualidade de vida dos moradores e para a paz social, vem o Provedor <em>recomendar<\/em> que, na revis\u00e3o das normas regulamentares da Lei n.\u00ba 60\/2007, de 4 de Setembro, sejam estabelecidas disposi\u00e7\u00f5es apropriadas a determinar a inclus\u00e3o, entre os elementos instrut\u00f3rios a acompanhar os pedidos de licen\u00e7a ou autoriza\u00e7\u00e3o e as comunica\u00e7\u00f5es pr\u00e9vias, quando esteja em causa a altera\u00e7\u00e3o do uso de frac\u00e7\u00f5es aut\u00f3nomas, de documento que indicie a autoriza\u00e7\u00e3o pela assembleia de condom\u00ednio ou a modifica\u00e7\u00e3o do t\u00edtulo constitutivo da propriedade horizontal.<\/p>\n<\/div>","protected":false},"excerpt":{"rendered":"<p><!-- RS_MODULE_CODE_2.5.3 --> <\/p>\n<div id=\"readspeaker_button25603\" class=\"rs_skip rs_preserve\"><a class=\"rs_href\" title=\"Ouvir com ReadSpeaker\" href=\"https:\/\/app-eu.readspeaker.com\/cgi-bin\/rsent?customerid=6394&amp;lang=pt_pt&amp;readid=rspeak_read_25603&amp;url=https%3A%2F%2Fwww.provedor-jus.pt%2Fen%2Fwp-json%2Fwp%2Fv2%2Fdocumentos%2F25603\" onclick=\"readpage(this.href, 'xp25603'); return false;\"><img decoding=\"async\" src=\"https:\/\/www.provedor-jus.pt\/wp-content\/plugins\/enterprise_expanding_hl_wordpress-2x\/img\/icon_16px.gif\" alt=\"Ouvir com ReadSpeaker\" style=\"display: inline-block; margin-right: 5px;\"\/>Ouvir<\/a><\/div>\n<div id=\"xp25603\" class=\"rs_addtools rs_splitbutton rs_preserve rs_skip rs_exp\"><\/div>\n<div id=\"rspeak_read_25603\">Proc. P-04\/07 (A1) Assunto: Regime Jur\u00eddico da Urbaniza\u00e7\u00e3o e da Edifica\u00e7\u00e3o. Altera\u00e7\u00e3o do uso. Propriedade horizontal Sum\u00e1rio: Tendo em vista da publica\u00e7\u00e3o da Lei n.\u00ba\u00a060\/2007, de 4 de Setembro, e das modifica\u00e7\u00f5es introduzidas no Regime Jur\u00eddico da Urbaniza\u00e7\u00e3o e da Edifica\u00e7\u00e3o, e ponderando encontrar-se em curso a consequente revis\u00e3o das normas regulamentares, em especial da Portaria n.\u00ba\u00a01110\/2001, de 19 de&hellip;<\/div>\n","protected":false},"author":1,"featured_media":2212,"menu_order":0,"template":"documentos-template.php","meta":{"_acf_changed":false},"catgorias_documentos":[149],"class_list":["post-25603","documentos","type-documentos","status-publish","has-post-thumbnail","hentry","catgorias_documentos-recomendacoes-en"],"acf":[],"yoast_head":"<!-- This site is optimized with the Yoast SEO plugin v25.2 - https:\/\/yoast.com\/wordpress\/plugins\/seo\/ -->\n<title>Regime jur\u00eddico da urbaniza\u00e7\u00e3o e da edifica\u00e7\u00e3o. Altera\u00e7\u00e3o do uso. Propriedade horizontal (006\/B\/2007) - Provedoria de Justi\u00e7a<\/title>\n<meta name=\"robots\" content=\"index, follow, max-snippet:-1, max-image-preview:large, max-video-preview:-1\" \/>\n<link rel=\"canonical\" href=\"https:\/\/www.provedor-jus.pt\/en\/documentos\/regime-juridico-da-urbanizacao-e-da-edificacao-alteracao-do-uso-propriedade-horizontal-006-b-2007\/\" \/>\n<meta property=\"og:locale\" content=\"en_US\" \/>\n<meta property=\"og:type\" content=\"article\" \/>\n<meta property=\"og:title\" content=\"Regime jur\u00eddico da urbaniza\u00e7\u00e3o e da edifica\u00e7\u00e3o. Altera\u00e7\u00e3o do uso. Propriedade horizontal (006\/B\/2007) - Provedoria de Justi\u00e7a\" \/>\n<meta property=\"og:description\" content=\"OuvirProc. P-04\/07 (A1) Assunto: Regime Jur\u00eddico da Urbaniza\u00e7\u00e3o e da Edifica\u00e7\u00e3o. Altera\u00e7\u00e3o do uso. Propriedade horizontal Sum\u00e1rio: Tendo em vista da publica\u00e7\u00e3o da Lei n.\u00ba\u00a060\/2007, de 4 de Setembro, e das modifica\u00e7\u00f5es introduzidas no Regime Jur\u00eddico da Urbaniza\u00e7\u00e3o e da Edifica\u00e7\u00e3o, e ponderando encontrar-se em curso a consequente revis\u00e3o das normas regulamentares, em especial da Portaria n.\u00ba\u00a01110\/2001, de 19 de&hellip;\" \/>\n<meta property=\"og:url\" content=\"https:\/\/www.provedor-jus.pt\/en\/documentos\/regime-juridico-da-urbanizacao-e-da-edificacao-alteracao-do-uso-propriedade-horizontal-006-b-2007\/\" \/>\n<meta property=\"og:site_name\" content=\"Provedoria de Justi\u00e7a\" \/>\n<meta property=\"og:image\" content=\"https:\/\/www.provedor-jus.pt\/wp-content\/uploads\/2020\/09\/pdf.gif\" \/>\n\t<meta property=\"og:image:width\" content=\"40\" \/>\n\t<meta property=\"og:image:height\" content=\"47\" \/>\n\t<meta property=\"og:image:type\" content=\"image\/gif\" \/>\n<meta name=\"twitter:card\" content=\"summary_large_image\" \/>\n<meta name=\"twitter:label1\" content=\"Est. reading time\" \/>\n\t<meta name=\"twitter:data1\" content=\"2 minutes\" \/>\n<script type=\"application\/ld+json\" class=\"yoast-schema-graph\">{\"@context\":\"https:\/\/schema.org\",\"@graph\":[{\"@type\":\"WebPage\",\"@id\":\"https:\/\/www.provedor-jus.pt\/en\/documentos\/regime-juridico-da-urbanizacao-e-da-edificacao-alteracao-do-uso-propriedade-horizontal-006-b-2007\/\",\"url\":\"https:\/\/www.provedor-jus.pt\/en\/documentos\/regime-juridico-da-urbanizacao-e-da-edificacao-alteracao-do-uso-propriedade-horizontal-006-b-2007\/\",\"name\":\"Regime jur\u00eddico da urbaniza\u00e7\u00e3o e da edifica\u00e7\u00e3o. Altera\u00e7\u00e3o do uso. Propriedade horizontal (006\/B\/2007) - Provedoria de Justi\u00e7a\",\"isPartOf\":{\"@id\":\"https:\/\/www.provedor-jus.pt\/#website\"},\"primaryImageOfPage\":{\"@id\":\"https:\/\/www.provedor-jus.pt\/en\/documentos\/regime-juridico-da-urbanizacao-e-da-edificacao-alteracao-do-uso-propriedade-horizontal-006-b-2007\/#primaryimage\"},\"image\":{\"@id\":\"https:\/\/www.provedor-jus.pt\/en\/documentos\/regime-juridico-da-urbanizacao-e-da-edificacao-alteracao-do-uso-propriedade-horizontal-006-b-2007\/#primaryimage\"},\"thumbnailUrl\":\"https:\/\/www.provedor-jus.pt\/wp-content\/uploads\/2020\/09\/pdf.gif\",\"datePublished\":\"2020-10-22T19:29:38+00:00\",\"breadcrumb\":{\"@id\":\"https:\/\/www.provedor-jus.pt\/en\/documentos\/regime-juridico-da-urbanizacao-e-da-edificacao-alteracao-do-uso-propriedade-horizontal-006-b-2007\/#breadcrumb\"},\"inLanguage\":\"en-US\",\"potentialAction\":[{\"@type\":\"ReadAction\",\"target\":[\"https:\/\/www.provedor-jus.pt\/en\/documentos\/regime-juridico-da-urbanizacao-e-da-edificacao-alteracao-do-uso-propriedade-horizontal-006-b-2007\/\"]}]},{\"@type\":\"ImageObject\",\"inLanguage\":\"en-US\",\"@id\":\"https:\/\/www.provedor-jus.pt\/en\/documentos\/regime-juridico-da-urbanizacao-e-da-edificacao-alteracao-do-uso-propriedade-horizontal-006-b-2007\/#primaryimage\",\"url\":\"https:\/\/www.provedor-jus.pt\/wp-content\/uploads\/2020\/09\/pdf.gif\",\"contentUrl\":\"https:\/\/www.provedor-jus.pt\/wp-content\/uploads\/2020\/09\/pdf.gif\",\"width\":40,\"height\":47,\"caption\":\"iconpdf\"},{\"@type\":\"BreadcrumbList\",\"@id\":\"https:\/\/www.provedor-jus.pt\/en\/documentos\/regime-juridico-da-urbanizacao-e-da-edificacao-alteracao-do-uso-propriedade-horizontal-006-b-2007\/#breadcrumb\",\"itemListElement\":[{\"@type\":\"ListItem\",\"position\":1,\"name\":\"In\u00edcio\",\"item\":\"https:\/\/www.provedor-jus.pt\/en\/\"},{\"@type\":\"ListItem\",\"position\":2,\"name\":\"Regime jur\u00eddico da urbaniza\u00e7\u00e3o e da edifica\u00e7\u00e3o. Altera\u00e7\u00e3o do uso. Propriedade horizontal (006\/B\/2007)\"}]},{\"@type\":\"WebSite\",\"@id\":\"https:\/\/www.provedor-jus.pt\/#website\",\"url\":\"https:\/\/www.provedor-jus.pt\/\",\"name\":\"Provedoria de Justi\u00e7a\",\"description\":\"\",\"publisher\":{\"@id\":\"https:\/\/www.provedor-jus.pt\/#organization\"},\"potentialAction\":[{\"@type\":\"SearchAction\",\"target\":{\"@type\":\"EntryPoint\",\"urlTemplate\":\"https:\/\/www.provedor-jus.pt\/?s={search_term_string}\"},\"query-input\":{\"@type\":\"PropertyValueSpecification\",\"valueRequired\":true,\"valueName\":\"search_term_string\"}}],\"inLanguage\":\"en-US\"},{\"@type\":\"Organization\",\"@id\":\"https:\/\/www.provedor-jus.pt\/#organization\",\"name\":\"Provedoria de Justi\u00e7a\",\"url\":\"https:\/\/www.provedor-jus.pt\/\",\"logo\":{\"@type\":\"ImageObject\",\"inLanguage\":\"en-US\",\"@id\":\"https:\/\/www.provedor-jus.pt\/#\/schema\/logo\/image\/\",\"url\":\"https:\/\/www.provedor-jus.pt\/wp-content\/uploads\/2024\/10\/logo_provedor_50anos.jpg\",\"contentUrl\":\"https:\/\/www.provedor-jus.pt\/wp-content\/uploads\/2024\/10\/logo_provedor_50anos.jpg\",\"width\":2514,\"height\":554,\"caption\":\"Provedoria de Justi\u00e7a\"},\"image\":{\"@id\":\"https:\/\/www.provedor-jus.pt\/#\/schema\/logo\/image\/\"}}]}<\/script>\n<!-- \/ Yoast SEO plugin. -->","yoast_head_json":{"title":"Regime jur\u00eddico da urbaniza\u00e7\u00e3o e da edifica\u00e7\u00e3o. Altera\u00e7\u00e3o do uso. Propriedade horizontal (006\/B\/2007) - Provedoria de Justi\u00e7a","robots":{"index":"index","follow":"follow","max-snippet":"max-snippet:-1","max-image-preview":"max-image-preview:large","max-video-preview":"max-video-preview:-1"},"canonical":"https:\/\/www.provedor-jus.pt\/en\/documentos\/regime-juridico-da-urbanizacao-e-da-edificacao-alteracao-do-uso-propriedade-horizontal-006-b-2007\/","og_locale":"en_US","og_type":"article","og_title":"Regime jur\u00eddico da urbaniza\u00e7\u00e3o e da edifica\u00e7\u00e3o. Altera\u00e7\u00e3o do uso. Propriedade horizontal (006\/B\/2007) - Provedoria de Justi\u00e7a","og_description":"OuvirProc. P-04\/07 (A1) Assunto: Regime Jur\u00eddico da Urbaniza\u00e7\u00e3o e da Edifica\u00e7\u00e3o. Altera\u00e7\u00e3o do uso. Propriedade horizontal Sum\u00e1rio: Tendo em vista da publica\u00e7\u00e3o da Lei n.\u00ba\u00a060\/2007, de 4 de Setembro, e das modifica\u00e7\u00f5es introduzidas no Regime Jur\u00eddico da Urbaniza\u00e7\u00e3o e da Edifica\u00e7\u00e3o, e ponderando encontrar-se em curso a consequente revis\u00e3o das normas regulamentares, em especial da Portaria n.\u00ba\u00a01110\/2001, de 19 de&hellip;","og_url":"https:\/\/www.provedor-jus.pt\/en\/documentos\/regime-juridico-da-urbanizacao-e-da-edificacao-alteracao-do-uso-propriedade-horizontal-006-b-2007\/","og_site_name":"Provedoria de Justi\u00e7a","og_image":[{"width":40,"height":47,"url":"https:\/\/www.provedor-jus.pt\/wp-content\/uploads\/2020\/09\/pdf.gif","type":"image\/gif"}],"twitter_card":"summary_large_image","twitter_misc":{"Est. reading time":"2 minutes"},"schema":{"@context":"https:\/\/schema.org","@graph":[{"@type":"WebPage","@id":"https:\/\/www.provedor-jus.pt\/en\/documentos\/regime-juridico-da-urbanizacao-e-da-edificacao-alteracao-do-uso-propriedade-horizontal-006-b-2007\/","url":"https:\/\/www.provedor-jus.pt\/en\/documentos\/regime-juridico-da-urbanizacao-e-da-edificacao-alteracao-do-uso-propriedade-horizontal-006-b-2007\/","name":"Regime jur\u00eddico da urbaniza\u00e7\u00e3o e da edifica\u00e7\u00e3o. Altera\u00e7\u00e3o do uso. Propriedade horizontal (006\/B\/2007) - Provedoria de Justi\u00e7a","isPartOf":{"@id":"https:\/\/www.provedor-jus.pt\/#website"},"primaryImageOfPage":{"@id":"https:\/\/www.provedor-jus.pt\/en\/documentos\/regime-juridico-da-urbanizacao-e-da-edificacao-alteracao-do-uso-propriedade-horizontal-006-b-2007\/#primaryimage"},"image":{"@id":"https:\/\/www.provedor-jus.pt\/en\/documentos\/regime-juridico-da-urbanizacao-e-da-edificacao-alteracao-do-uso-propriedade-horizontal-006-b-2007\/#primaryimage"},"thumbnailUrl":"https:\/\/www.provedor-jus.pt\/wp-content\/uploads\/2020\/09\/pdf.gif","datePublished":"2020-10-22T19:29:38+00:00","breadcrumb":{"@id":"https:\/\/www.provedor-jus.pt\/en\/documentos\/regime-juridico-da-urbanizacao-e-da-edificacao-alteracao-do-uso-propriedade-horizontal-006-b-2007\/#breadcrumb"},"inLanguage":"en-US","potentialAction":[{"@type":"ReadAction","target":["https:\/\/www.provedor-jus.pt\/en\/documentos\/regime-juridico-da-urbanizacao-e-da-edificacao-alteracao-do-uso-propriedade-horizontal-006-b-2007\/"]}]},{"@type":"ImageObject","inLanguage":"en-US","@id":"https:\/\/www.provedor-jus.pt\/en\/documentos\/regime-juridico-da-urbanizacao-e-da-edificacao-alteracao-do-uso-propriedade-horizontal-006-b-2007\/#primaryimage","url":"https:\/\/www.provedor-jus.pt\/wp-content\/uploads\/2020\/09\/pdf.gif","contentUrl":"https:\/\/www.provedor-jus.pt\/wp-content\/uploads\/2020\/09\/pdf.gif","width":40,"height":47,"caption":"iconpdf"},{"@type":"BreadcrumbList","@id":"https:\/\/www.provedor-jus.pt\/en\/documentos\/regime-juridico-da-urbanizacao-e-da-edificacao-alteracao-do-uso-propriedade-horizontal-006-b-2007\/#breadcrumb","itemListElement":[{"@type":"ListItem","position":1,"name":"In\u00edcio","item":"https:\/\/www.provedor-jus.pt\/en\/"},{"@type":"ListItem","position":2,"name":"Regime jur\u00eddico da urbaniza\u00e7\u00e3o e da edifica\u00e7\u00e3o. Altera\u00e7\u00e3o do uso. Propriedade horizontal (006\/B\/2007)"}]},{"@type":"WebSite","@id":"https:\/\/www.provedor-jus.pt\/#website","url":"https:\/\/www.provedor-jus.pt\/","name":"Provedoria de Justi\u00e7a","description":"","publisher":{"@id":"https:\/\/www.provedor-jus.pt\/#organization"},"potentialAction":[{"@type":"SearchAction","target":{"@type":"EntryPoint","urlTemplate":"https:\/\/www.provedor-jus.pt\/?s={search_term_string}"},"query-input":{"@type":"PropertyValueSpecification","valueRequired":true,"valueName":"search_term_string"}}],"inLanguage":"en-US"},{"@type":"Organization","@id":"https:\/\/www.provedor-jus.pt\/#organization","name":"Provedoria de Justi\u00e7a","url":"https:\/\/www.provedor-jus.pt\/","logo":{"@type":"ImageObject","inLanguage":"en-US","@id":"https:\/\/www.provedor-jus.pt\/#\/schema\/logo\/image\/","url":"https:\/\/www.provedor-jus.pt\/wp-content\/uploads\/2024\/10\/logo_provedor_50anos.jpg","contentUrl":"https:\/\/www.provedor-jus.pt\/wp-content\/uploads\/2024\/10\/logo_provedor_50anos.jpg","width":2514,"height":554,"caption":"Provedoria de Justi\u00e7a"},"image":{"@id":"https:\/\/www.provedor-jus.pt\/#\/schema\/logo\/image\/"}}]}},"_links":{"self":[{"href":"https:\/\/www.provedor-jus.pt\/en\/wp-json\/wp\/v2\/documentos\/25603","targetHints":{"allow":["GET"]}}],"collection":[{"href":"https:\/\/www.provedor-jus.pt\/en\/wp-json\/wp\/v2\/documentos"}],"about":[{"href":"https:\/\/www.provedor-jus.pt\/en\/wp-json\/wp\/v2\/types\/documentos"}],"author":[{"embeddable":true,"href":"https:\/\/www.provedor-jus.pt\/en\/wp-json\/wp\/v2\/users\/1"}],"wp:featuredmedia":[{"embeddable":true,"href":"https:\/\/www.provedor-jus.pt\/en\/wp-json\/wp\/v2\/media\/2212"}],"wp:attachment":[{"href":"https:\/\/www.provedor-jus.pt\/en\/wp-json\/wp\/v2\/media?parent=25603"}],"wp:term":[{"taxonomy":"catgorias_documentos","embeddable":true,"href":"https:\/\/www.provedor-jus.pt\/en\/wp-json\/wp\/v2\/catgorias_documentos?post=25603"}],"curies":[{"name":"wp","href":"https:\/\/api.w.org\/{rel}","templated":true}]}}