{"id":25620,"date":"2020-10-22T20:29:33","date_gmt":"2020-10-22T19:29:33","guid":{"rendered":"http:\/\/www.provedor-jus.pt\/documentos\/fiscalidade-rendas-comerciais-actualizacao-avaliacoes-fiscais-extraordinarias-imoveis-destinados-a-comercio-industria-e-profissoes-liberais-007-a-2002\/"},"modified":"2020-10-22T20:29:33","modified_gmt":"2020-10-22T19:29:33","slug":"fiscalidade-rendas-comerciais-actualizacao-avaliacoes-fiscais-extraordinarias-imoveis-destinados-a-comercio-industria-e-profissoes-liberais-007-a-2002","status":"publish","type":"documentos","link":"https:\/\/www.provedor-jus.pt\/en\/documentos\/fiscalidade-rendas-comerciais-actualizacao-avaliacoes-fiscais-extraordinarias-imoveis-destinados-a-comercio-industria-e-profissoes-liberais-007-a-2002\/","title":{"rendered":"Fiscalidade. Rendas comerciais. Actualiza\u00e7\u00e3o. Avalia\u00e7\u00f5es fiscais extraordin\u00e1rias. Im\u00f3veis destinados a com\u00e9rcio, ind\u00fastria e profiss\u00f5es liberais (007\/A\/2002)"},"content":{"rendered":"<!-- RS_MODULE_CODE_2.5.3 --> <div id=\"readspeaker_button25620\" class=\"rs_skip rs_preserve\"><a class=\"rs_href\" title=\"Ouvir com ReadSpeaker\" href=\"https:\/\/app-eu.readspeaker.com\/cgi-bin\/rsent?customerid=6394&amp;lang=pt_pt&amp;readid=rspeak_read_25620&amp;url=https%3A%2F%2Fwww.provedor-jus.pt%2Fen%2Fwp-json%2Fwp%2Fv2%2Fdocumentos%2F25620\" onclick=\"readpage(this.href, 'xp25620'); return false;\"><img decoding=\"async\" src=\"https:\/\/www.provedor-jus.pt\/wp-content\/plugins\/enterprise_expanding_hl_wordpress-2x\/img\/icon_16px.gif\" alt=\"Ouvir com ReadSpeaker\" style=\"display: inline-block; margin-right: 5px;\"\/>Ouvir<\/a><\/div><div id=\"xp25620\" class=\"rs_addtools rs_splitbutton rs_preserve rs_skip rs_exp\"><\/div><div id=\"rspeak_read_25620\"><p style=\"text-align: justify\">Proc. P-19\/01 (A2)<\/p>\n<p style=\"text-align: justify\"><em>Assunto<\/em>: Fiscalidade. Rendas comerciais. Actualiza\u00e7\u00e3o. Avalia\u00e7\u00f5es fiscais extraordin\u00e1rias. Im\u00f3veis destinados a com\u00e9rcio, ind\u00fastria e profiss\u00f5es liberais<\/p>\n<p style=\"text-align: justify\"><em>Sum\u00e1rio<\/em>: Na sequ\u00eancia de queixas dirigidas ao Provedor de Justi\u00e7a por parte de propriet\u00e1rios de im\u00f3veis arrendados para com\u00e9rcio, ind\u00fastria e profiss\u00f5es liberais, foi organizado um processo a fim de apurar as causas que, em todo o territ\u00f3rio nacional, t\u00eam contribu\u00eddo para a ocorr\u00eancia de atrasos relevantes na realiza\u00e7\u00e3o das avalia\u00e7\u00f5es fiscais extraordin\u00e1rias. O\u00a0processo de avalia\u00e7\u00e3o fiscal extraordin\u00e1ria dos im\u00f3veis \u00e9 um meio processual ao alcance dos propriet\u00e1rios dos im\u00f3veis arrendados para fins n\u00e3o habitacionais, que pretende minorar os efeitos econ\u00f3micos decorrentes de um congelamento de rendas, como sejam a apatia do mercado imobili\u00e1rio do arrendamento, a degrada\u00e7\u00e3o do parque imobili\u00e1rio e a redu\u00e7\u00e3o do rendimento dos propriet\u00e1rios. A referida actualiza\u00e7\u00e3o das rendas em nada contende com os direitos sociais dos arrendat\u00e1rios que, pela ocupa\u00e7\u00e3o do im\u00f3vel, auferem um benef\u00edcio econ\u00f3mico superior ao custo das rendas suportadas, benef\u00edcio esse que ser\u00e1 tanto maior, face aos valores verificados da infla\u00e7\u00e3o, quanto maior o atraso na realiza\u00e7\u00e3o da avalia\u00e7\u00e3o extraordin\u00e1ria, quando requerida pelo senhorio, atraso que, em alguns casos, chega a ser de v\u00e1rios anos. [&#8230;] De acordo com as motiva\u00e7\u00f5es expostas e considerando que a n\u00e3o exist\u00eancia, em alguns Concelhos, de uma Comiss\u00e3o de Avalia\u00e7\u00e3o e, noutros casos, o seu n\u00e3o funcionamento, consubstanciam graves preju\u00edzos claramente lesivos dos direitos dos cidad\u00e3os que recorrem ao citado meio de avalia\u00e7\u00e3o e actualiza\u00e7\u00e3o das rendas n\u00e3o habitacionais, entendeu o Provedor de Justi\u00e7a\u00a0<em>recomendar<\/em>: \u00a0i. que sejam dadas instru\u00e7\u00f5es a todos os directores de Finan\u00e7as para que, sempre que em algum Servi\u00e7o de Finan\u00e7as seja entregue um requerimento a solicitar a realiza\u00e7\u00e3o de uma avalia\u00e7\u00e3o fiscal extraordin\u00e1ria, deva ser de imediato promovida a forma\u00e7\u00e3o e garantido o funcionamento c\u00e9lere da Comiss\u00e3o de Avalia\u00e7\u00e3o; ii.\u00a0e que sejam adoptadas dilig\u00eancias com vista \u00e0 r\u00e1pida solu\u00e7\u00e3o das situa\u00e7\u00f5es mais graves detectadas nos Servi\u00e7os de Finan\u00e7as da Guarda, de Set\u00fabal 1 e de Viseu 1, onde a pend\u00eancia dos processos se deve \u00e0 inexist\u00eancia de Comiss\u00e3o de Avalia\u00e7\u00e3o, promovendo a sua c\u00e9lere forma\u00e7\u00e3o e o seu adequado funcionamento.<\/p>\n<\/div>","protected":false},"excerpt":{"rendered":"<p><!-- RS_MODULE_CODE_2.5.3 --> <\/p>\n<div id=\"readspeaker_button25620\" class=\"rs_skip rs_preserve\"><a class=\"rs_href\" title=\"Ouvir com ReadSpeaker\" href=\"https:\/\/app-eu.readspeaker.com\/cgi-bin\/rsent?customerid=6394&amp;lang=pt_pt&amp;readid=rspeak_read_25620&amp;url=https%3A%2F%2Fwww.provedor-jus.pt%2Fen%2Fwp-json%2Fwp%2Fv2%2Fdocumentos%2F25620\" onclick=\"readpage(this.href, 'xp25620'); return false;\"><img decoding=\"async\" src=\"https:\/\/www.provedor-jus.pt\/wp-content\/plugins\/enterprise_expanding_hl_wordpress-2x\/img\/icon_16px.gif\" alt=\"Ouvir com ReadSpeaker\" style=\"display: inline-block; margin-right: 5px;\"\/>Ouvir<\/a><\/div>\n<div id=\"xp25620\" class=\"rs_addtools rs_splitbutton rs_preserve rs_skip rs_exp\"><\/div>\n<div id=\"rspeak_read_25620\">Proc. P-19\/01 (A2) Assunto: Fiscalidade. Rendas comerciais. Actualiza\u00e7\u00e3o. Avalia\u00e7\u00f5es fiscais extraordin\u00e1rias. Im\u00f3veis destinados a com\u00e9rcio, ind\u00fastria e profiss\u00f5es liberais Sum\u00e1rio: Na sequ\u00eancia de queixas dirigidas ao Provedor de Justi\u00e7a por parte de propriet\u00e1rios de im\u00f3veis arrendados para com\u00e9rcio, ind\u00fastria e profiss\u00f5es liberais, foi organizado um processo a fim de apurar as causas que, em todo o territ\u00f3rio nacional, t\u00eam contribu\u00eddo&hellip;<\/div>\n","protected":false},"author":1,"featured_media":2212,"menu_order":0,"template":"documentos-template.php","meta":{"_acf_changed":false},"catgorias_documentos":[149],"class_list":["post-25620","documentos","type-documentos","status-publish","has-post-thumbnail","hentry","catgorias_documentos-recomendacoes-en"],"acf":[],"yoast_head":"<!-- This site is optimized with the Yoast SEO plugin v25.2 - https:\/\/yoast.com\/wordpress\/plugins\/seo\/ -->\n<title>Fiscalidade. Rendas comerciais. Actualiza\u00e7\u00e3o. Avalia\u00e7\u00f5es fiscais extraordin\u00e1rias. Im\u00f3veis destinados a com\u00e9rcio, ind\u00fastria e profiss\u00f5es liberais (007\/A\/2002) - Provedoria de Justi\u00e7a<\/title>\n<meta name=\"robots\" content=\"index, follow, max-snippet:-1, max-image-preview:large, max-video-preview:-1\" \/>\n<link rel=\"canonical\" href=\"https:\/\/www.provedor-jus.pt\/en\/documentos\/fiscalidade-rendas-comerciais-actualizacao-avaliacoes-fiscais-extraordinarias-imoveis-destinados-a-comercio-industria-e-profissoes-liberais-007-a-2002\/\" \/>\n<meta property=\"og:locale\" content=\"en_US\" \/>\n<meta property=\"og:type\" content=\"article\" \/>\n<meta property=\"og:title\" content=\"Fiscalidade. Rendas comerciais. Actualiza\u00e7\u00e3o. Avalia\u00e7\u00f5es fiscais extraordin\u00e1rias. Im\u00f3veis destinados a com\u00e9rcio, ind\u00fastria e profiss\u00f5es liberais (007\/A\/2002) - Provedoria de Justi\u00e7a\" \/>\n<meta property=\"og:description\" content=\"OuvirProc. P-19\/01 (A2) Assunto: Fiscalidade. Rendas comerciais. Actualiza\u00e7\u00e3o. Avalia\u00e7\u00f5es fiscais extraordin\u00e1rias. Im\u00f3veis destinados a com\u00e9rcio, ind\u00fastria e profiss\u00f5es liberais Sum\u00e1rio: Na sequ\u00eancia de queixas dirigidas ao Provedor de Justi\u00e7a por parte de propriet\u00e1rios de im\u00f3veis arrendados para com\u00e9rcio, ind\u00fastria e profiss\u00f5es liberais, foi organizado um processo a fim de apurar as causas que, em todo o territ\u00f3rio nacional, t\u00eam contribu\u00eddo&hellip;\" \/>\n<meta property=\"og:url\" content=\"https:\/\/www.provedor-jus.pt\/en\/documentos\/fiscalidade-rendas-comerciais-actualizacao-avaliacoes-fiscais-extraordinarias-imoveis-destinados-a-comercio-industria-e-profissoes-liberais-007-a-2002\/\" \/>\n<meta property=\"og:site_name\" content=\"Provedoria de Justi\u00e7a\" \/>\n<meta property=\"og:image\" content=\"https:\/\/www.provedor-jus.pt\/wp-content\/uploads\/2020\/09\/pdf.gif\" \/>\n\t<meta property=\"og:image:width\" content=\"40\" \/>\n\t<meta property=\"og:image:height\" content=\"47\" \/>\n\t<meta property=\"og:image:type\" content=\"image\/gif\" \/>\n<meta name=\"twitter:card\" content=\"summary_large_image\" \/>\n<meta name=\"twitter:label1\" content=\"Est. reading time\" \/>\n\t<meta name=\"twitter:data1\" content=\"2 minutes\" \/>\n<script type=\"application\/ld+json\" class=\"yoast-schema-graph\">{\"@context\":\"https:\/\/schema.org\",\"@graph\":[{\"@type\":\"WebPage\",\"@id\":\"https:\/\/www.provedor-jus.pt\/en\/documentos\/fiscalidade-rendas-comerciais-actualizacao-avaliacoes-fiscais-extraordinarias-imoveis-destinados-a-comercio-industria-e-profissoes-liberais-007-a-2002\/\",\"url\":\"https:\/\/www.provedor-jus.pt\/en\/documentos\/fiscalidade-rendas-comerciais-actualizacao-avaliacoes-fiscais-extraordinarias-imoveis-destinados-a-comercio-industria-e-profissoes-liberais-007-a-2002\/\",\"name\":\"Fiscalidade. Rendas comerciais. Actualiza\u00e7\u00e3o. Avalia\u00e7\u00f5es fiscais extraordin\u00e1rias. Im\u00f3veis destinados a com\u00e9rcio, ind\u00fastria e profiss\u00f5es liberais (007\/A\/2002) - Provedoria de Justi\u00e7a\",\"isPartOf\":{\"@id\":\"https:\/\/www.provedor-jus.pt\/#website\"},\"primaryImageOfPage\":{\"@id\":\"https:\/\/www.provedor-jus.pt\/en\/documentos\/fiscalidade-rendas-comerciais-actualizacao-avaliacoes-fiscais-extraordinarias-imoveis-destinados-a-comercio-industria-e-profissoes-liberais-007-a-2002\/#primaryimage\"},\"image\":{\"@id\":\"https:\/\/www.provedor-jus.pt\/en\/documentos\/fiscalidade-rendas-comerciais-actualizacao-avaliacoes-fiscais-extraordinarias-imoveis-destinados-a-comercio-industria-e-profissoes-liberais-007-a-2002\/#primaryimage\"},\"thumbnailUrl\":\"https:\/\/www.provedor-jus.pt\/wp-content\/uploads\/2020\/09\/pdf.gif\",\"datePublished\":\"2020-10-22T19:29:33+00:00\",\"breadcrumb\":{\"@id\":\"https:\/\/www.provedor-jus.pt\/en\/documentos\/fiscalidade-rendas-comerciais-actualizacao-avaliacoes-fiscais-extraordinarias-imoveis-destinados-a-comercio-industria-e-profissoes-liberais-007-a-2002\/#breadcrumb\"},\"inLanguage\":\"en-US\",\"potentialAction\":[{\"@type\":\"ReadAction\",\"target\":[\"https:\/\/www.provedor-jus.pt\/en\/documentos\/fiscalidade-rendas-comerciais-actualizacao-avaliacoes-fiscais-extraordinarias-imoveis-destinados-a-comercio-industria-e-profissoes-liberais-007-a-2002\/\"]}]},{\"@type\":\"ImageObject\",\"inLanguage\":\"en-US\",\"@id\":\"https:\/\/www.provedor-jus.pt\/en\/documentos\/fiscalidade-rendas-comerciais-actualizacao-avaliacoes-fiscais-extraordinarias-imoveis-destinados-a-comercio-industria-e-profissoes-liberais-007-a-2002\/#primaryimage\",\"url\":\"https:\/\/www.provedor-jus.pt\/wp-content\/uploads\/2020\/09\/pdf.gif\",\"contentUrl\":\"https:\/\/www.provedor-jus.pt\/wp-content\/uploads\/2020\/09\/pdf.gif\",\"width\":40,\"height\":47,\"caption\":\"iconpdf\"},{\"@type\":\"BreadcrumbList\",\"@id\":\"https:\/\/www.provedor-jus.pt\/en\/documentos\/fiscalidade-rendas-comerciais-actualizacao-avaliacoes-fiscais-extraordinarias-imoveis-destinados-a-comercio-industria-e-profissoes-liberais-007-a-2002\/#breadcrumb\",\"itemListElement\":[{\"@type\":\"ListItem\",\"position\":1,\"name\":\"In\u00edcio\",\"item\":\"https:\/\/www.provedor-jus.pt\/en\/\"},{\"@type\":\"ListItem\",\"position\":2,\"name\":\"Fiscalidade. Rendas comerciais. Actualiza\u00e7\u00e3o. Avalia\u00e7\u00f5es fiscais extraordin\u00e1rias. Im\u00f3veis destinados a com\u00e9rcio, ind\u00fastria e profiss\u00f5es liberais (007\/A\/2002)\"}]},{\"@type\":\"WebSite\",\"@id\":\"https:\/\/www.provedor-jus.pt\/#website\",\"url\":\"https:\/\/www.provedor-jus.pt\/\",\"name\":\"Provedoria de Justi\u00e7a\",\"description\":\"\",\"publisher\":{\"@id\":\"https:\/\/www.provedor-jus.pt\/#organization\"},\"potentialAction\":[{\"@type\":\"SearchAction\",\"target\":{\"@type\":\"EntryPoint\",\"urlTemplate\":\"https:\/\/www.provedor-jus.pt\/?s={search_term_string}\"},\"query-input\":{\"@type\":\"PropertyValueSpecification\",\"valueRequired\":true,\"valueName\":\"search_term_string\"}}],\"inLanguage\":\"en-US\"},{\"@type\":\"Organization\",\"@id\":\"https:\/\/www.provedor-jus.pt\/#organization\",\"name\":\"Provedoria de Justi\u00e7a\",\"url\":\"https:\/\/www.provedor-jus.pt\/\",\"logo\":{\"@type\":\"ImageObject\",\"inLanguage\":\"en-US\",\"@id\":\"https:\/\/www.provedor-jus.pt\/#\/schema\/logo\/image\/\",\"url\":\"https:\/\/www.provedor-jus.pt\/wp-content\/uploads\/2024\/10\/logo_provedor_50anos.jpg\",\"contentUrl\":\"https:\/\/www.provedor-jus.pt\/wp-content\/uploads\/2024\/10\/logo_provedor_50anos.jpg\",\"width\":2514,\"height\":554,\"caption\":\"Provedoria de Justi\u00e7a\"},\"image\":{\"@id\":\"https:\/\/www.provedor-jus.pt\/#\/schema\/logo\/image\/\"}}]}<\/script>\n<!-- \/ Yoast SEO plugin. -->","yoast_head_json":{"title":"Fiscalidade. Rendas comerciais. Actualiza\u00e7\u00e3o. Avalia\u00e7\u00f5es fiscais extraordin\u00e1rias. Im\u00f3veis destinados a com\u00e9rcio, ind\u00fastria e profiss\u00f5es liberais (007\/A\/2002) - Provedoria de Justi\u00e7a","robots":{"index":"index","follow":"follow","max-snippet":"max-snippet:-1","max-image-preview":"max-image-preview:large","max-video-preview":"max-video-preview:-1"},"canonical":"https:\/\/www.provedor-jus.pt\/en\/documentos\/fiscalidade-rendas-comerciais-actualizacao-avaliacoes-fiscais-extraordinarias-imoveis-destinados-a-comercio-industria-e-profissoes-liberais-007-a-2002\/","og_locale":"en_US","og_type":"article","og_title":"Fiscalidade. Rendas comerciais. Actualiza\u00e7\u00e3o. Avalia\u00e7\u00f5es fiscais extraordin\u00e1rias. Im\u00f3veis destinados a com\u00e9rcio, ind\u00fastria e profiss\u00f5es liberais (007\/A\/2002) - Provedoria de Justi\u00e7a","og_description":"OuvirProc. P-19\/01 (A2) Assunto: Fiscalidade. Rendas comerciais. Actualiza\u00e7\u00e3o. Avalia\u00e7\u00f5es fiscais extraordin\u00e1rias. Im\u00f3veis destinados a com\u00e9rcio, ind\u00fastria e profiss\u00f5es liberais Sum\u00e1rio: Na sequ\u00eancia de queixas dirigidas ao Provedor de Justi\u00e7a por parte de propriet\u00e1rios de im\u00f3veis arrendados para com\u00e9rcio, ind\u00fastria e profiss\u00f5es liberais, foi organizado um processo a fim de apurar as causas que, em todo o territ\u00f3rio nacional, t\u00eam contribu\u00eddo&hellip;","og_url":"https:\/\/www.provedor-jus.pt\/en\/documentos\/fiscalidade-rendas-comerciais-actualizacao-avaliacoes-fiscais-extraordinarias-imoveis-destinados-a-comercio-industria-e-profissoes-liberais-007-a-2002\/","og_site_name":"Provedoria de Justi\u00e7a","og_image":[{"width":40,"height":47,"url":"https:\/\/www.provedor-jus.pt\/wp-content\/uploads\/2020\/09\/pdf.gif","type":"image\/gif"}],"twitter_card":"summary_large_image","twitter_misc":{"Est. reading time":"2 minutes"},"schema":{"@context":"https:\/\/schema.org","@graph":[{"@type":"WebPage","@id":"https:\/\/www.provedor-jus.pt\/en\/documentos\/fiscalidade-rendas-comerciais-actualizacao-avaliacoes-fiscais-extraordinarias-imoveis-destinados-a-comercio-industria-e-profissoes-liberais-007-a-2002\/","url":"https:\/\/www.provedor-jus.pt\/en\/documentos\/fiscalidade-rendas-comerciais-actualizacao-avaliacoes-fiscais-extraordinarias-imoveis-destinados-a-comercio-industria-e-profissoes-liberais-007-a-2002\/","name":"Fiscalidade. Rendas comerciais. Actualiza\u00e7\u00e3o. Avalia\u00e7\u00f5es fiscais extraordin\u00e1rias. Im\u00f3veis destinados a com\u00e9rcio, ind\u00fastria e profiss\u00f5es liberais (007\/A\/2002) - Provedoria de Justi\u00e7a","isPartOf":{"@id":"https:\/\/www.provedor-jus.pt\/#website"},"primaryImageOfPage":{"@id":"https:\/\/www.provedor-jus.pt\/en\/documentos\/fiscalidade-rendas-comerciais-actualizacao-avaliacoes-fiscais-extraordinarias-imoveis-destinados-a-comercio-industria-e-profissoes-liberais-007-a-2002\/#primaryimage"},"image":{"@id":"https:\/\/www.provedor-jus.pt\/en\/documentos\/fiscalidade-rendas-comerciais-actualizacao-avaliacoes-fiscais-extraordinarias-imoveis-destinados-a-comercio-industria-e-profissoes-liberais-007-a-2002\/#primaryimage"},"thumbnailUrl":"https:\/\/www.provedor-jus.pt\/wp-content\/uploads\/2020\/09\/pdf.gif","datePublished":"2020-10-22T19:29:33+00:00","breadcrumb":{"@id":"https:\/\/www.provedor-jus.pt\/en\/documentos\/fiscalidade-rendas-comerciais-actualizacao-avaliacoes-fiscais-extraordinarias-imoveis-destinados-a-comercio-industria-e-profissoes-liberais-007-a-2002\/#breadcrumb"},"inLanguage":"en-US","potentialAction":[{"@type":"ReadAction","target":["https:\/\/www.provedor-jus.pt\/en\/documentos\/fiscalidade-rendas-comerciais-actualizacao-avaliacoes-fiscais-extraordinarias-imoveis-destinados-a-comercio-industria-e-profissoes-liberais-007-a-2002\/"]}]},{"@type":"ImageObject","inLanguage":"en-US","@id":"https:\/\/www.provedor-jus.pt\/en\/documentos\/fiscalidade-rendas-comerciais-actualizacao-avaliacoes-fiscais-extraordinarias-imoveis-destinados-a-comercio-industria-e-profissoes-liberais-007-a-2002\/#primaryimage","url":"https:\/\/www.provedor-jus.pt\/wp-content\/uploads\/2020\/09\/pdf.gif","contentUrl":"https:\/\/www.provedor-jus.pt\/wp-content\/uploads\/2020\/09\/pdf.gif","width":40,"height":47,"caption":"iconpdf"},{"@type":"BreadcrumbList","@id":"https:\/\/www.provedor-jus.pt\/en\/documentos\/fiscalidade-rendas-comerciais-actualizacao-avaliacoes-fiscais-extraordinarias-imoveis-destinados-a-comercio-industria-e-profissoes-liberais-007-a-2002\/#breadcrumb","itemListElement":[{"@type":"ListItem","position":1,"name":"In\u00edcio","item":"https:\/\/www.provedor-jus.pt\/en\/"},{"@type":"ListItem","position":2,"name":"Fiscalidade. Rendas comerciais. Actualiza\u00e7\u00e3o. Avalia\u00e7\u00f5es fiscais extraordin\u00e1rias. Im\u00f3veis destinados a com\u00e9rcio, ind\u00fastria e profiss\u00f5es liberais (007\/A\/2002)"}]},{"@type":"WebSite","@id":"https:\/\/www.provedor-jus.pt\/#website","url":"https:\/\/www.provedor-jus.pt\/","name":"Provedoria de Justi\u00e7a","description":"","publisher":{"@id":"https:\/\/www.provedor-jus.pt\/#organization"},"potentialAction":[{"@type":"SearchAction","target":{"@type":"EntryPoint","urlTemplate":"https:\/\/www.provedor-jus.pt\/?s={search_term_string}"},"query-input":{"@type":"PropertyValueSpecification","valueRequired":true,"valueName":"search_term_string"}}],"inLanguage":"en-US"},{"@type":"Organization","@id":"https:\/\/www.provedor-jus.pt\/#organization","name":"Provedoria de Justi\u00e7a","url":"https:\/\/www.provedor-jus.pt\/","logo":{"@type":"ImageObject","inLanguage":"en-US","@id":"https:\/\/www.provedor-jus.pt\/#\/schema\/logo\/image\/","url":"https:\/\/www.provedor-jus.pt\/wp-content\/uploads\/2024\/10\/logo_provedor_50anos.jpg","contentUrl":"https:\/\/www.provedor-jus.pt\/wp-content\/uploads\/2024\/10\/logo_provedor_50anos.jpg","width":2514,"height":554,"caption":"Provedoria de Justi\u00e7a"},"image":{"@id":"https:\/\/www.provedor-jus.pt\/#\/schema\/logo\/image\/"}}]}},"_links":{"self":[{"href":"https:\/\/www.provedor-jus.pt\/en\/wp-json\/wp\/v2\/documentos\/25620","targetHints":{"allow":["GET"]}}],"collection":[{"href":"https:\/\/www.provedor-jus.pt\/en\/wp-json\/wp\/v2\/documentos"}],"about":[{"href":"https:\/\/www.provedor-jus.pt\/en\/wp-json\/wp\/v2\/types\/documentos"}],"author":[{"embeddable":true,"href":"https:\/\/www.provedor-jus.pt\/en\/wp-json\/wp\/v2\/users\/1"}],"wp:featuredmedia":[{"embeddable":true,"href":"https:\/\/www.provedor-jus.pt\/en\/wp-json\/wp\/v2\/media\/2212"}],"wp:attachment":[{"href":"https:\/\/www.provedor-jus.pt\/en\/wp-json\/wp\/v2\/media?parent=25620"}],"wp:term":[{"taxonomy":"catgorias_documentos","embeddable":true,"href":"https:\/\/www.provedor-jus.pt\/en\/wp-json\/wp\/v2\/catgorias_documentos?post=25620"}],"curies":[{"name":"wp","href":"https:\/\/api.w.org\/{rel}","templated":true}]}}