{"id":25663,"date":"2020-10-22T20:29:20","date_gmt":"2020-10-22T19:29:20","guid":{"rendered":"http:\/\/www.provedor-jus.pt\/documentos\/urbanismo-e-habitacao-ocupacao-de-terreno-construcao-de-estrada-indemnizacao-017-a-2001\/"},"modified":"2020-10-22T20:29:20","modified_gmt":"2020-10-22T19:29:20","slug":"urbanismo-e-habitacao-ocupacao-de-terreno-construcao-de-estrada-indemnizacao-017-a-2001","status":"publish","type":"documentos","link":"https:\/\/www.provedor-jus.pt\/en\/documentos\/urbanismo-e-habitacao-ocupacao-de-terreno-construcao-de-estrada-indemnizacao-017-a-2001\/","title":{"rendered":"Urbanismo e habita\u00e7\u00e3o. Ocupa\u00e7\u00e3o de terreno. Constru\u00e7\u00e3o de estrada. Indemniza\u00e7\u00e3o (017\/A\/2001)"},"content":{"rendered":"<!-- RS_MODULE_CODE_2.5.3 --> <div id=\"readspeaker_button25663\" class=\"rs_skip rs_preserve\"><a class=\"rs_href\" title=\"Ouvir com ReadSpeaker\" href=\"https:\/\/app-eu.readspeaker.com\/cgi-bin\/rsent?customerid=6394&amp;lang=pt_pt&amp;readid=rspeak_read_25663&amp;url=https%3A%2F%2Fwww.provedor-jus.pt%2Fen%2Fwp-json%2Fwp%2Fv2%2Fdocumentos%2F25663\" onclick=\"readpage(this.href, 'xp25663'); return false;\"><img decoding=\"async\" src=\"https:\/\/www.provedor-jus.pt\/wp-content\/plugins\/enterprise_expanding_hl_wordpress-2x\/img\/icon_16px.gif\" alt=\"Ouvir com ReadSpeaker\" style=\"display: inline-block; margin-right: 5px;\"\/>Ouvir<\/a><\/div><div id=\"xp25663\" class=\"rs_addtools rs_splitbutton rs_preserve rs_skip rs_exp\"><\/div><div id=\"rspeak_read_25663\"><p style=\"text-align: justify\">Proc. R-3586\/96 (RAA)<\/p>\n<p style=\"text-align: justify\"><em>Assunto<\/em>: Urbanismo e habita\u00e7\u00e3o. Ocupa\u00e7\u00e3o de terreno. Constru\u00e7\u00e3o de estrada. Indemniza\u00e7\u00e3o<\/p>\n<p style=\"text-align: justify\"><em>Sum\u00e1rio<\/em>: Os factos que deram origem \u00e0 reclama\u00e7\u00e3o apresentada neste \u00f3rg\u00e3o do Estado acerca do assunto em ep\u00edgrafe remontam ao ano de 1982, quando o impetrante recebeu da C\u00e2mara Municipal da Madalena o of\u00edcio n.\u00ba 961, com data de 30\/08\/82, que continha uma proposta negocial nos seguintes termos: \u00abConforme referido pessoalmente a V. Ex.\u00aa este Munic\u00edpio ao adquirir a parcela de terreno que se destina \u00e0 Constru\u00e7\u00e3o da Estrada de Acesso ao Aeroporto, prop\u00f5e o pagamento do mesmo aos pre\u00e7os praticados para os restantes propriet\u00e1rios ou, em alternativa, a ced\u00eancia, naquela zona de id\u00eantica parcela para constru\u00e7\u00e3o\u00bb. O interessado aceitou a proposta de permuta sob condi\u00e7\u00e3o de o terreno em causa ter viabilidade de constru\u00e7\u00e3o\u00a0 e, tendo sido obtido acordo relativamente \u00e0 parcela a atribuir pela C\u00e2mara Municipal da Madalena, o\u00a0presidente mandou delimitar o terreno e procedeu \u00e0 sua entrega ao interessado. Quando ocorreu a primeira mudan\u00e7a de titular do cargo de Presidente da C\u00e2mara Municipal da Madalena desde a obten\u00e7\u00e3o do acordo supra referido, nenhum contrato havia sido celebrado, sob nenhuma forma. E, at\u00e9 ao momento em que V. Ex.\u00aa assumiu as fun\u00e7\u00f5es de Presidente da C\u00e2mara Municipal da Madalena, esta situa\u00e7\u00e3o n\u00e3o sofreu altera\u00e7\u00f5es relevantes. Finalmente, conforme resulta do teor do of\u00edcio n.\u00ba 2644, de 19\/07\/99, V. Ex.\u00aa deu andamento ao procedimento, tendo solicitado ao chefe de Divis\u00e3o dos Servi\u00e7os de Florestas e Ambiente do Pico que diligenciasse no sentido de ser obtida a desanexa\u00e7\u00e3o urgente dos 5000m\u00b2 daquela \u00e1rea florestal. [&#8230;]<\/p>\n<\/div>","protected":false},"excerpt":{"rendered":"<p><!-- RS_MODULE_CODE_2.5.3 --> <\/p>\n<div id=\"readspeaker_button25663\" class=\"rs_skip rs_preserve\"><a class=\"rs_href\" title=\"Ouvir com ReadSpeaker\" href=\"https:\/\/app-eu.readspeaker.com\/cgi-bin\/rsent?customerid=6394&amp;lang=pt_pt&amp;readid=rspeak_read_25663&amp;url=https%3A%2F%2Fwww.provedor-jus.pt%2Fen%2Fwp-json%2Fwp%2Fv2%2Fdocumentos%2F25663\" onclick=\"readpage(this.href, 'xp25663'); return false;\"><img decoding=\"async\" src=\"https:\/\/www.provedor-jus.pt\/wp-content\/plugins\/enterprise_expanding_hl_wordpress-2x\/img\/icon_16px.gif\" alt=\"Ouvir com ReadSpeaker\" style=\"display: inline-block; margin-right: 5px;\"\/>Ouvir<\/a><\/div>\n<div id=\"xp25663\" class=\"rs_addtools rs_splitbutton rs_preserve rs_skip rs_exp\"><\/div>\n<div id=\"rspeak_read_25663\">Proc. R-3586\/96 (RAA) Assunto: Urbanismo e habita\u00e7\u00e3o. Ocupa\u00e7\u00e3o de terreno. Constru\u00e7\u00e3o de estrada. Indemniza\u00e7\u00e3o Sum\u00e1rio: Os factos que deram origem \u00e0 reclama\u00e7\u00e3o apresentada neste \u00f3rg\u00e3o do Estado acerca do assunto em ep\u00edgrafe remontam ao ano de 1982, quando o impetrante recebeu da C\u00e2mara Municipal da Madalena o of\u00edcio n.\u00ba 961, com data de 30\/08\/82, que continha uma proposta negocial nos&hellip;<\/div>\n","protected":false},"author":1,"featured_media":2212,"menu_order":0,"template":"documentos-template.php","meta":{"_acf_changed":false},"catgorias_documentos":[149],"class_list":["post-25663","documentos","type-documentos","status-publish","has-post-thumbnail","hentry","catgorias_documentos-recomendacoes-en"],"acf":[],"yoast_head":"<!-- This site is optimized with the Yoast SEO plugin v25.2 - https:\/\/yoast.com\/wordpress\/plugins\/seo\/ -->\n<title>Urbanismo e habita\u00e7\u00e3o. Ocupa\u00e7\u00e3o de terreno. Constru\u00e7\u00e3o de estrada. Indemniza\u00e7\u00e3o (017\/A\/2001) - Provedoria de Justi\u00e7a<\/title>\n<meta name=\"robots\" content=\"index, follow, max-snippet:-1, max-image-preview:large, max-video-preview:-1\" \/>\n<link rel=\"canonical\" href=\"https:\/\/www.provedor-jus.pt\/en\/documentos\/urbanismo-e-habitacao-ocupacao-de-terreno-construcao-de-estrada-indemnizacao-017-a-2001\/\" \/>\n<meta property=\"og:locale\" content=\"en_US\" \/>\n<meta property=\"og:type\" content=\"article\" \/>\n<meta property=\"og:title\" content=\"Urbanismo e habita\u00e7\u00e3o. Ocupa\u00e7\u00e3o de terreno. Constru\u00e7\u00e3o de estrada. Indemniza\u00e7\u00e3o (017\/A\/2001) - Provedoria de Justi\u00e7a\" \/>\n<meta property=\"og:description\" content=\"OuvirProc. R-3586\/96 (RAA) Assunto: Urbanismo e habita\u00e7\u00e3o. Ocupa\u00e7\u00e3o de terreno. Constru\u00e7\u00e3o de estrada. Indemniza\u00e7\u00e3o Sum\u00e1rio: Os factos que deram origem \u00e0 reclama\u00e7\u00e3o apresentada neste \u00f3rg\u00e3o do Estado acerca do assunto em ep\u00edgrafe remontam ao ano de 1982, quando o impetrante recebeu da C\u00e2mara Municipal da Madalena o of\u00edcio n.\u00ba 961, com data de 30\/08\/82, que continha uma proposta negocial nos&hellip;\" \/>\n<meta property=\"og:url\" content=\"https:\/\/www.provedor-jus.pt\/en\/documentos\/urbanismo-e-habitacao-ocupacao-de-terreno-construcao-de-estrada-indemnizacao-017-a-2001\/\" \/>\n<meta property=\"og:site_name\" content=\"Provedoria de Justi\u00e7a\" \/>\n<meta property=\"og:image\" content=\"https:\/\/www.provedor-jus.pt\/wp-content\/uploads\/2020\/09\/pdf.gif\" \/>\n\t<meta property=\"og:image:width\" content=\"40\" \/>\n\t<meta property=\"og:image:height\" content=\"47\" \/>\n\t<meta property=\"og:image:type\" content=\"image\/gif\" \/>\n<meta name=\"twitter:card\" content=\"summary_large_image\" \/>\n<meta name=\"twitter:label1\" content=\"Est. reading time\" \/>\n\t<meta name=\"twitter:data1\" content=\"1 minute\" \/>\n<script type=\"application\/ld+json\" class=\"yoast-schema-graph\">{\"@context\":\"https:\/\/schema.org\",\"@graph\":[{\"@type\":\"WebPage\",\"@id\":\"https:\/\/www.provedor-jus.pt\/en\/documentos\/urbanismo-e-habitacao-ocupacao-de-terreno-construcao-de-estrada-indemnizacao-017-a-2001\/\",\"url\":\"https:\/\/www.provedor-jus.pt\/en\/documentos\/urbanismo-e-habitacao-ocupacao-de-terreno-construcao-de-estrada-indemnizacao-017-a-2001\/\",\"name\":\"Urbanismo e habita\u00e7\u00e3o. Ocupa\u00e7\u00e3o de terreno. Constru\u00e7\u00e3o de estrada. Indemniza\u00e7\u00e3o (017\/A\/2001) - Provedoria de Justi\u00e7a\",\"isPartOf\":{\"@id\":\"https:\/\/www.provedor-jus.pt\/#website\"},\"primaryImageOfPage\":{\"@id\":\"https:\/\/www.provedor-jus.pt\/en\/documentos\/urbanismo-e-habitacao-ocupacao-de-terreno-construcao-de-estrada-indemnizacao-017-a-2001\/#primaryimage\"},\"image\":{\"@id\":\"https:\/\/www.provedor-jus.pt\/en\/documentos\/urbanismo-e-habitacao-ocupacao-de-terreno-construcao-de-estrada-indemnizacao-017-a-2001\/#primaryimage\"},\"thumbnailUrl\":\"https:\/\/www.provedor-jus.pt\/wp-content\/uploads\/2020\/09\/pdf.gif\",\"datePublished\":\"2020-10-22T19:29:20+00:00\",\"breadcrumb\":{\"@id\":\"https:\/\/www.provedor-jus.pt\/en\/documentos\/urbanismo-e-habitacao-ocupacao-de-terreno-construcao-de-estrada-indemnizacao-017-a-2001\/#breadcrumb\"},\"inLanguage\":\"en-US\",\"potentialAction\":[{\"@type\":\"ReadAction\",\"target\":[\"https:\/\/www.provedor-jus.pt\/en\/documentos\/urbanismo-e-habitacao-ocupacao-de-terreno-construcao-de-estrada-indemnizacao-017-a-2001\/\"]}]},{\"@type\":\"ImageObject\",\"inLanguage\":\"en-US\",\"@id\":\"https:\/\/www.provedor-jus.pt\/en\/documentos\/urbanismo-e-habitacao-ocupacao-de-terreno-construcao-de-estrada-indemnizacao-017-a-2001\/#primaryimage\",\"url\":\"https:\/\/www.provedor-jus.pt\/wp-content\/uploads\/2020\/09\/pdf.gif\",\"contentUrl\":\"https:\/\/www.provedor-jus.pt\/wp-content\/uploads\/2020\/09\/pdf.gif\",\"width\":40,\"height\":47,\"caption\":\"iconpdf\"},{\"@type\":\"BreadcrumbList\",\"@id\":\"https:\/\/www.provedor-jus.pt\/en\/documentos\/urbanismo-e-habitacao-ocupacao-de-terreno-construcao-de-estrada-indemnizacao-017-a-2001\/#breadcrumb\",\"itemListElement\":[{\"@type\":\"ListItem\",\"position\":1,\"name\":\"In\u00edcio\",\"item\":\"https:\/\/www.provedor-jus.pt\/en\/\"},{\"@type\":\"ListItem\",\"position\":2,\"name\":\"Urbanismo e habita\u00e7\u00e3o. Ocupa\u00e7\u00e3o de terreno. Constru\u00e7\u00e3o de estrada. Indemniza\u00e7\u00e3o (017\/A\/2001)\"}]},{\"@type\":\"WebSite\",\"@id\":\"https:\/\/www.provedor-jus.pt\/#website\",\"url\":\"https:\/\/www.provedor-jus.pt\/\",\"name\":\"Provedoria de Justi\u00e7a\",\"description\":\"\",\"publisher\":{\"@id\":\"https:\/\/www.provedor-jus.pt\/#organization\"},\"potentialAction\":[{\"@type\":\"SearchAction\",\"target\":{\"@type\":\"EntryPoint\",\"urlTemplate\":\"https:\/\/www.provedor-jus.pt\/?s={search_term_string}\"},\"query-input\":{\"@type\":\"PropertyValueSpecification\",\"valueRequired\":true,\"valueName\":\"search_term_string\"}}],\"inLanguage\":\"en-US\"},{\"@type\":\"Organization\",\"@id\":\"https:\/\/www.provedor-jus.pt\/#organization\",\"name\":\"Provedoria de Justi\u00e7a\",\"url\":\"https:\/\/www.provedor-jus.pt\/\",\"logo\":{\"@type\":\"ImageObject\",\"inLanguage\":\"en-US\",\"@id\":\"https:\/\/www.provedor-jus.pt\/#\/schema\/logo\/image\/\",\"url\":\"https:\/\/www.provedor-jus.pt\/wp-content\/uploads\/2024\/10\/logo_provedor_50anos.jpg\",\"contentUrl\":\"https:\/\/www.provedor-jus.pt\/wp-content\/uploads\/2024\/10\/logo_provedor_50anos.jpg\",\"width\":2514,\"height\":554,\"caption\":\"Provedoria de Justi\u00e7a\"},\"image\":{\"@id\":\"https:\/\/www.provedor-jus.pt\/#\/schema\/logo\/image\/\"}}]}<\/script>\n<!-- \/ Yoast SEO plugin. -->","yoast_head_json":{"title":"Urbanismo e habita\u00e7\u00e3o. Ocupa\u00e7\u00e3o de terreno. Constru\u00e7\u00e3o de estrada. Indemniza\u00e7\u00e3o (017\/A\/2001) - Provedoria de Justi\u00e7a","robots":{"index":"index","follow":"follow","max-snippet":"max-snippet:-1","max-image-preview":"max-image-preview:large","max-video-preview":"max-video-preview:-1"},"canonical":"https:\/\/www.provedor-jus.pt\/en\/documentos\/urbanismo-e-habitacao-ocupacao-de-terreno-construcao-de-estrada-indemnizacao-017-a-2001\/","og_locale":"en_US","og_type":"article","og_title":"Urbanismo e habita\u00e7\u00e3o. Ocupa\u00e7\u00e3o de terreno. Constru\u00e7\u00e3o de estrada. Indemniza\u00e7\u00e3o (017\/A\/2001) - Provedoria de Justi\u00e7a","og_description":"OuvirProc. R-3586\/96 (RAA) Assunto: Urbanismo e habita\u00e7\u00e3o. Ocupa\u00e7\u00e3o de terreno. Constru\u00e7\u00e3o de estrada. Indemniza\u00e7\u00e3o Sum\u00e1rio: Os factos que deram origem \u00e0 reclama\u00e7\u00e3o apresentada neste \u00f3rg\u00e3o do Estado acerca do assunto em ep\u00edgrafe remontam ao ano de 1982, quando o impetrante recebeu da C\u00e2mara Municipal da Madalena o of\u00edcio n.\u00ba 961, com data de 30\/08\/82, que continha uma proposta negocial nos&hellip;","og_url":"https:\/\/www.provedor-jus.pt\/en\/documentos\/urbanismo-e-habitacao-ocupacao-de-terreno-construcao-de-estrada-indemnizacao-017-a-2001\/","og_site_name":"Provedoria de Justi\u00e7a","og_image":[{"width":40,"height":47,"url":"https:\/\/www.provedor-jus.pt\/wp-content\/uploads\/2020\/09\/pdf.gif","type":"image\/gif"}],"twitter_card":"summary_large_image","twitter_misc":{"Est. reading time":"1 minute"},"schema":{"@context":"https:\/\/schema.org","@graph":[{"@type":"WebPage","@id":"https:\/\/www.provedor-jus.pt\/en\/documentos\/urbanismo-e-habitacao-ocupacao-de-terreno-construcao-de-estrada-indemnizacao-017-a-2001\/","url":"https:\/\/www.provedor-jus.pt\/en\/documentos\/urbanismo-e-habitacao-ocupacao-de-terreno-construcao-de-estrada-indemnizacao-017-a-2001\/","name":"Urbanismo e habita\u00e7\u00e3o. Ocupa\u00e7\u00e3o de terreno. Constru\u00e7\u00e3o de estrada. Indemniza\u00e7\u00e3o (017\/A\/2001) - Provedoria de Justi\u00e7a","isPartOf":{"@id":"https:\/\/www.provedor-jus.pt\/#website"},"primaryImageOfPage":{"@id":"https:\/\/www.provedor-jus.pt\/en\/documentos\/urbanismo-e-habitacao-ocupacao-de-terreno-construcao-de-estrada-indemnizacao-017-a-2001\/#primaryimage"},"image":{"@id":"https:\/\/www.provedor-jus.pt\/en\/documentos\/urbanismo-e-habitacao-ocupacao-de-terreno-construcao-de-estrada-indemnizacao-017-a-2001\/#primaryimage"},"thumbnailUrl":"https:\/\/www.provedor-jus.pt\/wp-content\/uploads\/2020\/09\/pdf.gif","datePublished":"2020-10-22T19:29:20+00:00","breadcrumb":{"@id":"https:\/\/www.provedor-jus.pt\/en\/documentos\/urbanismo-e-habitacao-ocupacao-de-terreno-construcao-de-estrada-indemnizacao-017-a-2001\/#breadcrumb"},"inLanguage":"en-US","potentialAction":[{"@type":"ReadAction","target":["https:\/\/www.provedor-jus.pt\/en\/documentos\/urbanismo-e-habitacao-ocupacao-de-terreno-construcao-de-estrada-indemnizacao-017-a-2001\/"]}]},{"@type":"ImageObject","inLanguage":"en-US","@id":"https:\/\/www.provedor-jus.pt\/en\/documentos\/urbanismo-e-habitacao-ocupacao-de-terreno-construcao-de-estrada-indemnizacao-017-a-2001\/#primaryimage","url":"https:\/\/www.provedor-jus.pt\/wp-content\/uploads\/2020\/09\/pdf.gif","contentUrl":"https:\/\/www.provedor-jus.pt\/wp-content\/uploads\/2020\/09\/pdf.gif","width":40,"height":47,"caption":"iconpdf"},{"@type":"BreadcrumbList","@id":"https:\/\/www.provedor-jus.pt\/en\/documentos\/urbanismo-e-habitacao-ocupacao-de-terreno-construcao-de-estrada-indemnizacao-017-a-2001\/#breadcrumb","itemListElement":[{"@type":"ListItem","position":1,"name":"In\u00edcio","item":"https:\/\/www.provedor-jus.pt\/en\/"},{"@type":"ListItem","position":2,"name":"Urbanismo e habita\u00e7\u00e3o. Ocupa\u00e7\u00e3o de terreno. Constru\u00e7\u00e3o de estrada. Indemniza\u00e7\u00e3o (017\/A\/2001)"}]},{"@type":"WebSite","@id":"https:\/\/www.provedor-jus.pt\/#website","url":"https:\/\/www.provedor-jus.pt\/","name":"Provedoria de Justi\u00e7a","description":"","publisher":{"@id":"https:\/\/www.provedor-jus.pt\/#organization"},"potentialAction":[{"@type":"SearchAction","target":{"@type":"EntryPoint","urlTemplate":"https:\/\/www.provedor-jus.pt\/?s={search_term_string}"},"query-input":{"@type":"PropertyValueSpecification","valueRequired":true,"valueName":"search_term_string"}}],"inLanguage":"en-US"},{"@type":"Organization","@id":"https:\/\/www.provedor-jus.pt\/#organization","name":"Provedoria de Justi\u00e7a","url":"https:\/\/www.provedor-jus.pt\/","logo":{"@type":"ImageObject","inLanguage":"en-US","@id":"https:\/\/www.provedor-jus.pt\/#\/schema\/logo\/image\/","url":"https:\/\/www.provedor-jus.pt\/wp-content\/uploads\/2024\/10\/logo_provedor_50anos.jpg","contentUrl":"https:\/\/www.provedor-jus.pt\/wp-content\/uploads\/2024\/10\/logo_provedor_50anos.jpg","width":2514,"height":554,"caption":"Provedoria de Justi\u00e7a"},"image":{"@id":"https:\/\/www.provedor-jus.pt\/#\/schema\/logo\/image\/"}}]}},"_links":{"self":[{"href":"https:\/\/www.provedor-jus.pt\/en\/wp-json\/wp\/v2\/documentos\/25663","targetHints":{"allow":["GET"]}}],"collection":[{"href":"https:\/\/www.provedor-jus.pt\/en\/wp-json\/wp\/v2\/documentos"}],"about":[{"href":"https:\/\/www.provedor-jus.pt\/en\/wp-json\/wp\/v2\/types\/documentos"}],"author":[{"embeddable":true,"href":"https:\/\/www.provedor-jus.pt\/en\/wp-json\/wp\/v2\/users\/1"}],"wp:featuredmedia":[{"embeddable":true,"href":"https:\/\/www.provedor-jus.pt\/en\/wp-json\/wp\/v2\/media\/2212"}],"wp:attachment":[{"href":"https:\/\/www.provedor-jus.pt\/en\/wp-json\/wp\/v2\/media?parent=25663"}],"wp:term":[{"taxonomy":"catgorias_documentos","embeddable":true,"href":"https:\/\/www.provedor-jus.pt\/en\/wp-json\/wp\/v2\/catgorias_documentos?post=25663"}],"curies":[{"name":"wp","href":"https:\/\/api.w.org\/{rel}","templated":true}]}}