{"id":25780,"date":"2020-10-22T20:37:14","date_gmt":"2020-10-22T19:37:14","guid":{"rendered":"http:\/\/www.provedor-jus.pt\/documentos\/exercicio-do-poder-disciplinar\/"},"modified":"2020-10-22T20:37:14","modified_gmt":"2020-10-22T19:37:14","slug":"exercicio-do-poder-disciplinar","status":"publish","type":"documentos","link":"https:\/\/www.provedor-jus.pt\/en\/documentos\/exercicio-do-poder-disciplinar\/","title":{"rendered":"Exerc\u00edcio do poder disciplinar."},"content":{"rendered":"<!-- RS_MODULE_CODE_2.5.3 --> <div id=\"readspeaker_button25780\" class=\"rs_skip rs_preserve\"><a class=\"rs_href\" title=\"Ouvir com ReadSpeaker\" href=\"https:\/\/app-eu.readspeaker.com\/cgi-bin\/rsent?customerid=6394&amp;lang=pt_pt&amp;readid=rspeak_read_25780&amp;url=https%3A%2F%2Fwww.provedor-jus.pt%2Fen%2Fwp-json%2Fwp%2Fv2%2Fdocumentos%2F25780\" onclick=\"readpage(this.href, 'xp25780'); return false;\"><img decoding=\"async\" src=\"https:\/\/www.provedor-jus.pt\/wp-content\/plugins\/enterprise_expanding_hl_wordpress-2x\/img\/icon_16px.gif\" alt=\"Ouvir com ReadSpeaker\" style=\"display: inline-block; margin-right: 5px;\"\/>Ouvir<\/a><\/div><div id=\"xp25780\" class=\"rs_addtools rs_splitbutton rs_preserve rs_skip rs_exp\"><\/div><div id=\"rspeak_read_25780\"><p>Em exposi\u00e7\u00e3o dirigida ao Provedor de Justi\u00e7a, afirma-se que nos procedimentos disciplinares instaurados contra agentes da PSP, que cumulativamente det\u00eam a qualidade de delegados sindicais, se recorre sistematicamente \u00e0 aplica\u00e7\u00e3o das normas do Regulamento Disciplinar da PSP, aprovado em anexo \u00e0 Lei n.\u00ba 7\/90, de 20 de Fevereiro, e n\u00e3o \u00e0 aplica\u00e7\u00e3o do regime aprovado pela Lei n.\u00ba 14\/2002, de 19 de Fevereiro, diploma que regula designadamente o exerc\u00edcio da liberdade sindical na PSP, sendo as primeiras sistematicamente aplicadas em detrimento deste \u00faltimo. Essa alega\u00e7\u00e3o \u00e9 ilustrada com o caso concreto que envolveu a acusa\u00e7\u00e3o de que foi alvo o Senhor Agente A&#8230;, no \u00e2mbito de procedimento disciplinar que lhe foi instaurado por determinadas declara\u00e7\u00f5es prestadas a \u00f3rg\u00e3os de comunica\u00e7\u00e3o social.<\/p>\n<p>No entanto, resultar\u00e1 da pr\u00f3pria leitura do documento daquela acusa\u00e7\u00e3o que a mesma foi tamb\u00e9m fundamentada na Lei n.\u00ba 14\/2002, j\u00e1 acima referida, e n\u00e3o apenas no Regulamento Disciplinar da PSP, melhor dizendo, foi fundamentada com base na aplica\u00e7\u00e3o conjugada dos dois referidos diplomas.<br \/>\n[&#8230;]<br \/>\nAssim, ao violar, nos termos que constam da acusa\u00e7\u00e3o \u2013 e cuja bondade o Provedor de Justi\u00e7a n\u00e3o tem possibilidade de avaliar \u2013, as referidas disposi\u00e7\u00f5es da Lei n.\u00ba 14\/2002, o agente em causa ter-se-\u00e1 recolocado no \u00e2mbito de aplica\u00e7\u00e3o do Regulamento Disciplinar, j\u00e1 que, por ter infringido o disposto no art.\u00ba 3.\u00ba da Lei n.\u00ba 14\/2002, deixou de beneficiar das particulares garantias concedidas por este diploma ao agentes da PSP quando investidos em fun\u00e7\u00f5es de alguma forma associadas \u00e0 actividade sindical. Repare-se que o art.\u00ba 4.\u00ba da Lei n.\u00ba 14\/2002, precisamente sob a ep\u00edgrafe &#8220;Garantias&#8221; refere expressamente que &#8220;o pessoal da PSP com fun\u00e7\u00f5es policiais n\u00e3o pode ser prejudicado, beneficiado, isento de um dever ou privado de qualquer direito em virtude dos direitos de associa\u00e7\u00e3o sindical ou pelo exerc\u00edcio da actividade sindical, sem preju\u00edzo do disposto no artigo anterior&#8221;, isto \u00e9, sem preju\u00edzo do disposto no acima mencionado art.\u00ba 3.\u00ba que, conforme referido, cont\u00e9m um conjunto de restri\u00e7\u00f5es ao exerc\u00edcio da liberdade de express\u00e3o no \u00e2mbito sindical.<\/p>\n<p>[&#8230;]. Quanto \u00e0 decis\u00e3o em si, isto \u00e9, quanto \u00e0 quest\u00e3o de saber se a lei foi ou n\u00e3o bem aplicada ao caso concreto, uma eventual impugna\u00e7\u00e3o judicial poder\u00e1 analisar da justeza ou n\u00e3o dessa decis\u00e3o.<\/p>\n<\/div>","protected":false},"excerpt":{"rendered":"<p><!-- RS_MODULE_CODE_2.5.3 --> <\/p>\n<div id=\"readspeaker_button25780\" class=\"rs_skip rs_preserve\"><a class=\"rs_href\" title=\"Ouvir com ReadSpeaker\" href=\"https:\/\/app-eu.readspeaker.com\/cgi-bin\/rsent?customerid=6394&amp;lang=pt_pt&amp;readid=rspeak_read_25780&amp;url=https%3A%2F%2Fwww.provedor-jus.pt%2Fen%2Fwp-json%2Fwp%2Fv2%2Fdocumentos%2F25780\" onclick=\"readpage(this.href, 'xp25780'); return false;\"><img decoding=\"async\" src=\"https:\/\/www.provedor-jus.pt\/wp-content\/plugins\/enterprise_expanding_hl_wordpress-2x\/img\/icon_16px.gif\" alt=\"Ouvir com ReadSpeaker\" style=\"display: inline-block; margin-right: 5px;\"\/>Ouvir<\/a><\/div>\n<div id=\"xp25780\" class=\"rs_addtools rs_splitbutton rs_preserve rs_skip rs_exp\"><\/div>\n<div id=\"rspeak_read_25780\">Em exposi\u00e7\u00e3o dirigida ao Provedor de Justi\u00e7a, afirma-se que nos procedimentos disciplinares instaurados contra agentes da PSP, que cumulativamente det\u00eam a qualidade de delegados sindicais, se recorre sistematicamente \u00e0 aplica\u00e7\u00e3o das normas do Regulamento Disciplinar da PSP, aprovado em anexo \u00e0 Lei n.\u00ba 7\/90, de 20 de Fevereiro, e n\u00e3o \u00e0 aplica\u00e7\u00e3o do regime aprovado pela Lei n.\u00ba 14\/2002, de&hellip;<\/div>\n","protected":false},"author":1,"featured_media":2212,"menu_order":0,"template":"documentos-template.php","meta":{"_acf_changed":false},"catgorias_documentos":[151],"class_list":["post-25780","documentos","type-documentos","status-publish","has-post-thumbnail","hentry","catgorias_documentos-outras-decisoes-en"],"acf":[],"yoast_head":"<!-- This site is optimized with the Yoast SEO plugin v25.2 - https:\/\/yoast.com\/wordpress\/plugins\/seo\/ -->\n<title>Exerc\u00edcio do poder disciplinar. - Provedoria de Justi\u00e7a<\/title>\n<meta name=\"robots\" content=\"index, follow, max-snippet:-1, max-image-preview:large, max-video-preview:-1\" \/>\n<link rel=\"canonical\" href=\"https:\/\/www.provedor-jus.pt\/en\/documentos\/exercicio-do-poder-disciplinar\/\" \/>\n<meta property=\"og:locale\" content=\"en_US\" \/>\n<meta property=\"og:type\" content=\"article\" \/>\n<meta property=\"og:title\" content=\"Exerc\u00edcio do poder disciplinar. - Provedoria de Justi\u00e7a\" \/>\n<meta property=\"og:description\" content=\"OuvirEm exposi\u00e7\u00e3o dirigida ao Provedor de Justi\u00e7a, afirma-se que nos procedimentos disciplinares instaurados contra agentes da PSP, que cumulativamente det\u00eam a qualidade de delegados sindicais, se recorre sistematicamente \u00e0 aplica\u00e7\u00e3o das normas do Regulamento Disciplinar da PSP, aprovado em anexo \u00e0 Lei n.\u00ba 7\/90, de 20 de Fevereiro, e n\u00e3o \u00e0 aplica\u00e7\u00e3o do regime aprovado pela Lei n.\u00ba 14\/2002, de&hellip;\" \/>\n<meta property=\"og:url\" content=\"https:\/\/www.provedor-jus.pt\/en\/documentos\/exercicio-do-poder-disciplinar\/\" \/>\n<meta property=\"og:site_name\" content=\"Provedoria de Justi\u00e7a\" \/>\n<meta property=\"og:image\" content=\"https:\/\/www.provedor-jus.pt\/wp-content\/uploads\/2020\/09\/pdf.gif\" \/>\n\t<meta property=\"og:image:width\" content=\"40\" \/>\n\t<meta property=\"og:image:height\" content=\"47\" \/>\n\t<meta property=\"og:image:type\" content=\"image\/gif\" \/>\n<meta name=\"twitter:card\" content=\"summary_large_image\" \/>\n<meta name=\"twitter:label1\" content=\"Est. reading time\" \/>\n\t<meta name=\"twitter:data1\" content=\"2 minutes\" \/>\n<script type=\"application\/ld+json\" class=\"yoast-schema-graph\">{\"@context\":\"https:\/\/schema.org\",\"@graph\":[{\"@type\":\"WebPage\",\"@id\":\"https:\/\/www.provedor-jus.pt\/en\/documentos\/exercicio-do-poder-disciplinar\/\",\"url\":\"https:\/\/www.provedor-jus.pt\/en\/documentos\/exercicio-do-poder-disciplinar\/\",\"name\":\"Exerc\u00edcio do poder disciplinar. - Provedoria de Justi\u00e7a\",\"isPartOf\":{\"@id\":\"https:\/\/www.provedor-jus.pt\/#website\"},\"primaryImageOfPage\":{\"@id\":\"https:\/\/www.provedor-jus.pt\/en\/documentos\/exercicio-do-poder-disciplinar\/#primaryimage\"},\"image\":{\"@id\":\"https:\/\/www.provedor-jus.pt\/en\/documentos\/exercicio-do-poder-disciplinar\/#primaryimage\"},\"thumbnailUrl\":\"https:\/\/www.provedor-jus.pt\/wp-content\/uploads\/2020\/09\/pdf.gif\",\"datePublished\":\"2020-10-22T19:37:14+00:00\",\"breadcrumb\":{\"@id\":\"https:\/\/www.provedor-jus.pt\/en\/documentos\/exercicio-do-poder-disciplinar\/#breadcrumb\"},\"inLanguage\":\"en-US\",\"potentialAction\":[{\"@type\":\"ReadAction\",\"target\":[\"https:\/\/www.provedor-jus.pt\/en\/documentos\/exercicio-do-poder-disciplinar\/\"]}]},{\"@type\":\"ImageObject\",\"inLanguage\":\"en-US\",\"@id\":\"https:\/\/www.provedor-jus.pt\/en\/documentos\/exercicio-do-poder-disciplinar\/#primaryimage\",\"url\":\"https:\/\/www.provedor-jus.pt\/wp-content\/uploads\/2020\/09\/pdf.gif\",\"contentUrl\":\"https:\/\/www.provedor-jus.pt\/wp-content\/uploads\/2020\/09\/pdf.gif\",\"width\":40,\"height\":47,\"caption\":\"iconpdf\"},{\"@type\":\"BreadcrumbList\",\"@id\":\"https:\/\/www.provedor-jus.pt\/en\/documentos\/exercicio-do-poder-disciplinar\/#breadcrumb\",\"itemListElement\":[{\"@type\":\"ListItem\",\"position\":1,\"name\":\"In\u00edcio\",\"item\":\"https:\/\/www.provedor-jus.pt\/en\/\"},{\"@type\":\"ListItem\",\"position\":2,\"name\":\"Exerc\u00edcio do poder disciplinar.\"}]},{\"@type\":\"WebSite\",\"@id\":\"https:\/\/www.provedor-jus.pt\/#website\",\"url\":\"https:\/\/www.provedor-jus.pt\/\",\"name\":\"Provedoria de Justi\u00e7a\",\"description\":\"\",\"publisher\":{\"@id\":\"https:\/\/www.provedor-jus.pt\/#organization\"},\"potentialAction\":[{\"@type\":\"SearchAction\",\"target\":{\"@type\":\"EntryPoint\",\"urlTemplate\":\"https:\/\/www.provedor-jus.pt\/?s={search_term_string}\"},\"query-input\":{\"@type\":\"PropertyValueSpecification\",\"valueRequired\":true,\"valueName\":\"search_term_string\"}}],\"inLanguage\":\"en-US\"},{\"@type\":\"Organization\",\"@id\":\"https:\/\/www.provedor-jus.pt\/#organization\",\"name\":\"Provedoria de Justi\u00e7a\",\"url\":\"https:\/\/www.provedor-jus.pt\/\",\"logo\":{\"@type\":\"ImageObject\",\"inLanguage\":\"en-US\",\"@id\":\"https:\/\/www.provedor-jus.pt\/#\/schema\/logo\/image\/\",\"url\":\"https:\/\/www.provedor-jus.pt\/wp-content\/uploads\/2024\/10\/logo_provedor_50anos.jpg\",\"contentUrl\":\"https:\/\/www.provedor-jus.pt\/wp-content\/uploads\/2024\/10\/logo_provedor_50anos.jpg\",\"width\":2514,\"height\":554,\"caption\":\"Provedoria de Justi\u00e7a\"},\"image\":{\"@id\":\"https:\/\/www.provedor-jus.pt\/#\/schema\/logo\/image\/\"}}]}<\/script>\n<!-- \/ Yoast SEO plugin. -->","yoast_head_json":{"title":"Exerc\u00edcio do poder disciplinar. - Provedoria de Justi\u00e7a","robots":{"index":"index","follow":"follow","max-snippet":"max-snippet:-1","max-image-preview":"max-image-preview:large","max-video-preview":"max-video-preview:-1"},"canonical":"https:\/\/www.provedor-jus.pt\/en\/documentos\/exercicio-do-poder-disciplinar\/","og_locale":"en_US","og_type":"article","og_title":"Exerc\u00edcio do poder disciplinar. - Provedoria de Justi\u00e7a","og_description":"OuvirEm exposi\u00e7\u00e3o dirigida ao Provedor de Justi\u00e7a, afirma-se que nos procedimentos disciplinares instaurados contra agentes da PSP, que cumulativamente det\u00eam a qualidade de delegados sindicais, se recorre sistematicamente \u00e0 aplica\u00e7\u00e3o das normas do Regulamento Disciplinar da PSP, aprovado em anexo \u00e0 Lei n.\u00ba 7\/90, de 20 de Fevereiro, e n\u00e3o \u00e0 aplica\u00e7\u00e3o do regime aprovado pela Lei n.\u00ba 14\/2002, de&hellip;","og_url":"https:\/\/www.provedor-jus.pt\/en\/documentos\/exercicio-do-poder-disciplinar\/","og_site_name":"Provedoria de Justi\u00e7a","og_image":[{"width":40,"height":47,"url":"https:\/\/www.provedor-jus.pt\/wp-content\/uploads\/2020\/09\/pdf.gif","type":"image\/gif"}],"twitter_card":"summary_large_image","twitter_misc":{"Est. reading time":"2 minutes"},"schema":{"@context":"https:\/\/schema.org","@graph":[{"@type":"WebPage","@id":"https:\/\/www.provedor-jus.pt\/en\/documentos\/exercicio-do-poder-disciplinar\/","url":"https:\/\/www.provedor-jus.pt\/en\/documentos\/exercicio-do-poder-disciplinar\/","name":"Exerc\u00edcio do poder disciplinar. - Provedoria de Justi\u00e7a","isPartOf":{"@id":"https:\/\/www.provedor-jus.pt\/#website"},"primaryImageOfPage":{"@id":"https:\/\/www.provedor-jus.pt\/en\/documentos\/exercicio-do-poder-disciplinar\/#primaryimage"},"image":{"@id":"https:\/\/www.provedor-jus.pt\/en\/documentos\/exercicio-do-poder-disciplinar\/#primaryimage"},"thumbnailUrl":"https:\/\/www.provedor-jus.pt\/wp-content\/uploads\/2020\/09\/pdf.gif","datePublished":"2020-10-22T19:37:14+00:00","breadcrumb":{"@id":"https:\/\/www.provedor-jus.pt\/en\/documentos\/exercicio-do-poder-disciplinar\/#breadcrumb"},"inLanguage":"en-US","potentialAction":[{"@type":"ReadAction","target":["https:\/\/www.provedor-jus.pt\/en\/documentos\/exercicio-do-poder-disciplinar\/"]}]},{"@type":"ImageObject","inLanguage":"en-US","@id":"https:\/\/www.provedor-jus.pt\/en\/documentos\/exercicio-do-poder-disciplinar\/#primaryimage","url":"https:\/\/www.provedor-jus.pt\/wp-content\/uploads\/2020\/09\/pdf.gif","contentUrl":"https:\/\/www.provedor-jus.pt\/wp-content\/uploads\/2020\/09\/pdf.gif","width":40,"height":47,"caption":"iconpdf"},{"@type":"BreadcrumbList","@id":"https:\/\/www.provedor-jus.pt\/en\/documentos\/exercicio-do-poder-disciplinar\/#breadcrumb","itemListElement":[{"@type":"ListItem","position":1,"name":"In\u00edcio","item":"https:\/\/www.provedor-jus.pt\/en\/"},{"@type":"ListItem","position":2,"name":"Exerc\u00edcio do poder disciplinar."}]},{"@type":"WebSite","@id":"https:\/\/www.provedor-jus.pt\/#website","url":"https:\/\/www.provedor-jus.pt\/","name":"Provedoria de Justi\u00e7a","description":"","publisher":{"@id":"https:\/\/www.provedor-jus.pt\/#organization"},"potentialAction":[{"@type":"SearchAction","target":{"@type":"EntryPoint","urlTemplate":"https:\/\/www.provedor-jus.pt\/?s={search_term_string}"},"query-input":{"@type":"PropertyValueSpecification","valueRequired":true,"valueName":"search_term_string"}}],"inLanguage":"en-US"},{"@type":"Organization","@id":"https:\/\/www.provedor-jus.pt\/#organization","name":"Provedoria de Justi\u00e7a","url":"https:\/\/www.provedor-jus.pt\/","logo":{"@type":"ImageObject","inLanguage":"en-US","@id":"https:\/\/www.provedor-jus.pt\/#\/schema\/logo\/image\/","url":"https:\/\/www.provedor-jus.pt\/wp-content\/uploads\/2024\/10\/logo_provedor_50anos.jpg","contentUrl":"https:\/\/www.provedor-jus.pt\/wp-content\/uploads\/2024\/10\/logo_provedor_50anos.jpg","width":2514,"height":554,"caption":"Provedoria de Justi\u00e7a"},"image":{"@id":"https:\/\/www.provedor-jus.pt\/#\/schema\/logo\/image\/"}}]}},"_links":{"self":[{"href":"https:\/\/www.provedor-jus.pt\/en\/wp-json\/wp\/v2\/documentos\/25780","targetHints":{"allow":["GET"]}}],"collection":[{"href":"https:\/\/www.provedor-jus.pt\/en\/wp-json\/wp\/v2\/documentos"}],"about":[{"href":"https:\/\/www.provedor-jus.pt\/en\/wp-json\/wp\/v2\/types\/documentos"}],"author":[{"embeddable":true,"href":"https:\/\/www.provedor-jus.pt\/en\/wp-json\/wp\/v2\/users\/1"}],"wp:featuredmedia":[{"embeddable":true,"href":"https:\/\/www.provedor-jus.pt\/en\/wp-json\/wp\/v2\/media\/2212"}],"wp:attachment":[{"href":"https:\/\/www.provedor-jus.pt\/en\/wp-json\/wp\/v2\/media?parent=25780"}],"wp:term":[{"taxonomy":"catgorias_documentos","embeddable":true,"href":"https:\/\/www.provedor-jus.pt\/en\/wp-json\/wp\/v2\/catgorias_documentos?post=25780"}],"curies":[{"name":"wp","href":"https:\/\/api.w.org\/{rel}","templated":true}]}}