{"id":25878,"date":"2020-10-22T20:30:35","date_gmt":"2020-10-22T19:30:35","guid":{"rendered":"http:\/\/www.provedor-jus.pt\/documentos\/atraso-do-iefp-na-apreciao-e-deciso-dos-requerimentos-apresentados-pelos-formadores-para-a-emisso-inicial-e-renovao-dos-respectivos-certificados-de-apti\/"},"modified":"2020-10-22T20:30:35","modified_gmt":"2020-10-22T19:30:35","slug":"atraso-do-iefp-na-apreciao-e-deciso-dos-requerimentos-apresentados-pelos-formadores-para-a-emisso-inicial-e-renovao-dos-respectivos-certificados-de-apti","status":"publish","type":"documentos","link":"https:\/\/www.provedor-jus.pt\/en\/documentos\/atraso-do-iefp-na-apreciao-e-deciso-dos-requerimentos-apresentados-pelos-formadores-para-a-emisso-inicial-e-renovao-dos-respectivos-certificados-de-apti\/","title":{"rendered":"Atraso do IEFP na aprecia&ccedil;&atilde;o e decis&atilde;o dos requerimentos apresentados pelos formadores para a emiss&atilde;o inicial e renova&ccedil;&atilde;o dos respectivos Certificados de Aptid&atilde;o Pedag&oacute;gica (CAP)."},"content":{"rendered":"<!-- RS_MODULE_CODE_2.5.3 --> <div id=\"readspeaker_button25878\" class=\"rs_skip rs_preserve\"><a class=\"rs_href\" title=\"Ouvir com ReadSpeaker\" href=\"https:\/\/app-eu.readspeaker.com\/cgi-bin\/rsent?customerid=6394&amp;lang=pt_pt&amp;readid=rspeak_read_25878&amp;url=https%3A%2F%2Fwww.provedor-jus.pt%2Fen%2Fwp-json%2Fwp%2Fv2%2Fdocumentos%2F25878\" onclick=\"readpage(this.href, 'xp25878'); return false;\"><img decoding=\"async\" src=\"https:\/\/www.provedor-jus.pt\/wp-content\/plugins\/enterprise_expanding_hl_wordpress-2x\/img\/icon_16px.gif\" alt=\"Ouvir com ReadSpeaker\" style=\"display: inline-block; margin-right: 5px;\"\/>Ouvir<\/a><\/div><div id=\"xp25878\" class=\"rs_addtools rs_splitbutton rs_preserve rs_skip rs_exp\"><\/div><div id=\"rspeak_read_25878\"><p style=\"text-align: justify\">Processos: R-1123\/09 (A3) e R-4461\/09 (A3) Entidade visada: Instituto do Emprego e Forma\u00e7\u00e3o Profissional, I.P. (IEFP) Assunto: Atraso do IEFP na aprecia\u00e7\u00e3o e decis\u00e3o dos requerimentos apresentados pelos formadores para a emiss\u00e3o inicial e renova\u00e7\u00e3o dos respectivos Certificados de Aptid\u00e3o Pedag\u00f3gica (CAP). S\u00edntese: 1. Em face dos atrasos verificados na emiss\u00e3o e renova\u00e7\u00e3o dos Certificados de Aptid\u00e3o Pedag\u00f3gica (CAP), por parte dos Servi\u00e7os da IEFP, e constatando-se o hiato temporal que, com frequ\u00eancia, se verificava entre a caducidade de um CAP e a decis\u00e3o da sua renova\u00e7\u00e3o, entendeu o Provedor de Justi\u00e7a intervir junto do Conselho Directivo do Instituto do Emprego e Forma\u00e7\u00e3o Profissional, IP. 2. Numa primeira fase, a interven\u00e7\u00e3o do Provedor de Justi\u00e7a centrou-se na necessidade de compatibilizar o prazo de anteced\u00eancia para apresenta\u00e7\u00e3o da candidatura a renova\u00e7\u00e3o do CAP estipulado no &#8220;Manual de Certifica\u00e7\u00e3o&#8221; (que era de 60 dias) com o prazo de que o IEFP dispunha para apreciar o processo de renova\u00e7\u00e3o e emitir a respectiva decis\u00e3o (90 dias), por forma a garantir, de forma eficaz, a continuidade da certifica\u00e7\u00e3o e da actividade dos formadores. Efectivamente, os atraso do IEFP poderiam comprometer o exerc\u00edcio cont\u00ednuo da actividade dos formadores. 3. Acolhendo a sugest\u00e3o formulada a tal respeito, o Conselho Directivo do Instituto do Emprego e Forma\u00e7\u00e3o Profissional, IP alargou, para 90 dias, o prazo de anteced\u00eancia para apresenta\u00e7\u00e3o das candidaturas \u00e0 renova\u00e7\u00e3o, assegurando, deste modo, a continuidade da certifica\u00e7\u00e3o nessas situa\u00e7\u00f5es. As regras do &#8220;Manual de Certifica\u00e7\u00e3o&#8221; foram revistas em conformidade. 4. Numa segunda fase, e n\u00e3o obstante a resolu\u00e7\u00e3o dos casos concretos reclamados, entendeu o Provedor de Justi\u00e7a avaliar a situa\u00e7\u00e3o geral dos atrasos alegadamente verificados na aprecia\u00e7\u00e3o e decis\u00e3o dos processos de emiss\u00e3o e renova\u00e7\u00e3o de Certificados de Aptid\u00e3o Pedag\u00f3gica. 5. Foram solicitados v\u00e1rios elementos, por Delega\u00e7\u00e3o Regional, ao Conselho Directivo do IEFP, afim de avaliar os atrasos nos procedimentos, quer no tocante \u00e0 emiss\u00e3o dos CAP, quer relativamente \u00e0 sua renova\u00e7\u00e3o. 6. Os elementos entretanto fornecidos pelo IEFP \u00e0 Provedoria de Justi\u00e7a, permitiram concluir que, presentemente, os atrasos na emiss\u00e3o e renova\u00e7\u00e3o dos CAP s\u00e3o sentidos apenas na Delega\u00e7\u00e3o Regional do Norte, onde um n\u00famero elevado de processos (3005) aguardam decis\u00e3o h\u00e1 mais de 90 dias. 7. Em of\u00edcio dirigido ao Provedor de Justi\u00e7a, o Presidente do Conselho Directivo do IEFP, garantiu que foram tomadas medidas com vista a ultrapassar a situa\u00e7\u00e3o de atraso verificada. Nesse sentido, referiu: &#8220;(&#8230;) alocaram-se mais recursos para que, durante o segundo semestre do corrente ano, todos processos pendentes sejam tratados. Paralelamente, simplificaram-se os procedimentos administrativos considerados desnecess\u00e1rios ao processo de decis\u00e3o, bem como j\u00e1 est\u00e1 definida e em fase de desenvolvimento uma solu\u00e7\u00e3o inform\u00e1tica integrada para a gest\u00e3o e emiss\u00e3o de certificados de aptid\u00e3o pedag\u00f3gica de formador que ir\u00e1 facilitar e agilizar a an\u00e1lise e decis\u00e3o futura das candidaturas \u00e0 certifica\u00e7\u00e3o, permitindo, dessa forma, uma redu\u00e7\u00e3o significativa dos tempos de resposta&#8221;. 8. O Provedor de Justi\u00e7a proceder\u00e1 \u00e0 reavalia\u00e7\u00e3o oportuna da situa\u00e7\u00e3o junto IEFP. \u0081@\u0081@<\/p>\n<\/div>","protected":false},"excerpt":{"rendered":"<p><!-- RS_MODULE_CODE_2.5.3 --> <\/p>\n<div id=\"readspeaker_button25878\" class=\"rs_skip rs_preserve\"><a class=\"rs_href\" title=\"Ouvir com ReadSpeaker\" href=\"https:\/\/app-eu.readspeaker.com\/cgi-bin\/rsent?customerid=6394&amp;lang=pt_pt&amp;readid=rspeak_read_25878&amp;url=https%3A%2F%2Fwww.provedor-jus.pt%2Fen%2Fwp-json%2Fwp%2Fv2%2Fdocumentos%2F25878\" onclick=\"readpage(this.href, 'xp25878'); return false;\"><img decoding=\"async\" src=\"https:\/\/www.provedor-jus.pt\/wp-content\/plugins\/enterprise_expanding_hl_wordpress-2x\/img\/icon_16px.gif\" alt=\"Ouvir com ReadSpeaker\" style=\"display: inline-block; margin-right: 5px;\"\/>Ouvir<\/a><\/div>\n<div id=\"xp25878\" class=\"rs_addtools rs_splitbutton rs_preserve rs_skip rs_exp\"><\/div>\n<div id=\"rspeak_read_25878\">Processos: R-1123\/09 (A3) e R-4461\/09 (A3) Entidade visada: Instituto do Emprego e Forma\u00e7\u00e3o Profissional, I.P. (IEFP) Assunto: Atraso do IEFP na aprecia\u00e7\u00e3o e decis\u00e3o dos requerimentos apresentados pelos formadores para a emiss\u00e3o inicial e renova\u00e7\u00e3o dos respectivos Certificados de Aptid\u00e3o Pedag\u00f3gica (CAP). S\u00edntese: 1. Em face dos atrasos verificados na emiss\u00e3o e renova\u00e7\u00e3o dos Certificados de Aptid\u00e3o Pedag\u00f3gica (CAP), por&hellip;<\/div>\n","protected":false},"author":1,"featured_media":2212,"menu_order":0,"template":"documentos-template.php","meta":{"_acf_changed":false},"catgorias_documentos":[151],"class_list":["post-25878","documentos","type-documentos","status-publish","has-post-thumbnail","hentry","catgorias_documentos-outras-decisoes-en"],"acf":[],"yoast_head":"<!-- This site is optimized with the Yoast SEO plugin v25.2 - https:\/\/yoast.com\/wordpress\/plugins\/seo\/ -->\n<title>Atraso do IEFP na aprecia&ccedil;&atilde;o e decis&atilde;o dos requerimentos apresentados pelos formadores para a emiss&atilde;o inicial e renova&ccedil;&atilde;o dos respectivos Certificados de Aptid&atilde;o Pedag&oacute;gica (CAP). - Provedoria de Justi\u00e7a<\/title>\n<meta name=\"robots\" content=\"index, follow, max-snippet:-1, max-image-preview:large, max-video-preview:-1\" \/>\n<link rel=\"canonical\" href=\"https:\/\/www.provedor-jus.pt\/en\/documentos\/atraso-do-iefp-na-apreciao-e-deciso-dos-requerimentos-apresentados-pelos-formadores-para-a-emisso-inicial-e-renovao-dos-respectivos-certificados-de-apti\/\" \/>\n<meta property=\"og:locale\" content=\"en_US\" \/>\n<meta property=\"og:type\" content=\"article\" \/>\n<meta property=\"og:title\" content=\"Atraso do IEFP na aprecia&ccedil;&atilde;o e decis&atilde;o dos requerimentos apresentados pelos formadores para a emiss&atilde;o inicial e renova&ccedil;&atilde;o dos respectivos Certificados de Aptid&atilde;o Pedag&oacute;gica (CAP). - Provedoria de Justi\u00e7a\" \/>\n<meta property=\"og:description\" content=\"OuvirProcessos: R-1123\/09 (A3) e R-4461\/09 (A3) Entidade visada: Instituto do Emprego e Forma\u00e7\u00e3o Profissional, I.P. (IEFP) Assunto: Atraso do IEFP na aprecia\u00e7\u00e3o e decis\u00e3o dos requerimentos apresentados pelos formadores para a emiss\u00e3o inicial e renova\u00e7\u00e3o dos respectivos Certificados de Aptid\u00e3o Pedag\u00f3gica (CAP). S\u00edntese: 1. Em face dos atrasos verificados na emiss\u00e3o e renova\u00e7\u00e3o dos Certificados de Aptid\u00e3o Pedag\u00f3gica (CAP), por&hellip;\" \/>\n<meta property=\"og:url\" content=\"https:\/\/www.provedor-jus.pt\/en\/documentos\/atraso-do-iefp-na-apreciao-e-deciso-dos-requerimentos-apresentados-pelos-formadores-para-a-emisso-inicial-e-renovao-dos-respectivos-certificados-de-apti\/\" \/>\n<meta property=\"og:site_name\" content=\"Provedoria de Justi\u00e7a\" \/>\n<meta property=\"og:image\" content=\"https:\/\/www.provedor-jus.pt\/wp-content\/uploads\/2020\/09\/pdf.gif\" \/>\n\t<meta property=\"og:image:width\" content=\"40\" \/>\n\t<meta property=\"og:image:height\" content=\"47\" \/>\n\t<meta property=\"og:image:type\" content=\"image\/gif\" \/>\n<meta name=\"twitter:card\" content=\"summary_large_image\" \/>\n<meta name=\"twitter:label1\" content=\"Est. reading time\" \/>\n\t<meta name=\"twitter:data1\" content=\"3 minutes\" \/>\n<script type=\"application\/ld+json\" class=\"yoast-schema-graph\">{\"@context\":\"https:\/\/schema.org\",\"@graph\":[{\"@type\":\"WebPage\",\"@id\":\"https:\/\/www.provedor-jus.pt\/en\/documentos\/atraso-do-iefp-na-apreciao-e-deciso-dos-requerimentos-apresentados-pelos-formadores-para-a-emisso-inicial-e-renovao-dos-respectivos-certificados-de-apti\/\",\"url\":\"https:\/\/www.provedor-jus.pt\/en\/documentos\/atraso-do-iefp-na-apreciao-e-deciso-dos-requerimentos-apresentados-pelos-formadores-para-a-emisso-inicial-e-renovao-dos-respectivos-certificados-de-apti\/\",\"name\":\"Atraso do IEFP na aprecia&ccedil;&atilde;o e decis&atilde;o dos requerimentos apresentados pelos formadores para a emiss&atilde;o inicial e renova&ccedil;&atilde;o dos respectivos Certificados de Aptid&atilde;o Pedag&oacute;gica (CAP). - Provedoria de Justi\u00e7a\",\"isPartOf\":{\"@id\":\"https:\/\/www.provedor-jus.pt\/#website\"},\"primaryImageOfPage\":{\"@id\":\"https:\/\/www.provedor-jus.pt\/en\/documentos\/atraso-do-iefp-na-apreciao-e-deciso-dos-requerimentos-apresentados-pelos-formadores-para-a-emisso-inicial-e-renovao-dos-respectivos-certificados-de-apti\/#primaryimage\"},\"image\":{\"@id\":\"https:\/\/www.provedor-jus.pt\/en\/documentos\/atraso-do-iefp-na-apreciao-e-deciso-dos-requerimentos-apresentados-pelos-formadores-para-a-emisso-inicial-e-renovao-dos-respectivos-certificados-de-apti\/#primaryimage\"},\"thumbnailUrl\":\"https:\/\/www.provedor-jus.pt\/wp-content\/uploads\/2020\/09\/pdf.gif\",\"datePublished\":\"2020-10-22T19:30:35+00:00\",\"breadcrumb\":{\"@id\":\"https:\/\/www.provedor-jus.pt\/en\/documentos\/atraso-do-iefp-na-apreciao-e-deciso-dos-requerimentos-apresentados-pelos-formadores-para-a-emisso-inicial-e-renovao-dos-respectivos-certificados-de-apti\/#breadcrumb\"},\"inLanguage\":\"en-US\",\"potentialAction\":[{\"@type\":\"ReadAction\",\"target\":[\"https:\/\/www.provedor-jus.pt\/en\/documentos\/atraso-do-iefp-na-apreciao-e-deciso-dos-requerimentos-apresentados-pelos-formadores-para-a-emisso-inicial-e-renovao-dos-respectivos-certificados-de-apti\/\"]}]},{\"@type\":\"ImageObject\",\"inLanguage\":\"en-US\",\"@id\":\"https:\/\/www.provedor-jus.pt\/en\/documentos\/atraso-do-iefp-na-apreciao-e-deciso-dos-requerimentos-apresentados-pelos-formadores-para-a-emisso-inicial-e-renovao-dos-respectivos-certificados-de-apti\/#primaryimage\",\"url\":\"https:\/\/www.provedor-jus.pt\/wp-content\/uploads\/2020\/09\/pdf.gif\",\"contentUrl\":\"https:\/\/www.provedor-jus.pt\/wp-content\/uploads\/2020\/09\/pdf.gif\",\"width\":40,\"height\":47,\"caption\":\"iconpdf\"},{\"@type\":\"BreadcrumbList\",\"@id\":\"https:\/\/www.provedor-jus.pt\/en\/documentos\/atraso-do-iefp-na-apreciao-e-deciso-dos-requerimentos-apresentados-pelos-formadores-para-a-emisso-inicial-e-renovao-dos-respectivos-certificados-de-apti\/#breadcrumb\",\"itemListElement\":[{\"@type\":\"ListItem\",\"position\":1,\"name\":\"In\u00edcio\",\"item\":\"https:\/\/www.provedor-jus.pt\/en\/\"},{\"@type\":\"ListItem\",\"position\":2,\"name\":\"Atraso do IEFP na aprecia&ccedil;&atilde;o e decis&atilde;o dos requerimentos apresentados pelos formadores para a emiss&atilde;o inicial e renova&ccedil;&atilde;o dos respectivos Certificados de Aptid&atilde;o Pedag&oacute;gica (CAP).\"}]},{\"@type\":\"WebSite\",\"@id\":\"https:\/\/www.provedor-jus.pt\/#website\",\"url\":\"https:\/\/www.provedor-jus.pt\/\",\"name\":\"Provedoria de Justi\u00e7a\",\"description\":\"\",\"publisher\":{\"@id\":\"https:\/\/www.provedor-jus.pt\/#organization\"},\"potentialAction\":[{\"@type\":\"SearchAction\",\"target\":{\"@type\":\"EntryPoint\",\"urlTemplate\":\"https:\/\/www.provedor-jus.pt\/?s={search_term_string}\"},\"query-input\":{\"@type\":\"PropertyValueSpecification\",\"valueRequired\":true,\"valueName\":\"search_term_string\"}}],\"inLanguage\":\"en-US\"},{\"@type\":\"Organization\",\"@id\":\"https:\/\/www.provedor-jus.pt\/#organization\",\"name\":\"Provedoria de Justi\u00e7a\",\"url\":\"https:\/\/www.provedor-jus.pt\/\",\"logo\":{\"@type\":\"ImageObject\",\"inLanguage\":\"en-US\",\"@id\":\"https:\/\/www.provedor-jus.pt\/#\/schema\/logo\/image\/\",\"url\":\"https:\/\/www.provedor-jus.pt\/wp-content\/uploads\/2024\/10\/logo_provedor_50anos.jpg\",\"contentUrl\":\"https:\/\/www.provedor-jus.pt\/wp-content\/uploads\/2024\/10\/logo_provedor_50anos.jpg\",\"width\":2514,\"height\":554,\"caption\":\"Provedoria de Justi\u00e7a\"},\"image\":{\"@id\":\"https:\/\/www.provedor-jus.pt\/#\/schema\/logo\/image\/\"}}]}<\/script>\n<!-- \/ Yoast SEO plugin. -->","yoast_head_json":{"title":"Atraso do IEFP na aprecia&ccedil;&atilde;o e decis&atilde;o dos requerimentos apresentados pelos formadores para a emiss&atilde;o inicial e renova&ccedil;&atilde;o dos respectivos Certificados de Aptid&atilde;o Pedag&oacute;gica (CAP). - Provedoria de Justi\u00e7a","robots":{"index":"index","follow":"follow","max-snippet":"max-snippet:-1","max-image-preview":"max-image-preview:large","max-video-preview":"max-video-preview:-1"},"canonical":"https:\/\/www.provedor-jus.pt\/en\/documentos\/atraso-do-iefp-na-apreciao-e-deciso-dos-requerimentos-apresentados-pelos-formadores-para-a-emisso-inicial-e-renovao-dos-respectivos-certificados-de-apti\/","og_locale":"en_US","og_type":"article","og_title":"Atraso do IEFP na aprecia&ccedil;&atilde;o e decis&atilde;o dos requerimentos apresentados pelos formadores para a emiss&atilde;o inicial e renova&ccedil;&atilde;o dos respectivos Certificados de Aptid&atilde;o Pedag&oacute;gica (CAP). - Provedoria de Justi\u00e7a","og_description":"OuvirProcessos: R-1123\/09 (A3) e R-4461\/09 (A3) Entidade visada: Instituto do Emprego e Forma\u00e7\u00e3o Profissional, I.P. (IEFP) Assunto: Atraso do IEFP na aprecia\u00e7\u00e3o e decis\u00e3o dos requerimentos apresentados pelos formadores para a emiss\u00e3o inicial e renova\u00e7\u00e3o dos respectivos Certificados de Aptid\u00e3o Pedag\u00f3gica (CAP). S\u00edntese: 1. Em face dos atrasos verificados na emiss\u00e3o e renova\u00e7\u00e3o dos Certificados de Aptid\u00e3o Pedag\u00f3gica (CAP), por&hellip;","og_url":"https:\/\/www.provedor-jus.pt\/en\/documentos\/atraso-do-iefp-na-apreciao-e-deciso-dos-requerimentos-apresentados-pelos-formadores-para-a-emisso-inicial-e-renovao-dos-respectivos-certificados-de-apti\/","og_site_name":"Provedoria de Justi\u00e7a","og_image":[{"width":40,"height":47,"url":"https:\/\/www.provedor-jus.pt\/wp-content\/uploads\/2020\/09\/pdf.gif","type":"image\/gif"}],"twitter_card":"summary_large_image","twitter_misc":{"Est. reading time":"3 minutes"},"schema":{"@context":"https:\/\/schema.org","@graph":[{"@type":"WebPage","@id":"https:\/\/www.provedor-jus.pt\/en\/documentos\/atraso-do-iefp-na-apreciao-e-deciso-dos-requerimentos-apresentados-pelos-formadores-para-a-emisso-inicial-e-renovao-dos-respectivos-certificados-de-apti\/","url":"https:\/\/www.provedor-jus.pt\/en\/documentos\/atraso-do-iefp-na-apreciao-e-deciso-dos-requerimentos-apresentados-pelos-formadores-para-a-emisso-inicial-e-renovao-dos-respectivos-certificados-de-apti\/","name":"Atraso do IEFP na aprecia&ccedil;&atilde;o e decis&atilde;o dos requerimentos apresentados pelos formadores para a emiss&atilde;o inicial e renova&ccedil;&atilde;o dos respectivos Certificados de Aptid&atilde;o Pedag&oacute;gica (CAP). - Provedoria de Justi\u00e7a","isPartOf":{"@id":"https:\/\/www.provedor-jus.pt\/#website"},"primaryImageOfPage":{"@id":"https:\/\/www.provedor-jus.pt\/en\/documentos\/atraso-do-iefp-na-apreciao-e-deciso-dos-requerimentos-apresentados-pelos-formadores-para-a-emisso-inicial-e-renovao-dos-respectivos-certificados-de-apti\/#primaryimage"},"image":{"@id":"https:\/\/www.provedor-jus.pt\/en\/documentos\/atraso-do-iefp-na-apreciao-e-deciso-dos-requerimentos-apresentados-pelos-formadores-para-a-emisso-inicial-e-renovao-dos-respectivos-certificados-de-apti\/#primaryimage"},"thumbnailUrl":"https:\/\/www.provedor-jus.pt\/wp-content\/uploads\/2020\/09\/pdf.gif","datePublished":"2020-10-22T19:30:35+00:00","breadcrumb":{"@id":"https:\/\/www.provedor-jus.pt\/en\/documentos\/atraso-do-iefp-na-apreciao-e-deciso-dos-requerimentos-apresentados-pelos-formadores-para-a-emisso-inicial-e-renovao-dos-respectivos-certificados-de-apti\/#breadcrumb"},"inLanguage":"en-US","potentialAction":[{"@type":"ReadAction","target":["https:\/\/www.provedor-jus.pt\/en\/documentos\/atraso-do-iefp-na-apreciao-e-deciso-dos-requerimentos-apresentados-pelos-formadores-para-a-emisso-inicial-e-renovao-dos-respectivos-certificados-de-apti\/"]}]},{"@type":"ImageObject","inLanguage":"en-US","@id":"https:\/\/www.provedor-jus.pt\/en\/documentos\/atraso-do-iefp-na-apreciao-e-deciso-dos-requerimentos-apresentados-pelos-formadores-para-a-emisso-inicial-e-renovao-dos-respectivos-certificados-de-apti\/#primaryimage","url":"https:\/\/www.provedor-jus.pt\/wp-content\/uploads\/2020\/09\/pdf.gif","contentUrl":"https:\/\/www.provedor-jus.pt\/wp-content\/uploads\/2020\/09\/pdf.gif","width":40,"height":47,"caption":"iconpdf"},{"@type":"BreadcrumbList","@id":"https:\/\/www.provedor-jus.pt\/en\/documentos\/atraso-do-iefp-na-apreciao-e-deciso-dos-requerimentos-apresentados-pelos-formadores-para-a-emisso-inicial-e-renovao-dos-respectivos-certificados-de-apti\/#breadcrumb","itemListElement":[{"@type":"ListItem","position":1,"name":"In\u00edcio","item":"https:\/\/www.provedor-jus.pt\/en\/"},{"@type":"ListItem","position":2,"name":"Atraso do IEFP na aprecia&ccedil;&atilde;o e decis&atilde;o dos requerimentos apresentados pelos formadores para a emiss&atilde;o inicial e renova&ccedil;&atilde;o dos respectivos Certificados de Aptid&atilde;o Pedag&oacute;gica (CAP)."}]},{"@type":"WebSite","@id":"https:\/\/www.provedor-jus.pt\/#website","url":"https:\/\/www.provedor-jus.pt\/","name":"Provedoria de Justi\u00e7a","description":"","publisher":{"@id":"https:\/\/www.provedor-jus.pt\/#organization"},"potentialAction":[{"@type":"SearchAction","target":{"@type":"EntryPoint","urlTemplate":"https:\/\/www.provedor-jus.pt\/?s={search_term_string}"},"query-input":{"@type":"PropertyValueSpecification","valueRequired":true,"valueName":"search_term_string"}}],"inLanguage":"en-US"},{"@type":"Organization","@id":"https:\/\/www.provedor-jus.pt\/#organization","name":"Provedoria de Justi\u00e7a","url":"https:\/\/www.provedor-jus.pt\/","logo":{"@type":"ImageObject","inLanguage":"en-US","@id":"https:\/\/www.provedor-jus.pt\/#\/schema\/logo\/image\/","url":"https:\/\/www.provedor-jus.pt\/wp-content\/uploads\/2024\/10\/logo_provedor_50anos.jpg","contentUrl":"https:\/\/www.provedor-jus.pt\/wp-content\/uploads\/2024\/10\/logo_provedor_50anos.jpg","width":2514,"height":554,"caption":"Provedoria de Justi\u00e7a"},"image":{"@id":"https:\/\/www.provedor-jus.pt\/#\/schema\/logo\/image\/"}}]}},"_links":{"self":[{"href":"https:\/\/www.provedor-jus.pt\/en\/wp-json\/wp\/v2\/documentos\/25878","targetHints":{"allow":["GET"]}}],"collection":[{"href":"https:\/\/www.provedor-jus.pt\/en\/wp-json\/wp\/v2\/documentos"}],"about":[{"href":"https:\/\/www.provedor-jus.pt\/en\/wp-json\/wp\/v2\/types\/documentos"}],"author":[{"embeddable":true,"href":"https:\/\/www.provedor-jus.pt\/en\/wp-json\/wp\/v2\/users\/1"}],"wp:featuredmedia":[{"embeddable":true,"href":"https:\/\/www.provedor-jus.pt\/en\/wp-json\/wp\/v2\/media\/2212"}],"wp:attachment":[{"href":"https:\/\/www.provedor-jus.pt\/en\/wp-json\/wp\/v2\/media?parent=25878"}],"wp:term":[{"taxonomy":"catgorias_documentos","embeddable":true,"href":"https:\/\/www.provedor-jus.pt\/en\/wp-json\/wp\/v2\/catgorias_documentos?post=25878"}],"curies":[{"name":"wp","href":"https:\/\/api.w.org\/{rel}","templated":true}]}}