{"id":25886,"date":"2020-10-22T20:30:33","date_gmt":"2020-10-22T19:30:33","guid":{"rendered":"http:\/\/www.provedor-jus.pt\/documentos\/urbanismo-conservacao-de-edificios-arrendamento-urbano-interesse-publico\/"},"modified":"2020-10-22T20:30:33","modified_gmt":"2020-10-22T19:30:33","slug":"urbanismo-conservacao-de-edificios-arrendamento-urbano-interesse-publico","status":"publish","type":"documentos","link":"https:\/\/www.provedor-jus.pt\/en\/documentos\/urbanismo-conservacao-de-edificios-arrendamento-urbano-interesse-publico\/","title":{"rendered":"Urbanismo \u2013 Conserva\u00e7\u00e3o de edif\u00edcios \u2013 arrendamento urbano \u2013 interesse p\u00fablico"},"content":{"rendered":"<!-- RS_MODULE_CODE_2.5.3 --> <div id=\"readspeaker_button25886\" class=\"rs_skip rs_preserve\"><a class=\"rs_href\" title=\"Ouvir com ReadSpeaker\" href=\"https:\/\/app-eu.readspeaker.com\/cgi-bin\/rsent?customerid=6394&amp;lang=pt_pt&amp;readid=rspeak_read_25886&amp;url=https%3A%2F%2Fwww.provedor-jus.pt%2Fen%2Fwp-json%2Fwp%2Fv2%2Fdocumentos%2F25886\" onclick=\"readpage(this.href, 'xp25886'); return false;\"><img decoding=\"async\" src=\"https:\/\/www.provedor-jus.pt\/wp-content\/plugins\/enterprise_expanding_hl_wordpress-2x\/img\/icon_16px.gif\" alt=\"Ouvir com ReadSpeaker\" style=\"display: inline-block; margin-right: 5px;\"\/>Ouvir<\/a><\/div><div id=\"xp25886\" class=\"rs_addtools rs_splitbutton rs_preserve rs_skip rs_exp\"><\/div><div id=\"rspeak_read_25886\"><p style=\"text-align: justify\">O direito que assiste aos inquilinos de se substitu\u00edrem aos propriet\u00e1rios de Edifica\u00e7\u00f5es Urbanas deterioradas na sua Conserva\u00e7\u00e3o Extraordin\u00e1ria, n\u00e3o exime as autoridades municipais de exercerem os seus poderes de intima\u00e7\u00e3o dos propriet\u00e1rios, de aplicarem san\u00e7\u00f5es e, quando necess\u00e1rio, de executarem coercivamente a ordem, a expensas dos propriet\u00e1rios. Proc. R-3574\/08 Assunto: Urbanismo \u2013 Conserva\u00e7\u00e3o de edif\u00edcios \u2013 arrendamento urbano \u2013 interesse p\u00fablico Sum\u00e1rio: I \u2013 De par com outras reclama\u00e7\u00f5es similares apresentadas contra v\u00e1rios munic\u00edpios, queixara-se uma arrendat\u00e1ria de a C.M. de Pombal n\u00e3o intimar a senhoria a executar obras de conserva\u00e7\u00e3o extraordin\u00e1ria na edifica\u00e7\u00e3o em risco, muito menos a especificar os trabalhos necess\u00e1rios. II &#8211; Com efeito, o \u00f3rg\u00e3o visado considerava tratar-se de um conflito puramente privado, relegando, assim, o interesse p\u00fablico na seguran\u00e7a, salubridade e est\u00e9tica das edifica\u00e7\u00f5es. III &#8211; Mais se retorquiu \u00e0 C.M. de Pombal que a discricionariedade administrativa que equaciona a execu\u00e7\u00e3o coerciva n\u00e3o pode limitar-se a um ju\u00edzo de oportunidade financeira, havendo de compreender motiva\u00e7\u00f5es de prud\u00eancia. IV &#8211; A C.M. de Pombal atendeu \u00e0 queixa, intimando a propriet\u00e1ria com especifica\u00e7\u00e3o dos trabalhos, instaurando procedimento contra-ordenacional e admitindo ponderar a substitui\u00e7\u00e3o.<\/p>\n<\/div>","protected":false},"excerpt":{"rendered":"<p><!-- RS_MODULE_CODE_2.5.3 --> <\/p>\n<div id=\"readspeaker_button25886\" class=\"rs_skip rs_preserve\"><a class=\"rs_href\" title=\"Ouvir com ReadSpeaker\" href=\"https:\/\/app-eu.readspeaker.com\/cgi-bin\/rsent?customerid=6394&amp;lang=pt_pt&amp;readid=rspeak_read_25886&amp;url=https%3A%2F%2Fwww.provedor-jus.pt%2Fen%2Fwp-json%2Fwp%2Fv2%2Fdocumentos%2F25886\" onclick=\"readpage(this.href, 'xp25886'); return false;\"><img decoding=\"async\" src=\"https:\/\/www.provedor-jus.pt\/wp-content\/plugins\/enterprise_expanding_hl_wordpress-2x\/img\/icon_16px.gif\" alt=\"Ouvir com ReadSpeaker\" style=\"display: inline-block; margin-right: 5px;\"\/>Ouvir<\/a><\/div>\n<div id=\"xp25886\" class=\"rs_addtools rs_splitbutton rs_preserve rs_skip rs_exp\"><\/div>\n<div id=\"rspeak_read_25886\">O direito que assiste aos inquilinos de se substitu\u00edrem aos propriet\u00e1rios de Edifica\u00e7\u00f5es Urbanas deterioradas na sua Conserva\u00e7\u00e3o Extraordin\u00e1ria, n\u00e3o exime as autoridades municipais de exercerem os seus poderes de intima\u00e7\u00e3o dos propriet\u00e1rios, de aplicarem san\u00e7\u00f5es e, quando necess\u00e1rio, de executarem coercivamente a ordem, a expensas dos propriet\u00e1rios. Proc. R-3574\/08 Assunto: Urbanismo \u2013 Conserva\u00e7\u00e3o de edif\u00edcios \u2013 arrendamento urbano \u2013&hellip;<\/div>\n","protected":false},"author":1,"featured_media":2212,"menu_order":0,"template":"documentos-template.php","meta":{"_acf_changed":false},"catgorias_documentos":[151],"class_list":["post-25886","documentos","type-documentos","status-publish","has-post-thumbnail","hentry","catgorias_documentos-outras-decisoes-en"],"acf":[],"yoast_head":"<!-- This site is optimized with the Yoast SEO plugin v25.2 - https:\/\/yoast.com\/wordpress\/plugins\/seo\/ -->\n<title>Urbanismo \u2013 Conserva\u00e7\u00e3o de edif\u00edcios \u2013 arrendamento urbano \u2013 interesse p\u00fablico - Provedoria de Justi\u00e7a<\/title>\n<meta name=\"robots\" content=\"index, follow, max-snippet:-1, max-image-preview:large, max-video-preview:-1\" \/>\n<link rel=\"canonical\" href=\"https:\/\/www.provedor-jus.pt\/en\/documentos\/urbanismo-conservacao-de-edificios-arrendamento-urbano-interesse-publico\/\" \/>\n<meta property=\"og:locale\" content=\"en_US\" \/>\n<meta property=\"og:type\" content=\"article\" \/>\n<meta property=\"og:title\" content=\"Urbanismo \u2013 Conserva\u00e7\u00e3o de edif\u00edcios \u2013 arrendamento urbano \u2013 interesse p\u00fablico - Provedoria de Justi\u00e7a\" \/>\n<meta property=\"og:description\" content=\"OuvirO direito que assiste aos inquilinos de se substitu\u00edrem aos propriet\u00e1rios de Edifica\u00e7\u00f5es Urbanas deterioradas na sua Conserva\u00e7\u00e3o Extraordin\u00e1ria, n\u00e3o exime as autoridades municipais de exercerem os seus poderes de intima\u00e7\u00e3o dos propriet\u00e1rios, de aplicarem san\u00e7\u00f5es e, quando necess\u00e1rio, de executarem coercivamente a ordem, a expensas dos propriet\u00e1rios. Proc. R-3574\/08 Assunto: Urbanismo \u2013 Conserva\u00e7\u00e3o de edif\u00edcios \u2013 arrendamento urbano \u2013&hellip;\" \/>\n<meta property=\"og:url\" content=\"https:\/\/www.provedor-jus.pt\/en\/documentos\/urbanismo-conservacao-de-edificios-arrendamento-urbano-interesse-publico\/\" \/>\n<meta property=\"og:site_name\" content=\"Provedoria de Justi\u00e7a\" \/>\n<meta property=\"og:image\" content=\"https:\/\/www.provedor-jus.pt\/wp-content\/uploads\/2020\/09\/pdf.gif\" \/>\n\t<meta property=\"og:image:width\" content=\"40\" \/>\n\t<meta property=\"og:image:height\" content=\"47\" \/>\n\t<meta property=\"og:image:type\" content=\"image\/gif\" \/>\n<meta name=\"twitter:card\" content=\"summary_large_image\" \/>\n<meta name=\"twitter:label1\" content=\"Est. reading time\" \/>\n\t<meta name=\"twitter:data1\" content=\"1 minute\" \/>\n<script type=\"application\/ld+json\" class=\"yoast-schema-graph\">{\"@context\":\"https:\/\/schema.org\",\"@graph\":[{\"@type\":\"WebPage\",\"@id\":\"https:\/\/www.provedor-jus.pt\/en\/documentos\/urbanismo-conservacao-de-edificios-arrendamento-urbano-interesse-publico\/\",\"url\":\"https:\/\/www.provedor-jus.pt\/en\/documentos\/urbanismo-conservacao-de-edificios-arrendamento-urbano-interesse-publico\/\",\"name\":\"Urbanismo \u2013 Conserva\u00e7\u00e3o de edif\u00edcios \u2013 arrendamento urbano \u2013 interesse p\u00fablico - Provedoria de Justi\u00e7a\",\"isPartOf\":{\"@id\":\"https:\/\/www.provedor-jus.pt\/#website\"},\"primaryImageOfPage\":{\"@id\":\"https:\/\/www.provedor-jus.pt\/en\/documentos\/urbanismo-conservacao-de-edificios-arrendamento-urbano-interesse-publico\/#primaryimage\"},\"image\":{\"@id\":\"https:\/\/www.provedor-jus.pt\/en\/documentos\/urbanismo-conservacao-de-edificios-arrendamento-urbano-interesse-publico\/#primaryimage\"},\"thumbnailUrl\":\"https:\/\/www.provedor-jus.pt\/wp-content\/uploads\/2020\/09\/pdf.gif\",\"datePublished\":\"2020-10-22T19:30:33+00:00\",\"breadcrumb\":{\"@id\":\"https:\/\/www.provedor-jus.pt\/en\/documentos\/urbanismo-conservacao-de-edificios-arrendamento-urbano-interesse-publico\/#breadcrumb\"},\"inLanguage\":\"en-US\",\"potentialAction\":[{\"@type\":\"ReadAction\",\"target\":[\"https:\/\/www.provedor-jus.pt\/en\/documentos\/urbanismo-conservacao-de-edificios-arrendamento-urbano-interesse-publico\/\"]}]},{\"@type\":\"ImageObject\",\"inLanguage\":\"en-US\",\"@id\":\"https:\/\/www.provedor-jus.pt\/en\/documentos\/urbanismo-conservacao-de-edificios-arrendamento-urbano-interesse-publico\/#primaryimage\",\"url\":\"https:\/\/www.provedor-jus.pt\/wp-content\/uploads\/2020\/09\/pdf.gif\",\"contentUrl\":\"https:\/\/www.provedor-jus.pt\/wp-content\/uploads\/2020\/09\/pdf.gif\",\"width\":40,\"height\":47,\"caption\":\"iconpdf\"},{\"@type\":\"BreadcrumbList\",\"@id\":\"https:\/\/www.provedor-jus.pt\/en\/documentos\/urbanismo-conservacao-de-edificios-arrendamento-urbano-interesse-publico\/#breadcrumb\",\"itemListElement\":[{\"@type\":\"ListItem\",\"position\":1,\"name\":\"In\u00edcio\",\"item\":\"https:\/\/www.provedor-jus.pt\/en\/\"},{\"@type\":\"ListItem\",\"position\":2,\"name\":\"Urbanismo \u2013 Conserva\u00e7\u00e3o de edif\u00edcios \u2013 arrendamento urbano \u2013 interesse p\u00fablico\"}]},{\"@type\":\"WebSite\",\"@id\":\"https:\/\/www.provedor-jus.pt\/#website\",\"url\":\"https:\/\/www.provedor-jus.pt\/\",\"name\":\"Provedoria de Justi\u00e7a\",\"description\":\"\",\"publisher\":{\"@id\":\"https:\/\/www.provedor-jus.pt\/#organization\"},\"potentialAction\":[{\"@type\":\"SearchAction\",\"target\":{\"@type\":\"EntryPoint\",\"urlTemplate\":\"https:\/\/www.provedor-jus.pt\/?s={search_term_string}\"},\"query-input\":{\"@type\":\"PropertyValueSpecification\",\"valueRequired\":true,\"valueName\":\"search_term_string\"}}],\"inLanguage\":\"en-US\"},{\"@type\":\"Organization\",\"@id\":\"https:\/\/www.provedor-jus.pt\/#organization\",\"name\":\"Provedoria de Justi\u00e7a\",\"url\":\"https:\/\/www.provedor-jus.pt\/\",\"logo\":{\"@type\":\"ImageObject\",\"inLanguage\":\"en-US\",\"@id\":\"https:\/\/www.provedor-jus.pt\/#\/schema\/logo\/image\/\",\"url\":\"https:\/\/www.provedor-jus.pt\/wp-content\/uploads\/2024\/10\/logo_provedor_50anos.jpg\",\"contentUrl\":\"https:\/\/www.provedor-jus.pt\/wp-content\/uploads\/2024\/10\/logo_provedor_50anos.jpg\",\"width\":2514,\"height\":554,\"caption\":\"Provedoria de Justi\u00e7a\"},\"image\":{\"@id\":\"https:\/\/www.provedor-jus.pt\/#\/schema\/logo\/image\/\"}}]}<\/script>\n<!-- \/ Yoast SEO plugin. -->","yoast_head_json":{"title":"Urbanismo \u2013 Conserva\u00e7\u00e3o de edif\u00edcios \u2013 arrendamento urbano \u2013 interesse p\u00fablico - Provedoria de Justi\u00e7a","robots":{"index":"index","follow":"follow","max-snippet":"max-snippet:-1","max-image-preview":"max-image-preview:large","max-video-preview":"max-video-preview:-1"},"canonical":"https:\/\/www.provedor-jus.pt\/en\/documentos\/urbanismo-conservacao-de-edificios-arrendamento-urbano-interesse-publico\/","og_locale":"en_US","og_type":"article","og_title":"Urbanismo \u2013 Conserva\u00e7\u00e3o de edif\u00edcios \u2013 arrendamento urbano \u2013 interesse p\u00fablico - Provedoria de Justi\u00e7a","og_description":"OuvirO direito que assiste aos inquilinos de se substitu\u00edrem aos propriet\u00e1rios de Edifica\u00e7\u00f5es Urbanas deterioradas na sua Conserva\u00e7\u00e3o Extraordin\u00e1ria, n\u00e3o exime as autoridades municipais de exercerem os seus poderes de intima\u00e7\u00e3o dos propriet\u00e1rios, de aplicarem san\u00e7\u00f5es e, quando necess\u00e1rio, de executarem coercivamente a ordem, a expensas dos propriet\u00e1rios. Proc. R-3574\/08 Assunto: Urbanismo \u2013 Conserva\u00e7\u00e3o de edif\u00edcios \u2013 arrendamento urbano \u2013&hellip;","og_url":"https:\/\/www.provedor-jus.pt\/en\/documentos\/urbanismo-conservacao-de-edificios-arrendamento-urbano-interesse-publico\/","og_site_name":"Provedoria de Justi\u00e7a","og_image":[{"width":40,"height":47,"url":"https:\/\/www.provedor-jus.pt\/wp-content\/uploads\/2020\/09\/pdf.gif","type":"image\/gif"}],"twitter_card":"summary_large_image","twitter_misc":{"Est. reading time":"1 minute"},"schema":{"@context":"https:\/\/schema.org","@graph":[{"@type":"WebPage","@id":"https:\/\/www.provedor-jus.pt\/en\/documentos\/urbanismo-conservacao-de-edificios-arrendamento-urbano-interesse-publico\/","url":"https:\/\/www.provedor-jus.pt\/en\/documentos\/urbanismo-conservacao-de-edificios-arrendamento-urbano-interesse-publico\/","name":"Urbanismo \u2013 Conserva\u00e7\u00e3o de edif\u00edcios \u2013 arrendamento urbano \u2013 interesse p\u00fablico - Provedoria de Justi\u00e7a","isPartOf":{"@id":"https:\/\/www.provedor-jus.pt\/#website"},"primaryImageOfPage":{"@id":"https:\/\/www.provedor-jus.pt\/en\/documentos\/urbanismo-conservacao-de-edificios-arrendamento-urbano-interesse-publico\/#primaryimage"},"image":{"@id":"https:\/\/www.provedor-jus.pt\/en\/documentos\/urbanismo-conservacao-de-edificios-arrendamento-urbano-interesse-publico\/#primaryimage"},"thumbnailUrl":"https:\/\/www.provedor-jus.pt\/wp-content\/uploads\/2020\/09\/pdf.gif","datePublished":"2020-10-22T19:30:33+00:00","breadcrumb":{"@id":"https:\/\/www.provedor-jus.pt\/en\/documentos\/urbanismo-conservacao-de-edificios-arrendamento-urbano-interesse-publico\/#breadcrumb"},"inLanguage":"en-US","potentialAction":[{"@type":"ReadAction","target":["https:\/\/www.provedor-jus.pt\/en\/documentos\/urbanismo-conservacao-de-edificios-arrendamento-urbano-interesse-publico\/"]}]},{"@type":"ImageObject","inLanguage":"en-US","@id":"https:\/\/www.provedor-jus.pt\/en\/documentos\/urbanismo-conservacao-de-edificios-arrendamento-urbano-interesse-publico\/#primaryimage","url":"https:\/\/www.provedor-jus.pt\/wp-content\/uploads\/2020\/09\/pdf.gif","contentUrl":"https:\/\/www.provedor-jus.pt\/wp-content\/uploads\/2020\/09\/pdf.gif","width":40,"height":47,"caption":"iconpdf"},{"@type":"BreadcrumbList","@id":"https:\/\/www.provedor-jus.pt\/en\/documentos\/urbanismo-conservacao-de-edificios-arrendamento-urbano-interesse-publico\/#breadcrumb","itemListElement":[{"@type":"ListItem","position":1,"name":"In\u00edcio","item":"https:\/\/www.provedor-jus.pt\/en\/"},{"@type":"ListItem","position":2,"name":"Urbanismo \u2013 Conserva\u00e7\u00e3o de edif\u00edcios \u2013 arrendamento urbano \u2013 interesse p\u00fablico"}]},{"@type":"WebSite","@id":"https:\/\/www.provedor-jus.pt\/#website","url":"https:\/\/www.provedor-jus.pt\/","name":"Provedoria de Justi\u00e7a","description":"","publisher":{"@id":"https:\/\/www.provedor-jus.pt\/#organization"},"potentialAction":[{"@type":"SearchAction","target":{"@type":"EntryPoint","urlTemplate":"https:\/\/www.provedor-jus.pt\/?s={search_term_string}"},"query-input":{"@type":"PropertyValueSpecification","valueRequired":true,"valueName":"search_term_string"}}],"inLanguage":"en-US"},{"@type":"Organization","@id":"https:\/\/www.provedor-jus.pt\/#organization","name":"Provedoria de Justi\u00e7a","url":"https:\/\/www.provedor-jus.pt\/","logo":{"@type":"ImageObject","inLanguage":"en-US","@id":"https:\/\/www.provedor-jus.pt\/#\/schema\/logo\/image\/","url":"https:\/\/www.provedor-jus.pt\/wp-content\/uploads\/2024\/10\/logo_provedor_50anos.jpg","contentUrl":"https:\/\/www.provedor-jus.pt\/wp-content\/uploads\/2024\/10\/logo_provedor_50anos.jpg","width":2514,"height":554,"caption":"Provedoria de Justi\u00e7a"},"image":{"@id":"https:\/\/www.provedor-jus.pt\/#\/schema\/logo\/image\/"}}]}},"_links":{"self":[{"href":"https:\/\/www.provedor-jus.pt\/en\/wp-json\/wp\/v2\/documentos\/25886","targetHints":{"allow":["GET"]}}],"collection":[{"href":"https:\/\/www.provedor-jus.pt\/en\/wp-json\/wp\/v2\/documentos"}],"about":[{"href":"https:\/\/www.provedor-jus.pt\/en\/wp-json\/wp\/v2\/types\/documentos"}],"author":[{"embeddable":true,"href":"https:\/\/www.provedor-jus.pt\/en\/wp-json\/wp\/v2\/users\/1"}],"wp:featuredmedia":[{"embeddable":true,"href":"https:\/\/www.provedor-jus.pt\/en\/wp-json\/wp\/v2\/media\/2212"}],"wp:attachment":[{"href":"https:\/\/www.provedor-jus.pt\/en\/wp-json\/wp\/v2\/media?parent=25886"}],"wp:term":[{"taxonomy":"catgorias_documentos","embeddable":true,"href":"https:\/\/www.provedor-jus.pt\/en\/wp-json\/wp\/v2\/catgorias_documentos?post=25886"}],"curies":[{"name":"wp","href":"https:\/\/api.w.org\/{rel}","templated":true}]}}