{"id":25901,"date":"2020-10-22T20:30:29","date_gmt":"2020-10-22T19:30:29","guid":{"rendered":"http:\/\/www.provedor-jus.pt\/documentos\/solicitador\/"},"modified":"2020-10-22T20:30:29","modified_gmt":"2020-10-22T19:30:29","slug":"solicitador","status":"publish","type":"documentos","link":"https:\/\/www.provedor-jus.pt\/en\/documentos\/solicitador\/","title":{"rendered":"Solicitador"},"content":{"rendered":"<!-- RS_MODULE_CODE_2.5.3 --> <div id=\"readspeaker_button25901\" class=\"rs_skip rs_preserve\"><a class=\"rs_href\" title=\"Ouvir com ReadSpeaker\" href=\"https:\/\/app-eu.readspeaker.com\/cgi-bin\/rsent?customerid=6394&amp;lang=pt_pt&amp;readid=rspeak_read_25901&amp;url=https%3A%2F%2Fwww.provedor-jus.pt%2Fen%2Fwp-json%2Fwp%2Fv2%2Fdocumentos%2F25901\" onclick=\"readpage(this.href, 'xp25901'); return false;\"><img decoding=\"async\" src=\"https:\/\/www.provedor-jus.pt\/wp-content\/plugins\/enterprise_expanding_hl_wordpress-2x\/img\/icon_16px.gif\" alt=\"Ouvir com ReadSpeaker\" style=\"display: inline-block; margin-right: 5px;\"\/>Ouvir<\/a><\/div><div id=\"xp25901\" class=\"rs_addtools rs_splitbutton rs_preserve rs_skip rs_exp\"><\/div><div id=\"rspeak_read_25901\"><p>Processo R-1026\/09 (A6)<br \/>\nAssunto: EP Porto<br \/>\n\u3000<br \/>\nOuvido o EP do Porto e analisada a resposta dada \u00e0 reclama\u00e7\u00e3o de V.\u00aa Ex.\u00aa, \u00e9 poss\u00edvel formular as conclus\u00f5es que seguem.<br \/>\nAssim, ao contr\u00e1rio do que parecia resultar da primeira descri\u00e7\u00e3o dos factos, alega-se nunca ter sido colocada em d\u00favida a faculdade de acesso a recluso por parte de solicitador no exerc\u00edcio das suas fun\u00e7\u00f5es. Na verdade, invoca-se n\u00e3o ter sido compreendida ser essa a situa\u00e7\u00e3o ocorrida, n\u00e3o parecendo interessante, face aos meios de prova dispon\u00edveis, aprofundar em que termos assim foi ou n\u00e3o, ou a quem poderia eventualmente ser imput\u00e1vel tal insufici\u00eancia de comunica\u00e7\u00e3o.<br \/>\nEm concreto, interessou-me apenas verificar a raz\u00e3o pela qual, declarando-se ter sido descoberto, a partir de certo momento, o escopo da visita, n\u00e3o tinha V.\u00aa Ex.\u00aa sido de imediato introduzido na sala onde poderia decorrer o encontro com o recluso. A tal, foi-me respondido que esse momento coincidiu com a finaliza\u00e7\u00e3o da reuni\u00e3o que retinha o director do EP, assim tendo-se preferido, j\u00e1 que a espera j\u00e1 tinha decorrido, que fosse o mesmo a atender V.\u00aa Ex.\u00aa<br \/>\nSendo manifestamente pac\u00edfica a aceita\u00e7\u00e3o da entrada de solicitador, sem necessidade de autoriza\u00e7\u00e3o administrativa, para cumprimento das dilig\u00eancias em quest\u00e3o, nada tenho a apontar quanto a este aspecto.<br \/>\nTodavia, sempre sugeri ao Senhor Director do EP que fosse afixada, na zona da portaria, informa\u00e7\u00e3o que alertasse solicitadores visitantes como funcion\u00e1rios de vigil\u00e2ncia para a especificidade desta situa\u00e7\u00e3o, assim prevenindo a repeti\u00e7\u00e3o do sucedido com V.\u00aa Ex.\u00aa.<br \/>\nRelativamente \u00e0 quest\u00e3o dos telem\u00f3veis, \u00e9 verdade que a regulamenta\u00e7\u00e3o da DGSP, ali\u00e1s legitimamente, pro\u00edbe a entrada de telem\u00f3veis na zona prisional. Conhecendo-se as raz\u00f5es de seguran\u00e7a inerentes a tal proibi\u00e7\u00e3o, de que n\u00e3o est\u00e3o isentos, ali\u00e1s, os meus colaboradores quando visitam um EP, n\u00e3o tenho qualquer censura ou observa\u00e7\u00e3o a fazer a este prop\u00f3sito.<br \/>\nN\u00e3o existindo, assim, um &#8220;direito&#8221; ao uso ou posse de telem\u00f3vel na zona prisional, resta verificar se a excep\u00e7\u00e3o consentida pela mesma regulamenta\u00e7\u00e3o aos advogados se justifica e, na afirmativa, se a respectiva raz\u00e3o de ser \u00e9 extens\u00edvel ao caso dos solicitadores em miss\u00e3o similar \u00e0 desenvolvida no caso concreto por V.\u00aa Ex.\u00aa, sendo certo que mais facilmente se recomendaria a revoga\u00e7\u00e3o desta possibilidade do que a sua extens\u00e3o.<br \/>\nOra, n\u00e3o posso colocar em plano de igualdade a visita por advogado, que visa, em termos amplos, o exerc\u00edcio do direito constitucional de defesa e ao patroc\u00ednio jur\u00eddico, com a realiza\u00e7\u00e3o de dilig\u00eancias por solicitador, sejam ou n\u00e3o em benef\u00edcio do interessado.<br \/>\nNo primeiro caso, \u00e9 mais de aceitar a necessidade da realiza\u00e7\u00e3o de contactos telef\u00f3nicos durante a realiza\u00e7\u00e3o da visita, \u00fanica finalidade para que \u00e9 adequado o tratamento mais favor\u00e1vel indicado. Do mesmo modo, j\u00e1 sem conex\u00e3o com o recluso visitado mas com o universo dos outros patrocinados pelo mesmo advogado, \u00e9 plaus\u00edvel que possa ocorrer, durante o per\u00edodo da visita, contacto urgente e inadi\u00e1vel por parte de terceiro, em termos que justifiquem a inexist\u00eancia de per\u00edodo de incontactabilidade.<br \/>\nSer\u00e1 tamb\u00e9m, em regra, mais prolongado o tempo da visita de advogado do que o de dilig\u00eancia id\u00eantica \u00e0 desenvolvida por V.\u00aa Ex.\u00aa<br \/>\nEm suma, n\u00e3o vendo raz\u00f5es para recomendar id\u00eantico tratamento como indicado por V.\u00aa Ex.\u00aa, nada oporia a similar modifica\u00e7\u00e3o normativa, a n\u00e3o ser o indesej\u00e1vel aumento do risco de introdu\u00e7\u00e3o ou utiliza\u00e7\u00e3o de objectos proibidos dentro do EP, que, como acima afirmei, em geral recuso, inclusivamente para os meus colaboradores.<\/p>\n<\/div>","protected":false},"excerpt":{"rendered":"<p><!-- RS_MODULE_CODE_2.5.3 --> <\/p>\n<div id=\"readspeaker_button25901\" class=\"rs_skip rs_preserve\"><a class=\"rs_href\" title=\"Ouvir com ReadSpeaker\" href=\"https:\/\/app-eu.readspeaker.com\/cgi-bin\/rsent?customerid=6394&amp;lang=pt_pt&amp;readid=rspeak_read_25901&amp;url=https%3A%2F%2Fwww.provedor-jus.pt%2Fen%2Fwp-json%2Fwp%2Fv2%2Fdocumentos%2F25901\" onclick=\"readpage(this.href, 'xp25901'); return false;\"><img decoding=\"async\" src=\"https:\/\/www.provedor-jus.pt\/wp-content\/plugins\/enterprise_expanding_hl_wordpress-2x\/img\/icon_16px.gif\" alt=\"Ouvir com ReadSpeaker\" style=\"display: inline-block; margin-right: 5px;\"\/>Ouvir<\/a><\/div>\n<div id=\"xp25901\" class=\"rs_addtools rs_splitbutton rs_preserve rs_skip rs_exp\"><\/div>\n<div id=\"rspeak_read_25901\">Processo R-1026\/09 (A6) Assunto: EP Porto \u3000 Ouvido o EP do Porto e analisada a resposta dada \u00e0 reclama\u00e7\u00e3o de V.\u00aa Ex.\u00aa, \u00e9 poss\u00edvel formular as conclus\u00f5es que seguem. Assim, ao contr\u00e1rio do que parecia resultar da primeira descri\u00e7\u00e3o dos factos, alega-se nunca ter sido colocada em d\u00favida a faculdade de acesso a recluso por parte de solicitador no exerc\u00edcio&hellip;<\/div>\n","protected":false},"author":1,"featured_media":2212,"menu_order":0,"template":"documentos-template.php","meta":{"_acf_changed":false},"catgorias_documentos":[151],"class_list":["post-25901","documentos","type-documentos","status-publish","has-post-thumbnail","hentry","catgorias_documentos-outras-decisoes-en"],"acf":[],"yoast_head":"<!-- This site is optimized with the Yoast SEO plugin v25.2 - https:\/\/yoast.com\/wordpress\/plugins\/seo\/ -->\n<title>Solicitador - Provedoria de Justi\u00e7a<\/title>\n<meta name=\"robots\" content=\"index, follow, max-snippet:-1, max-image-preview:large, max-video-preview:-1\" \/>\n<link rel=\"canonical\" href=\"https:\/\/www.provedor-jus.pt\/en\/documentos\/solicitador\/\" \/>\n<meta property=\"og:locale\" content=\"en_US\" \/>\n<meta property=\"og:type\" content=\"article\" \/>\n<meta property=\"og:title\" content=\"Solicitador - Provedoria de Justi\u00e7a\" \/>\n<meta property=\"og:description\" content=\"OuvirProcesso R-1026\/09 (A6) Assunto: EP Porto \u3000 Ouvido o EP do Porto e analisada a resposta dada \u00e0 reclama\u00e7\u00e3o de V.\u00aa Ex.\u00aa, \u00e9 poss\u00edvel formular as conclus\u00f5es que seguem. Assim, ao contr\u00e1rio do que parecia resultar da primeira descri\u00e7\u00e3o dos factos, alega-se nunca ter sido colocada em d\u00favida a faculdade de acesso a recluso por parte de solicitador no exerc\u00edcio&hellip;\" \/>\n<meta property=\"og:url\" content=\"https:\/\/www.provedor-jus.pt\/en\/documentos\/solicitador\/\" \/>\n<meta property=\"og:site_name\" content=\"Provedoria de Justi\u00e7a\" \/>\n<meta property=\"og:image\" content=\"https:\/\/www.provedor-jus.pt\/wp-content\/uploads\/2020\/09\/pdf.gif\" \/>\n\t<meta property=\"og:image:width\" content=\"40\" \/>\n\t<meta property=\"og:image:height\" content=\"47\" \/>\n\t<meta property=\"og:image:type\" content=\"image\/gif\" \/>\n<meta name=\"twitter:card\" content=\"summary_large_image\" \/>\n<meta name=\"twitter:label1\" content=\"Est. reading time\" \/>\n\t<meta name=\"twitter:data1\" content=\"3 minutes\" \/>\n<script type=\"application\/ld+json\" class=\"yoast-schema-graph\">{\"@context\":\"https:\/\/schema.org\",\"@graph\":[{\"@type\":\"WebPage\",\"@id\":\"https:\/\/www.provedor-jus.pt\/en\/documentos\/solicitador\/\",\"url\":\"https:\/\/www.provedor-jus.pt\/en\/documentos\/solicitador\/\",\"name\":\"Solicitador - Provedoria de Justi\u00e7a\",\"isPartOf\":{\"@id\":\"https:\/\/www.provedor-jus.pt\/#website\"},\"primaryImageOfPage\":{\"@id\":\"https:\/\/www.provedor-jus.pt\/en\/documentos\/solicitador\/#primaryimage\"},\"image\":{\"@id\":\"https:\/\/www.provedor-jus.pt\/en\/documentos\/solicitador\/#primaryimage\"},\"thumbnailUrl\":\"https:\/\/www.provedor-jus.pt\/wp-content\/uploads\/2020\/09\/pdf.gif\",\"datePublished\":\"2020-10-22T19:30:29+00:00\",\"breadcrumb\":{\"@id\":\"https:\/\/www.provedor-jus.pt\/en\/documentos\/solicitador\/#breadcrumb\"},\"inLanguage\":\"en-US\",\"potentialAction\":[{\"@type\":\"ReadAction\",\"target\":[\"https:\/\/www.provedor-jus.pt\/en\/documentos\/solicitador\/\"]}]},{\"@type\":\"ImageObject\",\"inLanguage\":\"en-US\",\"@id\":\"https:\/\/www.provedor-jus.pt\/en\/documentos\/solicitador\/#primaryimage\",\"url\":\"https:\/\/www.provedor-jus.pt\/wp-content\/uploads\/2020\/09\/pdf.gif\",\"contentUrl\":\"https:\/\/www.provedor-jus.pt\/wp-content\/uploads\/2020\/09\/pdf.gif\",\"width\":40,\"height\":47,\"caption\":\"iconpdf\"},{\"@type\":\"BreadcrumbList\",\"@id\":\"https:\/\/www.provedor-jus.pt\/en\/documentos\/solicitador\/#breadcrumb\",\"itemListElement\":[{\"@type\":\"ListItem\",\"position\":1,\"name\":\"In\u00edcio\",\"item\":\"https:\/\/www.provedor-jus.pt\/en\/\"},{\"@type\":\"ListItem\",\"position\":2,\"name\":\"Solicitador\"}]},{\"@type\":\"WebSite\",\"@id\":\"https:\/\/www.provedor-jus.pt\/#website\",\"url\":\"https:\/\/www.provedor-jus.pt\/\",\"name\":\"Provedoria de Justi\u00e7a\",\"description\":\"\",\"publisher\":{\"@id\":\"https:\/\/www.provedor-jus.pt\/#organization\"},\"potentialAction\":[{\"@type\":\"SearchAction\",\"target\":{\"@type\":\"EntryPoint\",\"urlTemplate\":\"https:\/\/www.provedor-jus.pt\/?s={search_term_string}\"},\"query-input\":{\"@type\":\"PropertyValueSpecification\",\"valueRequired\":true,\"valueName\":\"search_term_string\"}}],\"inLanguage\":\"en-US\"},{\"@type\":\"Organization\",\"@id\":\"https:\/\/www.provedor-jus.pt\/#organization\",\"name\":\"Provedoria de Justi\u00e7a\",\"url\":\"https:\/\/www.provedor-jus.pt\/\",\"logo\":{\"@type\":\"ImageObject\",\"inLanguage\":\"en-US\",\"@id\":\"https:\/\/www.provedor-jus.pt\/#\/schema\/logo\/image\/\",\"url\":\"https:\/\/www.provedor-jus.pt\/wp-content\/uploads\/2024\/10\/logo_provedor_50anos.jpg\",\"contentUrl\":\"https:\/\/www.provedor-jus.pt\/wp-content\/uploads\/2024\/10\/logo_provedor_50anos.jpg\",\"width\":2514,\"height\":554,\"caption\":\"Provedoria de Justi\u00e7a\"},\"image\":{\"@id\":\"https:\/\/www.provedor-jus.pt\/#\/schema\/logo\/image\/\"}}]}<\/script>\n<!-- \/ Yoast SEO plugin. -->","yoast_head_json":{"title":"Solicitador - Provedoria de Justi\u00e7a","robots":{"index":"index","follow":"follow","max-snippet":"max-snippet:-1","max-image-preview":"max-image-preview:large","max-video-preview":"max-video-preview:-1"},"canonical":"https:\/\/www.provedor-jus.pt\/en\/documentos\/solicitador\/","og_locale":"en_US","og_type":"article","og_title":"Solicitador - Provedoria de Justi\u00e7a","og_description":"OuvirProcesso R-1026\/09 (A6) Assunto: EP Porto \u3000 Ouvido o EP do Porto e analisada a resposta dada \u00e0 reclama\u00e7\u00e3o de V.\u00aa Ex.\u00aa, \u00e9 poss\u00edvel formular as conclus\u00f5es que seguem. Assim, ao contr\u00e1rio do que parecia resultar da primeira descri\u00e7\u00e3o dos factos, alega-se nunca ter sido colocada em d\u00favida a faculdade de acesso a recluso por parte de solicitador no exerc\u00edcio&hellip;","og_url":"https:\/\/www.provedor-jus.pt\/en\/documentos\/solicitador\/","og_site_name":"Provedoria de Justi\u00e7a","og_image":[{"width":40,"height":47,"url":"https:\/\/www.provedor-jus.pt\/wp-content\/uploads\/2020\/09\/pdf.gif","type":"image\/gif"}],"twitter_card":"summary_large_image","twitter_misc":{"Est. reading time":"3 minutes"},"schema":{"@context":"https:\/\/schema.org","@graph":[{"@type":"WebPage","@id":"https:\/\/www.provedor-jus.pt\/en\/documentos\/solicitador\/","url":"https:\/\/www.provedor-jus.pt\/en\/documentos\/solicitador\/","name":"Solicitador - Provedoria de Justi\u00e7a","isPartOf":{"@id":"https:\/\/www.provedor-jus.pt\/#website"},"primaryImageOfPage":{"@id":"https:\/\/www.provedor-jus.pt\/en\/documentos\/solicitador\/#primaryimage"},"image":{"@id":"https:\/\/www.provedor-jus.pt\/en\/documentos\/solicitador\/#primaryimage"},"thumbnailUrl":"https:\/\/www.provedor-jus.pt\/wp-content\/uploads\/2020\/09\/pdf.gif","datePublished":"2020-10-22T19:30:29+00:00","breadcrumb":{"@id":"https:\/\/www.provedor-jus.pt\/en\/documentos\/solicitador\/#breadcrumb"},"inLanguage":"en-US","potentialAction":[{"@type":"ReadAction","target":["https:\/\/www.provedor-jus.pt\/en\/documentos\/solicitador\/"]}]},{"@type":"ImageObject","inLanguage":"en-US","@id":"https:\/\/www.provedor-jus.pt\/en\/documentos\/solicitador\/#primaryimage","url":"https:\/\/www.provedor-jus.pt\/wp-content\/uploads\/2020\/09\/pdf.gif","contentUrl":"https:\/\/www.provedor-jus.pt\/wp-content\/uploads\/2020\/09\/pdf.gif","width":40,"height":47,"caption":"iconpdf"},{"@type":"BreadcrumbList","@id":"https:\/\/www.provedor-jus.pt\/en\/documentos\/solicitador\/#breadcrumb","itemListElement":[{"@type":"ListItem","position":1,"name":"In\u00edcio","item":"https:\/\/www.provedor-jus.pt\/en\/"},{"@type":"ListItem","position":2,"name":"Solicitador"}]},{"@type":"WebSite","@id":"https:\/\/www.provedor-jus.pt\/#website","url":"https:\/\/www.provedor-jus.pt\/","name":"Provedoria de Justi\u00e7a","description":"","publisher":{"@id":"https:\/\/www.provedor-jus.pt\/#organization"},"potentialAction":[{"@type":"SearchAction","target":{"@type":"EntryPoint","urlTemplate":"https:\/\/www.provedor-jus.pt\/?s={search_term_string}"},"query-input":{"@type":"PropertyValueSpecification","valueRequired":true,"valueName":"search_term_string"}}],"inLanguage":"en-US"},{"@type":"Organization","@id":"https:\/\/www.provedor-jus.pt\/#organization","name":"Provedoria de Justi\u00e7a","url":"https:\/\/www.provedor-jus.pt\/","logo":{"@type":"ImageObject","inLanguage":"en-US","@id":"https:\/\/www.provedor-jus.pt\/#\/schema\/logo\/image\/","url":"https:\/\/www.provedor-jus.pt\/wp-content\/uploads\/2024\/10\/logo_provedor_50anos.jpg","contentUrl":"https:\/\/www.provedor-jus.pt\/wp-content\/uploads\/2024\/10\/logo_provedor_50anos.jpg","width":2514,"height":554,"caption":"Provedoria de Justi\u00e7a"},"image":{"@id":"https:\/\/www.provedor-jus.pt\/#\/schema\/logo\/image\/"}}]}},"_links":{"self":[{"href":"https:\/\/www.provedor-jus.pt\/en\/wp-json\/wp\/v2\/documentos\/25901","targetHints":{"allow":["GET"]}}],"collection":[{"href":"https:\/\/www.provedor-jus.pt\/en\/wp-json\/wp\/v2\/documentos"}],"about":[{"href":"https:\/\/www.provedor-jus.pt\/en\/wp-json\/wp\/v2\/types\/documentos"}],"author":[{"embeddable":true,"href":"https:\/\/www.provedor-jus.pt\/en\/wp-json\/wp\/v2\/users\/1"}],"wp:featuredmedia":[{"embeddable":true,"href":"https:\/\/www.provedor-jus.pt\/en\/wp-json\/wp\/v2\/media\/2212"}],"wp:attachment":[{"href":"https:\/\/www.provedor-jus.pt\/en\/wp-json\/wp\/v2\/media?parent=25901"}],"wp:term":[{"taxonomy":"catgorias_documentos","embeddable":true,"href":"https:\/\/www.provedor-jus.pt\/en\/wp-json\/wp\/v2\/catgorias_documentos?post=25901"}],"curies":[{"name":"wp","href":"https:\/\/api.w.org\/{rel}","templated":true}]}}