{"id":25913,"date":"2020-10-22T20:30:25","date_gmt":"2020-10-22T19:30:25","guid":{"rendered":"http:\/\/www.provedor-jus.pt\/documentos\/lei-n-o-12-a-2008-de-27-de-fevereiro\/"},"modified":"2020-10-22T20:30:25","modified_gmt":"2020-10-22T19:30:25","slug":"lei-n-o-12-a-2008-de-27-de-fevereiro","status":"publish","type":"documentos","link":"https:\/\/www.provedor-jus.pt\/en\/documentos\/lei-n-o-12-a-2008-de-27-de-fevereiro\/","title":{"rendered":"Lei n.\u00ba 12-A\/2008, de 27 de Fevereiro."},"content":{"rendered":"<!-- RS_MODULE_CODE_2.5.3 --> <div id=\"readspeaker_button25913\" class=\"rs_skip rs_preserve\"><a class=\"rs_href\" title=\"Ouvir com ReadSpeaker\" href=\"https:\/\/app-eu.readspeaker.com\/cgi-bin\/rsent?customerid=6394&amp;lang=pt_pt&amp;readid=rspeak_read_25913&amp;url=https%3A%2F%2Fwww.provedor-jus.pt%2Fen%2Fwp-json%2Fwp%2Fv2%2Fdocumentos%2F25913\" onclick=\"readpage(this.href, 'xp25913'); return false;\"><img decoding=\"async\" src=\"https:\/\/www.provedor-jus.pt\/wp-content\/plugins\/enterprise_expanding_hl_wordpress-2x\/img\/icon_16px.gif\" alt=\"Ouvir com ReadSpeaker\" style=\"display: inline-block; margin-right: 5px;\"\/>Ouvir<\/a><\/div><div id=\"xp25913\" class=\"rs_addtools rs_splitbutton rs_preserve rs_skip rs_exp\"><\/div><div id=\"rspeak_read_25913\"><p>INFORMA\u00c7\u00c3O<br \/>\nAssunto: Lei n.\u00ba 12-A\/2008, de 27 de Fevereiro.<br \/>\n\u00a01. Foram apresentadas, ao Provedor de Justi\u00e7a, v\u00e1rias queixas relativas \u00e0 Lei n.\u00ba 12-A\/2008, de 27 de Fevereiro (entretanto alterada pela Lei n.\u00ba 64-A\/2008, de 31 de Dezembro), definidora dos regimes de vincula\u00e7\u00e3o, de carreiras e de remunera\u00e7\u00f5es dos trabalhadores que exercem fun\u00e7\u00f5es p\u00fablicas.<br \/>\nAs quest\u00f5es essenciais dessas reclama\u00e7\u00f5es prendem-se, por um lado, com a circunst\u00e2ncia de o contrato de trabalho em fun\u00e7\u00f5es p\u00fablicas passar a constituir a modalidade da rela\u00e7\u00e3o jur\u00eddica de emprego p\u00fablico predominante, ficando a nomea\u00e7\u00e3o reservada aos trabalhadores que executam o rol muito espec\u00edfico de atribui\u00e7\u00f5es elencadas no art.\u00ba 10.\u00ba da Lei n.\u00ba 12-A\/2008 e, por outro, com a circunst\u00e2ncia de os trabalhadores antes nomeados definitivamente que n\u00e3o exercem essas fun\u00e7\u00f5es previstas no art.\u00ba 10.\u00ba, transitarem, sem mais formalidades, para a modalidade de contrato por tempo indeterminado, embora mantendo os regimes de cessa\u00e7\u00e3o da rela\u00e7\u00e3o jur\u00eddica de emprego p\u00fablico e de reorganiza\u00e7\u00e3o de servi\u00e7os e coloca\u00e7\u00e3o de pessoal em situa\u00e7\u00e3o de mobilidade especial pr\u00f3prios da nomea\u00e7\u00e3o definitiva.<br \/>\n[&#8230;]<br \/>\n\u00a0<\/p>\n<\/div>","protected":false},"excerpt":{"rendered":"<p><!-- RS_MODULE_CODE_2.5.3 --> <\/p>\n<div id=\"readspeaker_button25913\" class=\"rs_skip rs_preserve\"><a class=\"rs_href\" title=\"Ouvir com ReadSpeaker\" href=\"https:\/\/app-eu.readspeaker.com\/cgi-bin\/rsent?customerid=6394&amp;lang=pt_pt&amp;readid=rspeak_read_25913&amp;url=https%3A%2F%2Fwww.provedor-jus.pt%2Fen%2Fwp-json%2Fwp%2Fv2%2Fdocumentos%2F25913\" onclick=\"readpage(this.href, 'xp25913'); return false;\"><img decoding=\"async\" src=\"https:\/\/www.provedor-jus.pt\/wp-content\/plugins\/enterprise_expanding_hl_wordpress-2x\/img\/icon_16px.gif\" alt=\"Ouvir com ReadSpeaker\" style=\"display: inline-block; margin-right: 5px;\"\/>Ouvir<\/a><\/div>\n<div id=\"xp25913\" class=\"rs_addtools rs_splitbutton rs_preserve rs_skip rs_exp\"><\/div>\n<div id=\"rspeak_read_25913\">INFORMA\u00c7\u00c3O Assunto: Lei n.\u00ba 12-A\/2008, de 27 de Fevereiro. \u00a01. Foram apresentadas, ao Provedor de Justi\u00e7a, v\u00e1rias queixas relativas \u00e0 Lei n.\u00ba 12-A\/2008, de 27 de Fevereiro (entretanto alterada pela Lei n.\u00ba 64-A\/2008, de 31 de Dezembro), definidora dos regimes de vincula\u00e7\u00e3o, de carreiras e de remunera\u00e7\u00f5es dos trabalhadores que exercem fun\u00e7\u00f5es p\u00fablicas. As quest\u00f5es essenciais dessas reclama\u00e7\u00f5es prendem-se, por&hellip;<\/div>\n","protected":false},"author":1,"featured_media":2212,"menu_order":0,"template":"documentos-template.php","meta":{"_acf_changed":false},"catgorias_documentos":[151],"class_list":["post-25913","documentos","type-documentos","status-publish","has-post-thumbnail","hentry","catgorias_documentos-outras-decisoes-en"],"acf":[],"yoast_head":"<!-- This site is optimized with the Yoast SEO plugin v25.2 - https:\/\/yoast.com\/wordpress\/plugins\/seo\/ -->\n<title>Lei n.\u00ba 12-A\/2008, de 27 de Fevereiro. - Provedoria de Justi\u00e7a<\/title>\n<meta name=\"robots\" content=\"index, follow, max-snippet:-1, max-image-preview:large, max-video-preview:-1\" \/>\n<link rel=\"canonical\" href=\"https:\/\/www.provedor-jus.pt\/en\/documentos\/lei-n-o-12-a-2008-de-27-de-fevereiro\/\" \/>\n<meta property=\"og:locale\" content=\"en_US\" \/>\n<meta property=\"og:type\" content=\"article\" \/>\n<meta property=\"og:title\" content=\"Lei n.\u00ba 12-A\/2008, de 27 de Fevereiro. - Provedoria de Justi\u00e7a\" \/>\n<meta property=\"og:description\" content=\"OuvirINFORMA\u00c7\u00c3O Assunto: Lei n.\u00ba 12-A\/2008, de 27 de Fevereiro. \u00a01. Foram apresentadas, ao Provedor de Justi\u00e7a, v\u00e1rias queixas relativas \u00e0 Lei n.\u00ba 12-A\/2008, de 27 de Fevereiro (entretanto alterada pela Lei n.\u00ba 64-A\/2008, de 31 de Dezembro), definidora dos regimes de vincula\u00e7\u00e3o, de carreiras e de remunera\u00e7\u00f5es dos trabalhadores que exercem fun\u00e7\u00f5es p\u00fablicas. As quest\u00f5es essenciais dessas reclama\u00e7\u00f5es prendem-se, por&hellip;\" \/>\n<meta property=\"og:url\" content=\"https:\/\/www.provedor-jus.pt\/en\/documentos\/lei-n-o-12-a-2008-de-27-de-fevereiro\/\" \/>\n<meta property=\"og:site_name\" content=\"Provedoria de Justi\u00e7a\" \/>\n<meta property=\"og:image\" content=\"https:\/\/www.provedor-jus.pt\/wp-content\/uploads\/2020\/09\/pdf.gif\" \/>\n\t<meta property=\"og:image:width\" content=\"40\" \/>\n\t<meta property=\"og:image:height\" content=\"47\" \/>\n\t<meta property=\"og:image:type\" content=\"image\/gif\" \/>\n<meta name=\"twitter:card\" content=\"summary_large_image\" \/>\n<meta name=\"twitter:label1\" content=\"Est. reading time\" \/>\n\t<meta name=\"twitter:data1\" content=\"1 minute\" \/>\n<script type=\"application\/ld+json\" class=\"yoast-schema-graph\">{\"@context\":\"https:\/\/schema.org\",\"@graph\":[{\"@type\":\"WebPage\",\"@id\":\"https:\/\/www.provedor-jus.pt\/en\/documentos\/lei-n-o-12-a-2008-de-27-de-fevereiro\/\",\"url\":\"https:\/\/www.provedor-jus.pt\/en\/documentos\/lei-n-o-12-a-2008-de-27-de-fevereiro\/\",\"name\":\"Lei n.\u00ba 12-A\/2008, de 27 de Fevereiro. - Provedoria de Justi\u00e7a\",\"isPartOf\":{\"@id\":\"https:\/\/www.provedor-jus.pt\/#website\"},\"primaryImageOfPage\":{\"@id\":\"https:\/\/www.provedor-jus.pt\/en\/documentos\/lei-n-o-12-a-2008-de-27-de-fevereiro\/#primaryimage\"},\"image\":{\"@id\":\"https:\/\/www.provedor-jus.pt\/en\/documentos\/lei-n-o-12-a-2008-de-27-de-fevereiro\/#primaryimage\"},\"thumbnailUrl\":\"https:\/\/www.provedor-jus.pt\/wp-content\/uploads\/2020\/09\/pdf.gif\",\"datePublished\":\"2020-10-22T19:30:25+00:00\",\"breadcrumb\":{\"@id\":\"https:\/\/www.provedor-jus.pt\/en\/documentos\/lei-n-o-12-a-2008-de-27-de-fevereiro\/#breadcrumb\"},\"inLanguage\":\"en-US\",\"potentialAction\":[{\"@type\":\"ReadAction\",\"target\":[\"https:\/\/www.provedor-jus.pt\/en\/documentos\/lei-n-o-12-a-2008-de-27-de-fevereiro\/\"]}]},{\"@type\":\"ImageObject\",\"inLanguage\":\"en-US\",\"@id\":\"https:\/\/www.provedor-jus.pt\/en\/documentos\/lei-n-o-12-a-2008-de-27-de-fevereiro\/#primaryimage\",\"url\":\"https:\/\/www.provedor-jus.pt\/wp-content\/uploads\/2020\/09\/pdf.gif\",\"contentUrl\":\"https:\/\/www.provedor-jus.pt\/wp-content\/uploads\/2020\/09\/pdf.gif\",\"width\":40,\"height\":47,\"caption\":\"iconpdf\"},{\"@type\":\"BreadcrumbList\",\"@id\":\"https:\/\/www.provedor-jus.pt\/en\/documentos\/lei-n-o-12-a-2008-de-27-de-fevereiro\/#breadcrumb\",\"itemListElement\":[{\"@type\":\"ListItem\",\"position\":1,\"name\":\"In\u00edcio\",\"item\":\"https:\/\/www.provedor-jus.pt\/en\/\"},{\"@type\":\"ListItem\",\"position\":2,\"name\":\"Lei n.\u00ba 12-A\/2008, de 27 de Fevereiro.\"}]},{\"@type\":\"WebSite\",\"@id\":\"https:\/\/www.provedor-jus.pt\/#website\",\"url\":\"https:\/\/www.provedor-jus.pt\/\",\"name\":\"Provedoria de Justi\u00e7a\",\"description\":\"\",\"publisher\":{\"@id\":\"https:\/\/www.provedor-jus.pt\/#organization\"},\"potentialAction\":[{\"@type\":\"SearchAction\",\"target\":{\"@type\":\"EntryPoint\",\"urlTemplate\":\"https:\/\/www.provedor-jus.pt\/?s={search_term_string}\"},\"query-input\":{\"@type\":\"PropertyValueSpecification\",\"valueRequired\":true,\"valueName\":\"search_term_string\"}}],\"inLanguage\":\"en-US\"},{\"@type\":\"Organization\",\"@id\":\"https:\/\/www.provedor-jus.pt\/#organization\",\"name\":\"Provedoria de Justi\u00e7a\",\"url\":\"https:\/\/www.provedor-jus.pt\/\",\"logo\":{\"@type\":\"ImageObject\",\"inLanguage\":\"en-US\",\"@id\":\"https:\/\/www.provedor-jus.pt\/#\/schema\/logo\/image\/\",\"url\":\"https:\/\/www.provedor-jus.pt\/wp-content\/uploads\/2024\/10\/logo_provedor_50anos.jpg\",\"contentUrl\":\"https:\/\/www.provedor-jus.pt\/wp-content\/uploads\/2024\/10\/logo_provedor_50anos.jpg\",\"width\":2514,\"height\":554,\"caption\":\"Provedoria de Justi\u00e7a\"},\"image\":{\"@id\":\"https:\/\/www.provedor-jus.pt\/#\/schema\/logo\/image\/\"}}]}<\/script>\n<!-- \/ Yoast SEO plugin. -->","yoast_head_json":{"title":"Lei n.\u00ba 12-A\/2008, de 27 de Fevereiro. - Provedoria de Justi\u00e7a","robots":{"index":"index","follow":"follow","max-snippet":"max-snippet:-1","max-image-preview":"max-image-preview:large","max-video-preview":"max-video-preview:-1"},"canonical":"https:\/\/www.provedor-jus.pt\/en\/documentos\/lei-n-o-12-a-2008-de-27-de-fevereiro\/","og_locale":"en_US","og_type":"article","og_title":"Lei n.\u00ba 12-A\/2008, de 27 de Fevereiro. - Provedoria de Justi\u00e7a","og_description":"OuvirINFORMA\u00c7\u00c3O Assunto: Lei n.\u00ba 12-A\/2008, de 27 de Fevereiro. \u00a01. Foram apresentadas, ao Provedor de Justi\u00e7a, v\u00e1rias queixas relativas \u00e0 Lei n.\u00ba 12-A\/2008, de 27 de Fevereiro (entretanto alterada pela Lei n.\u00ba 64-A\/2008, de 31 de Dezembro), definidora dos regimes de vincula\u00e7\u00e3o, de carreiras e de remunera\u00e7\u00f5es dos trabalhadores que exercem fun\u00e7\u00f5es p\u00fablicas. As quest\u00f5es essenciais dessas reclama\u00e7\u00f5es prendem-se, por&hellip;","og_url":"https:\/\/www.provedor-jus.pt\/en\/documentos\/lei-n-o-12-a-2008-de-27-de-fevereiro\/","og_site_name":"Provedoria de Justi\u00e7a","og_image":[{"width":40,"height":47,"url":"https:\/\/www.provedor-jus.pt\/wp-content\/uploads\/2020\/09\/pdf.gif","type":"image\/gif"}],"twitter_card":"summary_large_image","twitter_misc":{"Est. reading time":"1 minute"},"schema":{"@context":"https:\/\/schema.org","@graph":[{"@type":"WebPage","@id":"https:\/\/www.provedor-jus.pt\/en\/documentos\/lei-n-o-12-a-2008-de-27-de-fevereiro\/","url":"https:\/\/www.provedor-jus.pt\/en\/documentos\/lei-n-o-12-a-2008-de-27-de-fevereiro\/","name":"Lei n.\u00ba 12-A\/2008, de 27 de Fevereiro. - Provedoria de Justi\u00e7a","isPartOf":{"@id":"https:\/\/www.provedor-jus.pt\/#website"},"primaryImageOfPage":{"@id":"https:\/\/www.provedor-jus.pt\/en\/documentos\/lei-n-o-12-a-2008-de-27-de-fevereiro\/#primaryimage"},"image":{"@id":"https:\/\/www.provedor-jus.pt\/en\/documentos\/lei-n-o-12-a-2008-de-27-de-fevereiro\/#primaryimage"},"thumbnailUrl":"https:\/\/www.provedor-jus.pt\/wp-content\/uploads\/2020\/09\/pdf.gif","datePublished":"2020-10-22T19:30:25+00:00","breadcrumb":{"@id":"https:\/\/www.provedor-jus.pt\/en\/documentos\/lei-n-o-12-a-2008-de-27-de-fevereiro\/#breadcrumb"},"inLanguage":"en-US","potentialAction":[{"@type":"ReadAction","target":["https:\/\/www.provedor-jus.pt\/en\/documentos\/lei-n-o-12-a-2008-de-27-de-fevereiro\/"]}]},{"@type":"ImageObject","inLanguage":"en-US","@id":"https:\/\/www.provedor-jus.pt\/en\/documentos\/lei-n-o-12-a-2008-de-27-de-fevereiro\/#primaryimage","url":"https:\/\/www.provedor-jus.pt\/wp-content\/uploads\/2020\/09\/pdf.gif","contentUrl":"https:\/\/www.provedor-jus.pt\/wp-content\/uploads\/2020\/09\/pdf.gif","width":40,"height":47,"caption":"iconpdf"},{"@type":"BreadcrumbList","@id":"https:\/\/www.provedor-jus.pt\/en\/documentos\/lei-n-o-12-a-2008-de-27-de-fevereiro\/#breadcrumb","itemListElement":[{"@type":"ListItem","position":1,"name":"In\u00edcio","item":"https:\/\/www.provedor-jus.pt\/en\/"},{"@type":"ListItem","position":2,"name":"Lei n.\u00ba 12-A\/2008, de 27 de Fevereiro."}]},{"@type":"WebSite","@id":"https:\/\/www.provedor-jus.pt\/#website","url":"https:\/\/www.provedor-jus.pt\/","name":"Provedoria de Justi\u00e7a","description":"","publisher":{"@id":"https:\/\/www.provedor-jus.pt\/#organization"},"potentialAction":[{"@type":"SearchAction","target":{"@type":"EntryPoint","urlTemplate":"https:\/\/www.provedor-jus.pt\/?s={search_term_string}"},"query-input":{"@type":"PropertyValueSpecification","valueRequired":true,"valueName":"search_term_string"}}],"inLanguage":"en-US"},{"@type":"Organization","@id":"https:\/\/www.provedor-jus.pt\/#organization","name":"Provedoria de Justi\u00e7a","url":"https:\/\/www.provedor-jus.pt\/","logo":{"@type":"ImageObject","inLanguage":"en-US","@id":"https:\/\/www.provedor-jus.pt\/#\/schema\/logo\/image\/","url":"https:\/\/www.provedor-jus.pt\/wp-content\/uploads\/2024\/10\/logo_provedor_50anos.jpg","contentUrl":"https:\/\/www.provedor-jus.pt\/wp-content\/uploads\/2024\/10\/logo_provedor_50anos.jpg","width":2514,"height":554,"caption":"Provedoria de Justi\u00e7a"},"image":{"@id":"https:\/\/www.provedor-jus.pt\/#\/schema\/logo\/image\/"}}]}},"_links":{"self":[{"href":"https:\/\/www.provedor-jus.pt\/en\/wp-json\/wp\/v2\/documentos\/25913","targetHints":{"allow":["GET"]}}],"collection":[{"href":"https:\/\/www.provedor-jus.pt\/en\/wp-json\/wp\/v2\/documentos"}],"about":[{"href":"https:\/\/www.provedor-jus.pt\/en\/wp-json\/wp\/v2\/types\/documentos"}],"author":[{"embeddable":true,"href":"https:\/\/www.provedor-jus.pt\/en\/wp-json\/wp\/v2\/users\/1"}],"wp:featuredmedia":[{"embeddable":true,"href":"https:\/\/www.provedor-jus.pt\/en\/wp-json\/wp\/v2\/media\/2212"}],"wp:attachment":[{"href":"https:\/\/www.provedor-jus.pt\/en\/wp-json\/wp\/v2\/media?parent=25913"}],"wp:term":[{"taxonomy":"catgorias_documentos","embeddable":true,"href":"https:\/\/www.provedor-jus.pt\/en\/wp-json\/wp\/v2\/catgorias_documentos?post=25913"}],"curies":[{"name":"wp","href":"https:\/\/api.w.org\/{rel}","templated":true}]}}