{"id":25916,"date":"2020-10-22T20:30:25","date_gmt":"2020-10-22T19:30:25","guid":{"rendered":"http:\/\/www.provedor-jus.pt\/documentos\/prestacao-de-servicos-tecnico-superior-de-servico-social-trabalho-subordinado\/"},"modified":"2020-10-22T20:30:25","modified_gmt":"2020-10-22T19:30:25","slug":"prestacao-de-servicos-tecnico-superior-de-servico-social-trabalho-subordinado","status":"publish","type":"documentos","link":"https:\/\/www.provedor-jus.pt\/en\/documentos\/prestacao-de-servicos-tecnico-superior-de-servico-social-trabalho-subordinado\/","title":{"rendered":"Presta\u00e7\u00e3o de servi\u00e7os. T\u00e9cnico superior de servi\u00e7o social.Trabalho subordinado"},"content":{"rendered":"<!-- RS_MODULE_CODE_2.5.3 --> <div id=\"readspeaker_button25916\" class=\"rs_skip rs_preserve\"><a class=\"rs_href\" title=\"Ouvir com ReadSpeaker\" href=\"https:\/\/app-eu.readspeaker.com\/cgi-bin\/rsent?customerid=6394&amp;lang=pt_pt&amp;readid=rspeak_read_25916&amp;url=https%3A%2F%2Fwww.provedor-jus.pt%2Fen%2Fwp-json%2Fwp%2Fv2%2Fdocumentos%2F25916\" onclick=\"readpage(this.href, 'xp25916'); return false;\"><img decoding=\"async\" src=\"https:\/\/www.provedor-jus.pt\/wp-content\/plugins\/enterprise_expanding_hl_wordpress-2x\/img\/icon_16px.gif\" alt=\"Ouvir com ReadSpeaker\" style=\"display: inline-block; margin-right: 5px;\"\/>Ouvir<\/a><\/div><div id=\"xp25916\" class=\"rs_addtools rs_splitbutton rs_preserve rs_skip rs_exp\"><\/div><div id=\"rspeak_read_25916\"><p style=\"text-align: justify\">Objecto: Procedimento de contrata\u00e7\u00e3o de tr\u00eas t\u00e9cnicos superiores de servi\u00e7o social, em regime de presta\u00e7\u00e3o de servi\u00e7os. Decis\u00e3o: Reconhecida a nulidade dos actos de abertura do procedimento de contrata\u00e7\u00e3o e do acto de adjudica\u00e7\u00e3o, bem como dos contratos da\u00ed decorrentes. S\u00edntese: 1. O Centro de Forma\u00e7\u00e3o Profissional do Porto do Instituto do Emprego e Forma\u00e7\u00e3o Profissional lan\u00e7ou, em Janeiro de 2009, um procedimento com vista \u00e0 contrata\u00e7\u00e3o de tr\u00eas t\u00e9cnicos superiores de Servi\u00e7o Social, em regime de presta\u00e7\u00e3o de servi\u00e7os. 2. Pretendia o Centro de Forma\u00e7\u00e3o Profissional a celebra\u00e7\u00e3o de contrato de presta\u00e7\u00e3o de servi\u00e7os com vista a &#8220;garantir o acolhimento, apoio social e acompanhamento dos formandos durante o processo formativo&#8221;. Para o efeito deveriam ser contratados os prestadores de servi\u00e7os que apresentassem a &#8220;proposta economicamente mais vantajosa&#8221;. A presta\u00e7\u00e3o de servi\u00e7os devia ter lugar entre 9 de Fevereiro de 2009 e 9 de Fevereiro de 2010, com um hor\u00e1rio de trabalho compreendido entre as 09h00 e as 12h30 e entre as 13h30 e as 17h00, nas instala\u00e7\u00f5es do Centro de Forma\u00e7\u00e3o Profissional em causa. 3. Foi apresentada queixa por um dos interessados, dando conta de um conjunto de irregularidades na aprecia\u00e7\u00e3o das propostas e invocando as restri\u00e7\u00f5es impostas pelo art. 35.\u00ba da Lei n.\u00ba 12-A\/2008, de 27 de Fevereiro. 4. Ap\u00f3s a interven\u00e7\u00e3o da Provedoria de Justi\u00e7a, foi promovida a aprecia\u00e7\u00e3o do problema, tendo-se conclu\u00eddo pela declara\u00e7\u00e3o de nulidade dos actos de abertura do procedimento de contrata\u00e7\u00e3o e de adjudica\u00e7\u00e3o, bem como dos contratos da\u00ed decorrentes, sem preju\u00edzo da produ\u00e7\u00e3o plena dos seus efeitos durante o tempo em que estiveram em execu\u00e7\u00e3o. Esta posi\u00e7\u00e3o sustentou-se na impossibilidade de recurso \u00e0 modalidade de contrato de presta\u00e7\u00e3o de servi\u00e7os para efeito de recrutamento de trabalhadores para execu\u00e7\u00e3o de trabalho subordinado (nos termos do disposto no art. 35.\u00ba da Lei n.\u00ba 12-A\/2008, de 27 de Fevereiro).<\/p>\n<\/div>","protected":false},"excerpt":{"rendered":"<p><!-- RS_MODULE_CODE_2.5.3 --> <\/p>\n<div id=\"readspeaker_button25916\" class=\"rs_skip rs_preserve\"><a class=\"rs_href\" title=\"Ouvir com ReadSpeaker\" href=\"https:\/\/app-eu.readspeaker.com\/cgi-bin\/rsent?customerid=6394&amp;lang=pt_pt&amp;readid=rspeak_read_25916&amp;url=https%3A%2F%2Fwww.provedor-jus.pt%2Fen%2Fwp-json%2Fwp%2Fv2%2Fdocumentos%2F25916\" onclick=\"readpage(this.href, 'xp25916'); return false;\"><img decoding=\"async\" src=\"https:\/\/www.provedor-jus.pt\/wp-content\/plugins\/enterprise_expanding_hl_wordpress-2x\/img\/icon_16px.gif\" alt=\"Ouvir com ReadSpeaker\" style=\"display: inline-block; margin-right: 5px;\"\/>Ouvir<\/a><\/div>\n<div id=\"xp25916\" class=\"rs_addtools rs_splitbutton rs_preserve rs_skip rs_exp\"><\/div>\n<div id=\"rspeak_read_25916\">Objecto: Procedimento de contrata\u00e7\u00e3o de tr\u00eas t\u00e9cnicos superiores de servi\u00e7o social, em regime de presta\u00e7\u00e3o de servi\u00e7os. Decis\u00e3o: Reconhecida a nulidade dos actos de abertura do procedimento de contrata\u00e7\u00e3o e do acto de adjudica\u00e7\u00e3o, bem como dos contratos da\u00ed decorrentes. S\u00edntese: 1. O Centro de Forma\u00e7\u00e3o Profissional do Porto do Instituto do Emprego e Forma\u00e7\u00e3o Profissional lan\u00e7ou, em Janeiro de&hellip;<\/div>\n","protected":false},"author":1,"featured_media":2212,"menu_order":0,"template":"documentos-template.php","meta":{"_acf_changed":false},"catgorias_documentos":[151],"class_list":["post-25916","documentos","type-documentos","status-publish","has-post-thumbnail","hentry","catgorias_documentos-outras-decisoes-en"],"acf":[],"yoast_head":"<!-- This site is optimized with the Yoast SEO plugin v25.2 - https:\/\/yoast.com\/wordpress\/plugins\/seo\/ -->\n<title>Presta\u00e7\u00e3o de servi\u00e7os. T\u00e9cnico superior de servi\u00e7o social.Trabalho subordinado - Provedoria de Justi\u00e7a<\/title>\n<meta name=\"robots\" content=\"index, follow, max-snippet:-1, max-image-preview:large, max-video-preview:-1\" \/>\n<link rel=\"canonical\" href=\"https:\/\/www.provedor-jus.pt\/en\/documentos\/prestacao-de-servicos-tecnico-superior-de-servico-social-trabalho-subordinado\/\" \/>\n<meta property=\"og:locale\" content=\"en_US\" \/>\n<meta property=\"og:type\" content=\"article\" \/>\n<meta property=\"og:title\" content=\"Presta\u00e7\u00e3o de servi\u00e7os. T\u00e9cnico superior de servi\u00e7o social.Trabalho subordinado - Provedoria de Justi\u00e7a\" \/>\n<meta property=\"og:description\" content=\"OuvirObjecto: Procedimento de contrata\u00e7\u00e3o de tr\u00eas t\u00e9cnicos superiores de servi\u00e7o social, em regime de presta\u00e7\u00e3o de servi\u00e7os. Decis\u00e3o: Reconhecida a nulidade dos actos de abertura do procedimento de contrata\u00e7\u00e3o e do acto de adjudica\u00e7\u00e3o, bem como dos contratos da\u00ed decorrentes. S\u00edntese: 1. O Centro de Forma\u00e7\u00e3o Profissional do Porto do Instituto do Emprego e Forma\u00e7\u00e3o Profissional lan\u00e7ou, em Janeiro de&hellip;\" \/>\n<meta property=\"og:url\" content=\"https:\/\/www.provedor-jus.pt\/en\/documentos\/prestacao-de-servicos-tecnico-superior-de-servico-social-trabalho-subordinado\/\" \/>\n<meta property=\"og:site_name\" content=\"Provedoria de Justi\u00e7a\" \/>\n<meta property=\"og:image\" content=\"https:\/\/www.provedor-jus.pt\/wp-content\/uploads\/2020\/09\/pdf.gif\" \/>\n\t<meta property=\"og:image:width\" content=\"40\" \/>\n\t<meta property=\"og:image:height\" content=\"47\" \/>\n\t<meta property=\"og:image:type\" content=\"image\/gif\" \/>\n<meta name=\"twitter:card\" content=\"summary_large_image\" \/>\n<meta name=\"twitter:label1\" content=\"Est. reading time\" \/>\n\t<meta name=\"twitter:data1\" content=\"2 minutes\" \/>\n<script type=\"application\/ld+json\" class=\"yoast-schema-graph\">{\"@context\":\"https:\/\/schema.org\",\"@graph\":[{\"@type\":\"WebPage\",\"@id\":\"https:\/\/www.provedor-jus.pt\/en\/documentos\/prestacao-de-servicos-tecnico-superior-de-servico-social-trabalho-subordinado\/\",\"url\":\"https:\/\/www.provedor-jus.pt\/en\/documentos\/prestacao-de-servicos-tecnico-superior-de-servico-social-trabalho-subordinado\/\",\"name\":\"Presta\u00e7\u00e3o de servi\u00e7os. T\u00e9cnico superior de servi\u00e7o social.Trabalho subordinado - Provedoria de Justi\u00e7a\",\"isPartOf\":{\"@id\":\"https:\/\/www.provedor-jus.pt\/#website\"},\"primaryImageOfPage\":{\"@id\":\"https:\/\/www.provedor-jus.pt\/en\/documentos\/prestacao-de-servicos-tecnico-superior-de-servico-social-trabalho-subordinado\/#primaryimage\"},\"image\":{\"@id\":\"https:\/\/www.provedor-jus.pt\/en\/documentos\/prestacao-de-servicos-tecnico-superior-de-servico-social-trabalho-subordinado\/#primaryimage\"},\"thumbnailUrl\":\"https:\/\/www.provedor-jus.pt\/wp-content\/uploads\/2020\/09\/pdf.gif\",\"datePublished\":\"2020-10-22T19:30:25+00:00\",\"breadcrumb\":{\"@id\":\"https:\/\/www.provedor-jus.pt\/en\/documentos\/prestacao-de-servicos-tecnico-superior-de-servico-social-trabalho-subordinado\/#breadcrumb\"},\"inLanguage\":\"en-US\",\"potentialAction\":[{\"@type\":\"ReadAction\",\"target\":[\"https:\/\/www.provedor-jus.pt\/en\/documentos\/prestacao-de-servicos-tecnico-superior-de-servico-social-trabalho-subordinado\/\"]}]},{\"@type\":\"ImageObject\",\"inLanguage\":\"en-US\",\"@id\":\"https:\/\/www.provedor-jus.pt\/en\/documentos\/prestacao-de-servicos-tecnico-superior-de-servico-social-trabalho-subordinado\/#primaryimage\",\"url\":\"https:\/\/www.provedor-jus.pt\/wp-content\/uploads\/2020\/09\/pdf.gif\",\"contentUrl\":\"https:\/\/www.provedor-jus.pt\/wp-content\/uploads\/2020\/09\/pdf.gif\",\"width\":40,\"height\":47,\"caption\":\"iconpdf\"},{\"@type\":\"BreadcrumbList\",\"@id\":\"https:\/\/www.provedor-jus.pt\/en\/documentos\/prestacao-de-servicos-tecnico-superior-de-servico-social-trabalho-subordinado\/#breadcrumb\",\"itemListElement\":[{\"@type\":\"ListItem\",\"position\":1,\"name\":\"In\u00edcio\",\"item\":\"https:\/\/www.provedor-jus.pt\/en\/\"},{\"@type\":\"ListItem\",\"position\":2,\"name\":\"Presta\u00e7\u00e3o de servi\u00e7os. T\u00e9cnico superior de servi\u00e7o social.Trabalho subordinado\"}]},{\"@type\":\"WebSite\",\"@id\":\"https:\/\/www.provedor-jus.pt\/#website\",\"url\":\"https:\/\/www.provedor-jus.pt\/\",\"name\":\"Provedoria de Justi\u00e7a\",\"description\":\"\",\"publisher\":{\"@id\":\"https:\/\/www.provedor-jus.pt\/#organization\"},\"potentialAction\":[{\"@type\":\"SearchAction\",\"target\":{\"@type\":\"EntryPoint\",\"urlTemplate\":\"https:\/\/www.provedor-jus.pt\/?s={search_term_string}\"},\"query-input\":{\"@type\":\"PropertyValueSpecification\",\"valueRequired\":true,\"valueName\":\"search_term_string\"}}],\"inLanguage\":\"en-US\"},{\"@type\":\"Organization\",\"@id\":\"https:\/\/www.provedor-jus.pt\/#organization\",\"name\":\"Provedoria de Justi\u00e7a\",\"url\":\"https:\/\/www.provedor-jus.pt\/\",\"logo\":{\"@type\":\"ImageObject\",\"inLanguage\":\"en-US\",\"@id\":\"https:\/\/www.provedor-jus.pt\/#\/schema\/logo\/image\/\",\"url\":\"https:\/\/www.provedor-jus.pt\/wp-content\/uploads\/2024\/10\/logo_provedor_50anos.jpg\",\"contentUrl\":\"https:\/\/www.provedor-jus.pt\/wp-content\/uploads\/2024\/10\/logo_provedor_50anos.jpg\",\"width\":2514,\"height\":554,\"caption\":\"Provedoria de Justi\u00e7a\"},\"image\":{\"@id\":\"https:\/\/www.provedor-jus.pt\/#\/schema\/logo\/image\/\"}}]}<\/script>\n<!-- \/ Yoast SEO plugin. -->","yoast_head_json":{"title":"Presta\u00e7\u00e3o de servi\u00e7os. T\u00e9cnico superior de servi\u00e7o social.Trabalho subordinado - Provedoria de Justi\u00e7a","robots":{"index":"index","follow":"follow","max-snippet":"max-snippet:-1","max-image-preview":"max-image-preview:large","max-video-preview":"max-video-preview:-1"},"canonical":"https:\/\/www.provedor-jus.pt\/en\/documentos\/prestacao-de-servicos-tecnico-superior-de-servico-social-trabalho-subordinado\/","og_locale":"en_US","og_type":"article","og_title":"Presta\u00e7\u00e3o de servi\u00e7os. T\u00e9cnico superior de servi\u00e7o social.Trabalho subordinado - Provedoria de Justi\u00e7a","og_description":"OuvirObjecto: Procedimento de contrata\u00e7\u00e3o de tr\u00eas t\u00e9cnicos superiores de servi\u00e7o social, em regime de presta\u00e7\u00e3o de servi\u00e7os. Decis\u00e3o: Reconhecida a nulidade dos actos de abertura do procedimento de contrata\u00e7\u00e3o e do acto de adjudica\u00e7\u00e3o, bem como dos contratos da\u00ed decorrentes. S\u00edntese: 1. O Centro de Forma\u00e7\u00e3o Profissional do Porto do Instituto do Emprego e Forma\u00e7\u00e3o Profissional lan\u00e7ou, em Janeiro de&hellip;","og_url":"https:\/\/www.provedor-jus.pt\/en\/documentos\/prestacao-de-servicos-tecnico-superior-de-servico-social-trabalho-subordinado\/","og_site_name":"Provedoria de Justi\u00e7a","og_image":[{"width":40,"height":47,"url":"https:\/\/www.provedor-jus.pt\/wp-content\/uploads\/2020\/09\/pdf.gif","type":"image\/gif"}],"twitter_card":"summary_large_image","twitter_misc":{"Est. reading time":"2 minutes"},"schema":{"@context":"https:\/\/schema.org","@graph":[{"@type":"WebPage","@id":"https:\/\/www.provedor-jus.pt\/en\/documentos\/prestacao-de-servicos-tecnico-superior-de-servico-social-trabalho-subordinado\/","url":"https:\/\/www.provedor-jus.pt\/en\/documentos\/prestacao-de-servicos-tecnico-superior-de-servico-social-trabalho-subordinado\/","name":"Presta\u00e7\u00e3o de servi\u00e7os. T\u00e9cnico superior de servi\u00e7o social.Trabalho subordinado - Provedoria de Justi\u00e7a","isPartOf":{"@id":"https:\/\/www.provedor-jus.pt\/#website"},"primaryImageOfPage":{"@id":"https:\/\/www.provedor-jus.pt\/en\/documentos\/prestacao-de-servicos-tecnico-superior-de-servico-social-trabalho-subordinado\/#primaryimage"},"image":{"@id":"https:\/\/www.provedor-jus.pt\/en\/documentos\/prestacao-de-servicos-tecnico-superior-de-servico-social-trabalho-subordinado\/#primaryimage"},"thumbnailUrl":"https:\/\/www.provedor-jus.pt\/wp-content\/uploads\/2020\/09\/pdf.gif","datePublished":"2020-10-22T19:30:25+00:00","breadcrumb":{"@id":"https:\/\/www.provedor-jus.pt\/en\/documentos\/prestacao-de-servicos-tecnico-superior-de-servico-social-trabalho-subordinado\/#breadcrumb"},"inLanguage":"en-US","potentialAction":[{"@type":"ReadAction","target":["https:\/\/www.provedor-jus.pt\/en\/documentos\/prestacao-de-servicos-tecnico-superior-de-servico-social-trabalho-subordinado\/"]}]},{"@type":"ImageObject","inLanguage":"en-US","@id":"https:\/\/www.provedor-jus.pt\/en\/documentos\/prestacao-de-servicos-tecnico-superior-de-servico-social-trabalho-subordinado\/#primaryimage","url":"https:\/\/www.provedor-jus.pt\/wp-content\/uploads\/2020\/09\/pdf.gif","contentUrl":"https:\/\/www.provedor-jus.pt\/wp-content\/uploads\/2020\/09\/pdf.gif","width":40,"height":47,"caption":"iconpdf"},{"@type":"BreadcrumbList","@id":"https:\/\/www.provedor-jus.pt\/en\/documentos\/prestacao-de-servicos-tecnico-superior-de-servico-social-trabalho-subordinado\/#breadcrumb","itemListElement":[{"@type":"ListItem","position":1,"name":"In\u00edcio","item":"https:\/\/www.provedor-jus.pt\/en\/"},{"@type":"ListItem","position":2,"name":"Presta\u00e7\u00e3o de servi\u00e7os. T\u00e9cnico superior de servi\u00e7o social.Trabalho subordinado"}]},{"@type":"WebSite","@id":"https:\/\/www.provedor-jus.pt\/#website","url":"https:\/\/www.provedor-jus.pt\/","name":"Provedoria de Justi\u00e7a","description":"","publisher":{"@id":"https:\/\/www.provedor-jus.pt\/#organization"},"potentialAction":[{"@type":"SearchAction","target":{"@type":"EntryPoint","urlTemplate":"https:\/\/www.provedor-jus.pt\/?s={search_term_string}"},"query-input":{"@type":"PropertyValueSpecification","valueRequired":true,"valueName":"search_term_string"}}],"inLanguage":"en-US"},{"@type":"Organization","@id":"https:\/\/www.provedor-jus.pt\/#organization","name":"Provedoria de Justi\u00e7a","url":"https:\/\/www.provedor-jus.pt\/","logo":{"@type":"ImageObject","inLanguage":"en-US","@id":"https:\/\/www.provedor-jus.pt\/#\/schema\/logo\/image\/","url":"https:\/\/www.provedor-jus.pt\/wp-content\/uploads\/2024\/10\/logo_provedor_50anos.jpg","contentUrl":"https:\/\/www.provedor-jus.pt\/wp-content\/uploads\/2024\/10\/logo_provedor_50anos.jpg","width":2514,"height":554,"caption":"Provedoria de Justi\u00e7a"},"image":{"@id":"https:\/\/www.provedor-jus.pt\/#\/schema\/logo\/image\/"}}]}},"_links":{"self":[{"href":"https:\/\/www.provedor-jus.pt\/en\/wp-json\/wp\/v2\/documentos\/25916","targetHints":{"allow":["GET"]}}],"collection":[{"href":"https:\/\/www.provedor-jus.pt\/en\/wp-json\/wp\/v2\/documentos"}],"about":[{"href":"https:\/\/www.provedor-jus.pt\/en\/wp-json\/wp\/v2\/types\/documentos"}],"author":[{"embeddable":true,"href":"https:\/\/www.provedor-jus.pt\/en\/wp-json\/wp\/v2\/users\/1"}],"wp:featuredmedia":[{"embeddable":true,"href":"https:\/\/www.provedor-jus.pt\/en\/wp-json\/wp\/v2\/media\/2212"}],"wp:attachment":[{"href":"https:\/\/www.provedor-jus.pt\/en\/wp-json\/wp\/v2\/media?parent=25916"}],"wp:term":[{"taxonomy":"catgorias_documentos","embeddable":true,"href":"https:\/\/www.provedor-jus.pt\/en\/wp-json\/wp\/v2\/catgorias_documentos?post=25916"}],"curies":[{"name":"wp","href":"https:\/\/api.w.org\/{rel}","templated":true}]}}