{"id":25925,"date":"2020-10-22T20:30:22","date_gmt":"2020-10-22T19:30:22","guid":{"rendered":"http:\/\/www.provedor-jus.pt\/documentos\/ordenamento-do-territorio-geral-instrumentos-de-gestao-territorial-concepcao-contratacao-publica-concurso-de-concepcao-procedimento-imparcialidade\/"},"modified":"2020-10-22T20:30:22","modified_gmt":"2020-10-22T19:30:22","slug":"ordenamento-do-territorio-geral-instrumentos-de-gestao-territorial-concepcao-contratacao-publica-concurso-de-concepcao-procedimento-imparcialidade","status":"publish","type":"documentos","link":"https:\/\/www.provedor-jus.pt\/en\/documentos\/ordenamento-do-territorio-geral-instrumentos-de-gestao-territorial-concepcao-contratacao-publica-concurso-de-concepcao-procedimento-imparcialidade\/","title":{"rendered":"Ordenamento do territ\u00f3rio. Geral instrumentos de gest\u00e3o territorial. Concep\u00e7\u00e3o.Contrata\u00e7\u00e3o p\u00fablica. Concurso de concep\u00e7\u00e3o. Procedimento. Imparcialidade."},"content":{"rendered":"<!-- RS_MODULE_CODE_2.5.3 --> <div id=\"readspeaker_button25925\" class=\"rs_skip rs_preserve\"><a class=\"rs_href\" title=\"Ouvir com ReadSpeaker\" href=\"https:\/\/app-eu.readspeaker.com\/cgi-bin\/rsent?customerid=6394&amp;lang=pt_pt&amp;readid=rspeak_read_25925&amp;url=https%3A%2F%2Fwww.provedor-jus.pt%2Fen%2Fwp-json%2Fwp%2Fv2%2Fdocumentos%2F25925\" onclick=\"readpage(this.href, 'xp25925'); return false;\"><img decoding=\"async\" src=\"https:\/\/www.provedor-jus.pt\/wp-content\/plugins\/enterprise_expanding_hl_wordpress-2x\/img\/icon_16px.gif\" alt=\"Ouvir com ReadSpeaker\" style=\"display: inline-block; margin-right: 5px;\"\/>Ouvir<\/a><\/div><div id=\"xp25925\" class=\"rs_addtools rs_splitbutton rs_preserve rs_skip rs_exp\"><\/div><div id=\"rspeak_read_25925\"><p>I.<br \/>\n1.\u00a0 A Ordem dos Arquitectos Portugueses solicitou a interven\u00e7\u00e3o do Provedor de Justi\u00e7a por se opor \u00e0 modalidade do procedimento de escolha do co-contratante adoptada pela C\u00e2mara Municipal de Tomar no concurso para aquisi\u00e7\u00e3o dos servi\u00e7os de \u201celabora\u00e7\u00e3o do Plano de Pormenor da \u00c1rea Tur\u00edstica de Vila Nova, na freguesia da Serra, concelho de Tomar\u201d.<br \/>\n2.\u00a0 Considera a Ordem dos Arquitectos que o objecto do concurso &#8211; a presta\u00e7\u00e3o de trabalhos de concep\u00e7\u00e3o, no dom\u00ednio do planeamento urban\u00edstico \u2013 integra a previs\u00e3o legal do procedimento de adjudica\u00e7\u00e3o de trabalhos de concep\u00e7\u00e3o, nos termos do art. 164\u00ba do Decreto-Lei n.\u00ba 197\/99, de 8 de Junho, que, por essa raz\u00e3o, seria a modalidade devida.<br \/>\n3. Entende, por isso, que a C\u00e2mara Municipal de Tomar, ao adoptar um concurso p\u00fablico nos termos gerais, violou as disposi\u00e7\u00f5es especiais do procedimento de adjudica\u00e7\u00e3o de trabalhos de concep\u00e7\u00e3o, constantes do Cap\u00edtulo XI do referido diploma legal, de entre as quais relevam as garantias de anonimato dos concorrentes (art. 167\u00ba).<br \/>\n4. Ouvida a respeito do assunto, a C\u00e2mara Municipal de Tomar contesta a interpreta\u00e7\u00e3o sustentada na queixa, defendendo que a encomenda em quest\u00e3o n\u00e3o visa a aquisi\u00e7\u00e3o de uma proposta final de plano, mas todo o conjunto de trabalhos de elabora\u00e7\u00e3o.<br \/>\n5. Assim, a C\u00e2mara Municipal considera imposs\u00edvel a aplica\u00e7\u00e3o de uma modalidade de procedimento reduzida \u00e0 compara\u00e7\u00e3o objectiva entre propostas de solu\u00e7\u00e3o final, antes de se ter procedido \u00e0 elabora\u00e7\u00e3o do plano. Entende, pelo contr\u00e1rio,\u00a0 que a complexidade dos trabalhos de elabora\u00e7\u00e3o exige uma avalia\u00e7\u00e3o da capacidade t\u00e9cnica dos candidatos, incompat\u00edvel com o seu anonimato.<br \/>\n[&#8230;]<\/p>\n<\/div>","protected":false},"excerpt":{"rendered":"<p><!-- RS_MODULE_CODE_2.5.3 --> <\/p>\n<div id=\"readspeaker_button25925\" class=\"rs_skip rs_preserve\"><a class=\"rs_href\" title=\"Ouvir com ReadSpeaker\" href=\"https:\/\/app-eu.readspeaker.com\/cgi-bin\/rsent?customerid=6394&amp;lang=pt_pt&amp;readid=rspeak_read_25925&amp;url=https%3A%2F%2Fwww.provedor-jus.pt%2Fen%2Fwp-json%2Fwp%2Fv2%2Fdocumentos%2F25925\" onclick=\"readpage(this.href, 'xp25925'); return false;\"><img decoding=\"async\" src=\"https:\/\/www.provedor-jus.pt\/wp-content\/plugins\/enterprise_expanding_hl_wordpress-2x\/img\/icon_16px.gif\" alt=\"Ouvir com ReadSpeaker\" style=\"display: inline-block; margin-right: 5px;\"\/>Ouvir<\/a><\/div>\n<div id=\"xp25925\" class=\"rs_addtools rs_splitbutton rs_preserve rs_skip rs_exp\"><\/div>\n<div id=\"rspeak_read_25925\">I. 1.\u00a0 A Ordem dos Arquitectos Portugueses solicitou a interven\u00e7\u00e3o do Provedor de Justi\u00e7a por se opor \u00e0 modalidade do procedimento de escolha do co-contratante adoptada pela C\u00e2mara Municipal de Tomar no concurso para aquisi\u00e7\u00e3o dos servi\u00e7os de \u201celabora\u00e7\u00e3o do Plano de Pormenor da \u00c1rea Tur\u00edstica de Vila Nova, na freguesia da Serra, concelho de Tomar\u201d. 2.\u00a0 Considera a Ordem&hellip;<\/div>\n","protected":false},"author":1,"featured_media":2212,"menu_order":0,"template":"documentos-template.php","meta":{"_acf_changed":false},"catgorias_documentos":[151],"class_list":["post-25925","documentos","type-documentos","status-publish","has-post-thumbnail","hentry","catgorias_documentos-outras-decisoes-en"],"acf":[],"yoast_head":"<!-- This site is optimized with the Yoast SEO plugin v25.2 - https:\/\/yoast.com\/wordpress\/plugins\/seo\/ -->\n<title>Ordenamento do territ\u00f3rio. Geral instrumentos de gest\u00e3o territorial. Concep\u00e7\u00e3o.Contrata\u00e7\u00e3o p\u00fablica. Concurso de concep\u00e7\u00e3o. Procedimento. Imparcialidade. - Provedoria de Justi\u00e7a<\/title>\n<meta name=\"robots\" content=\"index, follow, max-snippet:-1, max-image-preview:large, max-video-preview:-1\" \/>\n<link rel=\"canonical\" href=\"https:\/\/www.provedor-jus.pt\/en\/documentos\/ordenamento-do-territorio-geral-instrumentos-de-gestao-territorial-concepcao-contratacao-publica-concurso-de-concepcao-procedimento-imparcialidade\/\" \/>\n<meta property=\"og:locale\" content=\"en_US\" \/>\n<meta property=\"og:type\" content=\"article\" \/>\n<meta property=\"og:title\" content=\"Ordenamento do territ\u00f3rio. Geral instrumentos de gest\u00e3o territorial. Concep\u00e7\u00e3o.Contrata\u00e7\u00e3o p\u00fablica. Concurso de concep\u00e7\u00e3o. Procedimento. Imparcialidade. - Provedoria de Justi\u00e7a\" \/>\n<meta property=\"og:description\" content=\"OuvirI. 1.\u00a0 A Ordem dos Arquitectos Portugueses solicitou a interven\u00e7\u00e3o do Provedor de Justi\u00e7a por se opor \u00e0 modalidade do procedimento de escolha do co-contratante adoptada pela C\u00e2mara Municipal de Tomar no concurso para aquisi\u00e7\u00e3o dos servi\u00e7os de \u201celabora\u00e7\u00e3o do Plano de Pormenor da \u00c1rea Tur\u00edstica de Vila Nova, na freguesia da Serra, concelho de Tomar\u201d. 2.\u00a0 Considera a Ordem&hellip;\" \/>\n<meta property=\"og:url\" content=\"https:\/\/www.provedor-jus.pt\/en\/documentos\/ordenamento-do-territorio-geral-instrumentos-de-gestao-territorial-concepcao-contratacao-publica-concurso-de-concepcao-procedimento-imparcialidade\/\" \/>\n<meta property=\"og:site_name\" content=\"Provedoria de Justi\u00e7a\" \/>\n<meta property=\"og:image\" content=\"https:\/\/www.provedor-jus.pt\/wp-content\/uploads\/2020\/09\/pdf.gif\" \/>\n\t<meta property=\"og:image:width\" content=\"40\" \/>\n\t<meta property=\"og:image:height\" content=\"47\" \/>\n\t<meta property=\"og:image:type\" content=\"image\/gif\" \/>\n<meta name=\"twitter:card\" content=\"summary_large_image\" \/>\n<meta name=\"twitter:label1\" content=\"Est. reading time\" \/>\n\t<meta name=\"twitter:data1\" content=\"1 minute\" \/>\n<script type=\"application\/ld+json\" class=\"yoast-schema-graph\">{\"@context\":\"https:\/\/schema.org\",\"@graph\":[{\"@type\":\"WebPage\",\"@id\":\"https:\/\/www.provedor-jus.pt\/en\/documentos\/ordenamento-do-territorio-geral-instrumentos-de-gestao-territorial-concepcao-contratacao-publica-concurso-de-concepcao-procedimento-imparcialidade\/\",\"url\":\"https:\/\/www.provedor-jus.pt\/en\/documentos\/ordenamento-do-territorio-geral-instrumentos-de-gestao-territorial-concepcao-contratacao-publica-concurso-de-concepcao-procedimento-imparcialidade\/\",\"name\":\"Ordenamento do territ\u00f3rio. Geral instrumentos de gest\u00e3o territorial. Concep\u00e7\u00e3o.Contrata\u00e7\u00e3o p\u00fablica. Concurso de concep\u00e7\u00e3o. Procedimento. Imparcialidade. - Provedoria de Justi\u00e7a\",\"isPartOf\":{\"@id\":\"https:\/\/www.provedor-jus.pt\/#website\"},\"primaryImageOfPage\":{\"@id\":\"https:\/\/www.provedor-jus.pt\/en\/documentos\/ordenamento-do-territorio-geral-instrumentos-de-gestao-territorial-concepcao-contratacao-publica-concurso-de-concepcao-procedimento-imparcialidade\/#primaryimage\"},\"image\":{\"@id\":\"https:\/\/www.provedor-jus.pt\/en\/documentos\/ordenamento-do-territorio-geral-instrumentos-de-gestao-territorial-concepcao-contratacao-publica-concurso-de-concepcao-procedimento-imparcialidade\/#primaryimage\"},\"thumbnailUrl\":\"https:\/\/www.provedor-jus.pt\/wp-content\/uploads\/2020\/09\/pdf.gif\",\"datePublished\":\"2020-10-22T19:30:22+00:00\",\"breadcrumb\":{\"@id\":\"https:\/\/www.provedor-jus.pt\/en\/documentos\/ordenamento-do-territorio-geral-instrumentos-de-gestao-territorial-concepcao-contratacao-publica-concurso-de-concepcao-procedimento-imparcialidade\/#breadcrumb\"},\"inLanguage\":\"en-US\",\"potentialAction\":[{\"@type\":\"ReadAction\",\"target\":[\"https:\/\/www.provedor-jus.pt\/en\/documentos\/ordenamento-do-territorio-geral-instrumentos-de-gestao-territorial-concepcao-contratacao-publica-concurso-de-concepcao-procedimento-imparcialidade\/\"]}]},{\"@type\":\"ImageObject\",\"inLanguage\":\"en-US\",\"@id\":\"https:\/\/www.provedor-jus.pt\/en\/documentos\/ordenamento-do-territorio-geral-instrumentos-de-gestao-territorial-concepcao-contratacao-publica-concurso-de-concepcao-procedimento-imparcialidade\/#primaryimage\",\"url\":\"https:\/\/www.provedor-jus.pt\/wp-content\/uploads\/2020\/09\/pdf.gif\",\"contentUrl\":\"https:\/\/www.provedor-jus.pt\/wp-content\/uploads\/2020\/09\/pdf.gif\",\"width\":40,\"height\":47,\"caption\":\"iconpdf\"},{\"@type\":\"BreadcrumbList\",\"@id\":\"https:\/\/www.provedor-jus.pt\/en\/documentos\/ordenamento-do-territorio-geral-instrumentos-de-gestao-territorial-concepcao-contratacao-publica-concurso-de-concepcao-procedimento-imparcialidade\/#breadcrumb\",\"itemListElement\":[{\"@type\":\"ListItem\",\"position\":1,\"name\":\"In\u00edcio\",\"item\":\"https:\/\/www.provedor-jus.pt\/en\/\"},{\"@type\":\"ListItem\",\"position\":2,\"name\":\"Ordenamento do territ\u00f3rio. Geral instrumentos de gest\u00e3o territorial. Concep\u00e7\u00e3o.Contrata\u00e7\u00e3o p\u00fablica. Concurso de concep\u00e7\u00e3o. Procedimento. Imparcialidade.\"}]},{\"@type\":\"WebSite\",\"@id\":\"https:\/\/www.provedor-jus.pt\/#website\",\"url\":\"https:\/\/www.provedor-jus.pt\/\",\"name\":\"Provedoria de Justi\u00e7a\",\"description\":\"\",\"publisher\":{\"@id\":\"https:\/\/www.provedor-jus.pt\/#organization\"},\"potentialAction\":[{\"@type\":\"SearchAction\",\"target\":{\"@type\":\"EntryPoint\",\"urlTemplate\":\"https:\/\/www.provedor-jus.pt\/?s={search_term_string}\"},\"query-input\":{\"@type\":\"PropertyValueSpecification\",\"valueRequired\":true,\"valueName\":\"search_term_string\"}}],\"inLanguage\":\"en-US\"},{\"@type\":\"Organization\",\"@id\":\"https:\/\/www.provedor-jus.pt\/#organization\",\"name\":\"Provedoria de Justi\u00e7a\",\"url\":\"https:\/\/www.provedor-jus.pt\/\",\"logo\":{\"@type\":\"ImageObject\",\"inLanguage\":\"en-US\",\"@id\":\"https:\/\/www.provedor-jus.pt\/#\/schema\/logo\/image\/\",\"url\":\"https:\/\/www.provedor-jus.pt\/wp-content\/uploads\/2024\/10\/logo_provedor_50anos.jpg\",\"contentUrl\":\"https:\/\/www.provedor-jus.pt\/wp-content\/uploads\/2024\/10\/logo_provedor_50anos.jpg\",\"width\":2514,\"height\":554,\"caption\":\"Provedoria de Justi\u00e7a\"},\"image\":{\"@id\":\"https:\/\/www.provedor-jus.pt\/#\/schema\/logo\/image\/\"}}]}<\/script>\n<!-- \/ Yoast SEO plugin. -->","yoast_head_json":{"title":"Ordenamento do territ\u00f3rio. Geral instrumentos de gest\u00e3o territorial. Concep\u00e7\u00e3o.Contrata\u00e7\u00e3o p\u00fablica. Concurso de concep\u00e7\u00e3o. Procedimento. Imparcialidade. - Provedoria de Justi\u00e7a","robots":{"index":"index","follow":"follow","max-snippet":"max-snippet:-1","max-image-preview":"max-image-preview:large","max-video-preview":"max-video-preview:-1"},"canonical":"https:\/\/www.provedor-jus.pt\/en\/documentos\/ordenamento-do-territorio-geral-instrumentos-de-gestao-territorial-concepcao-contratacao-publica-concurso-de-concepcao-procedimento-imparcialidade\/","og_locale":"en_US","og_type":"article","og_title":"Ordenamento do territ\u00f3rio. Geral instrumentos de gest\u00e3o territorial. Concep\u00e7\u00e3o.Contrata\u00e7\u00e3o p\u00fablica. Concurso de concep\u00e7\u00e3o. Procedimento. Imparcialidade. - Provedoria de Justi\u00e7a","og_description":"OuvirI. 1.\u00a0 A Ordem dos Arquitectos Portugueses solicitou a interven\u00e7\u00e3o do Provedor de Justi\u00e7a por se opor \u00e0 modalidade do procedimento de escolha do co-contratante adoptada pela C\u00e2mara Municipal de Tomar no concurso para aquisi\u00e7\u00e3o dos servi\u00e7os de \u201celabora\u00e7\u00e3o do Plano de Pormenor da \u00c1rea Tur\u00edstica de Vila Nova, na freguesia da Serra, concelho de Tomar\u201d. 2.\u00a0 Considera a Ordem&hellip;","og_url":"https:\/\/www.provedor-jus.pt\/en\/documentos\/ordenamento-do-territorio-geral-instrumentos-de-gestao-territorial-concepcao-contratacao-publica-concurso-de-concepcao-procedimento-imparcialidade\/","og_site_name":"Provedoria de Justi\u00e7a","og_image":[{"width":40,"height":47,"url":"https:\/\/www.provedor-jus.pt\/wp-content\/uploads\/2020\/09\/pdf.gif","type":"image\/gif"}],"twitter_card":"summary_large_image","twitter_misc":{"Est. reading time":"1 minute"},"schema":{"@context":"https:\/\/schema.org","@graph":[{"@type":"WebPage","@id":"https:\/\/www.provedor-jus.pt\/en\/documentos\/ordenamento-do-territorio-geral-instrumentos-de-gestao-territorial-concepcao-contratacao-publica-concurso-de-concepcao-procedimento-imparcialidade\/","url":"https:\/\/www.provedor-jus.pt\/en\/documentos\/ordenamento-do-territorio-geral-instrumentos-de-gestao-territorial-concepcao-contratacao-publica-concurso-de-concepcao-procedimento-imparcialidade\/","name":"Ordenamento do territ\u00f3rio. Geral instrumentos de gest\u00e3o territorial. Concep\u00e7\u00e3o.Contrata\u00e7\u00e3o p\u00fablica. Concurso de concep\u00e7\u00e3o. Procedimento. Imparcialidade. - Provedoria de Justi\u00e7a","isPartOf":{"@id":"https:\/\/www.provedor-jus.pt\/#website"},"primaryImageOfPage":{"@id":"https:\/\/www.provedor-jus.pt\/en\/documentos\/ordenamento-do-territorio-geral-instrumentos-de-gestao-territorial-concepcao-contratacao-publica-concurso-de-concepcao-procedimento-imparcialidade\/#primaryimage"},"image":{"@id":"https:\/\/www.provedor-jus.pt\/en\/documentos\/ordenamento-do-territorio-geral-instrumentos-de-gestao-territorial-concepcao-contratacao-publica-concurso-de-concepcao-procedimento-imparcialidade\/#primaryimage"},"thumbnailUrl":"https:\/\/www.provedor-jus.pt\/wp-content\/uploads\/2020\/09\/pdf.gif","datePublished":"2020-10-22T19:30:22+00:00","breadcrumb":{"@id":"https:\/\/www.provedor-jus.pt\/en\/documentos\/ordenamento-do-territorio-geral-instrumentos-de-gestao-territorial-concepcao-contratacao-publica-concurso-de-concepcao-procedimento-imparcialidade\/#breadcrumb"},"inLanguage":"en-US","potentialAction":[{"@type":"ReadAction","target":["https:\/\/www.provedor-jus.pt\/en\/documentos\/ordenamento-do-territorio-geral-instrumentos-de-gestao-territorial-concepcao-contratacao-publica-concurso-de-concepcao-procedimento-imparcialidade\/"]}]},{"@type":"ImageObject","inLanguage":"en-US","@id":"https:\/\/www.provedor-jus.pt\/en\/documentos\/ordenamento-do-territorio-geral-instrumentos-de-gestao-territorial-concepcao-contratacao-publica-concurso-de-concepcao-procedimento-imparcialidade\/#primaryimage","url":"https:\/\/www.provedor-jus.pt\/wp-content\/uploads\/2020\/09\/pdf.gif","contentUrl":"https:\/\/www.provedor-jus.pt\/wp-content\/uploads\/2020\/09\/pdf.gif","width":40,"height":47,"caption":"iconpdf"},{"@type":"BreadcrumbList","@id":"https:\/\/www.provedor-jus.pt\/en\/documentos\/ordenamento-do-territorio-geral-instrumentos-de-gestao-territorial-concepcao-contratacao-publica-concurso-de-concepcao-procedimento-imparcialidade\/#breadcrumb","itemListElement":[{"@type":"ListItem","position":1,"name":"In\u00edcio","item":"https:\/\/www.provedor-jus.pt\/en\/"},{"@type":"ListItem","position":2,"name":"Ordenamento do territ\u00f3rio. Geral instrumentos de gest\u00e3o territorial. Concep\u00e7\u00e3o.Contrata\u00e7\u00e3o p\u00fablica. Concurso de concep\u00e7\u00e3o. Procedimento. Imparcialidade."}]},{"@type":"WebSite","@id":"https:\/\/www.provedor-jus.pt\/#website","url":"https:\/\/www.provedor-jus.pt\/","name":"Provedoria de Justi\u00e7a","description":"","publisher":{"@id":"https:\/\/www.provedor-jus.pt\/#organization"},"potentialAction":[{"@type":"SearchAction","target":{"@type":"EntryPoint","urlTemplate":"https:\/\/www.provedor-jus.pt\/?s={search_term_string}"},"query-input":{"@type":"PropertyValueSpecification","valueRequired":true,"valueName":"search_term_string"}}],"inLanguage":"en-US"},{"@type":"Organization","@id":"https:\/\/www.provedor-jus.pt\/#organization","name":"Provedoria de Justi\u00e7a","url":"https:\/\/www.provedor-jus.pt\/","logo":{"@type":"ImageObject","inLanguage":"en-US","@id":"https:\/\/www.provedor-jus.pt\/#\/schema\/logo\/image\/","url":"https:\/\/www.provedor-jus.pt\/wp-content\/uploads\/2024\/10\/logo_provedor_50anos.jpg","contentUrl":"https:\/\/www.provedor-jus.pt\/wp-content\/uploads\/2024\/10\/logo_provedor_50anos.jpg","width":2514,"height":554,"caption":"Provedoria de Justi\u00e7a"},"image":{"@id":"https:\/\/www.provedor-jus.pt\/#\/schema\/logo\/image\/"}}]}},"_links":{"self":[{"href":"https:\/\/www.provedor-jus.pt\/en\/wp-json\/wp\/v2\/documentos\/25925","targetHints":{"allow":["GET"]}}],"collection":[{"href":"https:\/\/www.provedor-jus.pt\/en\/wp-json\/wp\/v2\/documentos"}],"about":[{"href":"https:\/\/www.provedor-jus.pt\/en\/wp-json\/wp\/v2\/types\/documentos"}],"author":[{"embeddable":true,"href":"https:\/\/www.provedor-jus.pt\/en\/wp-json\/wp\/v2\/users\/1"}],"wp:featuredmedia":[{"embeddable":true,"href":"https:\/\/www.provedor-jus.pt\/en\/wp-json\/wp\/v2\/media\/2212"}],"wp:attachment":[{"href":"https:\/\/www.provedor-jus.pt\/en\/wp-json\/wp\/v2\/media?parent=25925"}],"wp:term":[{"taxonomy":"catgorias_documentos","embeddable":true,"href":"https:\/\/www.provedor-jus.pt\/en\/wp-json\/wp\/v2\/catgorias_documentos?post=25925"}],"curies":[{"name":"wp","href":"https:\/\/api.w.org\/{rel}","templated":true}]}}