{"id":25938,"date":"2020-10-22T20:30:18","date_gmt":"2020-10-22T19:30:18","guid":{"rendered":"http:\/\/www.provedor-jus.pt\/documentos\/ambiente-recursos-naturais-especies-marinhas-dominio-publico-uso-privativo-apanha-de-marisco-aplicacao-da-lei-no-tempo\/"},"modified":"2020-10-22T20:30:18","modified_gmt":"2020-10-22T19:30:18","slug":"ambiente-recursos-naturais-especies-marinhas-dominio-publico-uso-privativo-apanha-de-marisco-aplicacao-da-lei-no-tempo","status":"publish","type":"documentos","link":"https:\/\/www.provedor-jus.pt\/en\/documentos\/ambiente-recursos-naturais-especies-marinhas-dominio-publico-uso-privativo-apanha-de-marisco-aplicacao-da-lei-no-tempo\/","title":{"rendered":"Ambiente \u2013 Recursos naturais \u2013 Esp\u00e9cies marinhas \u2013 Dom\u00ednio p\u00fablico \u2013 Uso privativo \u2013 Apanha de marisco \u2013 Aplica\u00e7\u00e3o da lei no tempo"},"content":{"rendered":"<!-- RS_MODULE_CODE_2.5.3 --> <div id=\"readspeaker_button25938\" class=\"rs_skip rs_preserve\"><a class=\"rs_href\" title=\"Ouvir com ReadSpeaker\" href=\"https:\/\/app-eu.readspeaker.com\/cgi-bin\/rsent?customerid=6394&amp;lang=pt_pt&amp;readid=rspeak_read_25938&amp;url=https%3A%2F%2Fwww.provedor-jus.pt%2Fen%2Fwp-json%2Fwp%2Fv2%2Fdocumentos%2F25938\" onclick=\"readpage(this.href, 'xp25938'); return false;\"><img decoding=\"async\" src=\"https:\/\/www.provedor-jus.pt\/wp-content\/plugins\/enterprise_expanding_hl_wordpress-2x\/img\/icon_16px.gif\" alt=\"Ouvir com ReadSpeaker\" style=\"display: inline-block; margin-right: 5px;\"\/>Ouvir<\/a><\/div><div id=\"xp25938\" class=\"rs_addtools rs_splitbutton rs_preserve rs_skip rs_exp\"><\/div><div id=\"rspeak_read_25938\"><p>Objecto: Reclamava-se da Direc\u00e7\u00e3o-Geral das Pescas e Aquicultura, por aplicar aos portadores de cart\u00e3o identificativo de apanhador, emitido antes da entrada em vigor da Portaria n.\u00ba 144\/2006, de 20 de Fevereiro, as restri\u00e7\u00f5es territoriais para o exerc\u00edcio da actividade, que por esta vieram a ser estabelecidas, entendimento que se reputava violador de um alegado princ\u00edpio geral da irretroactividade das normas e das liberdades de desloca\u00e7\u00e3o e de escolha da profiss\u00e3o, direitos constitucionalmente protegidos<\/p>\n<p>Decis\u00e3o: Concluiu-se que estando o exerc\u00edcio da actividade condicionada \u00e0 emiss\u00e3o de licen\u00e7a anual, de uso privativo de bens do dom\u00ednio p\u00fablico, a mesma dever\u00e1 conformar-se com as normas em vigor \u00e0 data do licenciamento, para mais encontrando estas a sua justifica\u00e7\u00e3o em imperativos de ordem p\u00fablica, de protec\u00e7\u00e3o e aproveitamento racional dos recursos naturais. N\u00e3o se encontrou restri\u00e7\u00e3o indevida de direitos constitucionalmente consagrados, at\u00e9 porque a actividade, agora territorialmente limitada, n\u00e3o fica proibida, mas apenas condicionada.<\/p>\n<\/div>","protected":false},"excerpt":{"rendered":"<p><!-- RS_MODULE_CODE_2.5.3 --> <\/p>\n<div id=\"readspeaker_button25938\" class=\"rs_skip rs_preserve\"><a class=\"rs_href\" title=\"Ouvir com ReadSpeaker\" href=\"https:\/\/app-eu.readspeaker.com\/cgi-bin\/rsent?customerid=6394&amp;lang=pt_pt&amp;readid=rspeak_read_25938&amp;url=https%3A%2F%2Fwww.provedor-jus.pt%2Fen%2Fwp-json%2Fwp%2Fv2%2Fdocumentos%2F25938\" onclick=\"readpage(this.href, 'xp25938'); return false;\"><img decoding=\"async\" src=\"https:\/\/www.provedor-jus.pt\/wp-content\/plugins\/enterprise_expanding_hl_wordpress-2x\/img\/icon_16px.gif\" alt=\"Ouvir com ReadSpeaker\" style=\"display: inline-block; margin-right: 5px;\"\/>Ouvir<\/a><\/div>\n<div id=\"xp25938\" class=\"rs_addtools rs_splitbutton rs_preserve rs_skip rs_exp\"><\/div>\n<div id=\"rspeak_read_25938\">Objecto: Reclamava-se da Direc\u00e7\u00e3o-Geral das Pescas e Aquicultura, por aplicar aos portadores de cart\u00e3o identificativo de apanhador, emitido antes da entrada em vigor da Portaria n.\u00ba 144\/2006, de 20 de Fevereiro, as restri\u00e7\u00f5es territoriais para o exerc\u00edcio da actividade, que por esta vieram a ser estabelecidas, entendimento que se reputava violador de um alegado princ\u00edpio geral da irretroactividade das normas&hellip;<\/div>\n","protected":false},"author":1,"featured_media":2212,"menu_order":0,"template":"documentos-template.php","meta":{"_acf_changed":false},"catgorias_documentos":[151],"class_list":["post-25938","documentos","type-documentos","status-publish","has-post-thumbnail","hentry","catgorias_documentos-outras-decisoes-en"],"acf":[],"yoast_head":"<!-- This site is optimized with the Yoast SEO plugin v25.2 - https:\/\/yoast.com\/wordpress\/plugins\/seo\/ -->\n<title>Ambiente \u2013 Recursos naturais \u2013 Esp\u00e9cies marinhas \u2013 Dom\u00ednio p\u00fablico \u2013 Uso privativo \u2013 Apanha de marisco \u2013 Aplica\u00e7\u00e3o da lei no tempo - Provedoria de Justi\u00e7a<\/title>\n<meta name=\"robots\" content=\"index, follow, max-snippet:-1, max-image-preview:large, max-video-preview:-1\" \/>\n<link rel=\"canonical\" href=\"https:\/\/www.provedor-jus.pt\/en\/documentos\/ambiente-recursos-naturais-especies-marinhas-dominio-publico-uso-privativo-apanha-de-marisco-aplicacao-da-lei-no-tempo\/\" \/>\n<meta property=\"og:locale\" content=\"en_US\" \/>\n<meta property=\"og:type\" content=\"article\" \/>\n<meta property=\"og:title\" content=\"Ambiente \u2013 Recursos naturais \u2013 Esp\u00e9cies marinhas \u2013 Dom\u00ednio p\u00fablico \u2013 Uso privativo \u2013 Apanha de marisco \u2013 Aplica\u00e7\u00e3o da lei no tempo - Provedoria de Justi\u00e7a\" \/>\n<meta property=\"og:description\" content=\"OuvirObjecto: Reclamava-se da Direc\u00e7\u00e3o-Geral das Pescas e Aquicultura, por aplicar aos portadores de cart\u00e3o identificativo de apanhador, emitido antes da entrada em vigor da Portaria n.\u00ba 144\/2006, de 20 de Fevereiro, as restri\u00e7\u00f5es territoriais para o exerc\u00edcio da actividade, que por esta vieram a ser estabelecidas, entendimento que se reputava violador de um alegado princ\u00edpio geral da irretroactividade das normas&hellip;\" \/>\n<meta property=\"og:url\" content=\"https:\/\/www.provedor-jus.pt\/en\/documentos\/ambiente-recursos-naturais-especies-marinhas-dominio-publico-uso-privativo-apanha-de-marisco-aplicacao-da-lei-no-tempo\/\" \/>\n<meta property=\"og:site_name\" content=\"Provedoria de Justi\u00e7a\" \/>\n<meta property=\"og:image\" content=\"https:\/\/www.provedor-jus.pt\/wp-content\/uploads\/2020\/09\/pdf.gif\" \/>\n\t<meta property=\"og:image:width\" content=\"40\" \/>\n\t<meta property=\"og:image:height\" content=\"47\" \/>\n\t<meta property=\"og:image:type\" content=\"image\/gif\" \/>\n<meta name=\"twitter:card\" content=\"summary_large_image\" \/>\n<meta name=\"twitter:label1\" content=\"Est. reading time\" \/>\n\t<meta name=\"twitter:data1\" content=\"1 minute\" \/>\n<script type=\"application\/ld+json\" class=\"yoast-schema-graph\">{\"@context\":\"https:\/\/schema.org\",\"@graph\":[{\"@type\":\"WebPage\",\"@id\":\"https:\/\/www.provedor-jus.pt\/en\/documentos\/ambiente-recursos-naturais-especies-marinhas-dominio-publico-uso-privativo-apanha-de-marisco-aplicacao-da-lei-no-tempo\/\",\"url\":\"https:\/\/www.provedor-jus.pt\/en\/documentos\/ambiente-recursos-naturais-especies-marinhas-dominio-publico-uso-privativo-apanha-de-marisco-aplicacao-da-lei-no-tempo\/\",\"name\":\"Ambiente \u2013 Recursos naturais \u2013 Esp\u00e9cies marinhas \u2013 Dom\u00ednio p\u00fablico \u2013 Uso privativo \u2013 Apanha de marisco \u2013 Aplica\u00e7\u00e3o da lei no tempo - Provedoria de Justi\u00e7a\",\"isPartOf\":{\"@id\":\"https:\/\/www.provedor-jus.pt\/#website\"},\"primaryImageOfPage\":{\"@id\":\"https:\/\/www.provedor-jus.pt\/en\/documentos\/ambiente-recursos-naturais-especies-marinhas-dominio-publico-uso-privativo-apanha-de-marisco-aplicacao-da-lei-no-tempo\/#primaryimage\"},\"image\":{\"@id\":\"https:\/\/www.provedor-jus.pt\/en\/documentos\/ambiente-recursos-naturais-especies-marinhas-dominio-publico-uso-privativo-apanha-de-marisco-aplicacao-da-lei-no-tempo\/#primaryimage\"},\"thumbnailUrl\":\"https:\/\/www.provedor-jus.pt\/wp-content\/uploads\/2020\/09\/pdf.gif\",\"datePublished\":\"2020-10-22T19:30:18+00:00\",\"breadcrumb\":{\"@id\":\"https:\/\/www.provedor-jus.pt\/en\/documentos\/ambiente-recursos-naturais-especies-marinhas-dominio-publico-uso-privativo-apanha-de-marisco-aplicacao-da-lei-no-tempo\/#breadcrumb\"},\"inLanguage\":\"en-US\",\"potentialAction\":[{\"@type\":\"ReadAction\",\"target\":[\"https:\/\/www.provedor-jus.pt\/en\/documentos\/ambiente-recursos-naturais-especies-marinhas-dominio-publico-uso-privativo-apanha-de-marisco-aplicacao-da-lei-no-tempo\/\"]}]},{\"@type\":\"ImageObject\",\"inLanguage\":\"en-US\",\"@id\":\"https:\/\/www.provedor-jus.pt\/en\/documentos\/ambiente-recursos-naturais-especies-marinhas-dominio-publico-uso-privativo-apanha-de-marisco-aplicacao-da-lei-no-tempo\/#primaryimage\",\"url\":\"https:\/\/www.provedor-jus.pt\/wp-content\/uploads\/2020\/09\/pdf.gif\",\"contentUrl\":\"https:\/\/www.provedor-jus.pt\/wp-content\/uploads\/2020\/09\/pdf.gif\",\"width\":40,\"height\":47,\"caption\":\"iconpdf\"},{\"@type\":\"BreadcrumbList\",\"@id\":\"https:\/\/www.provedor-jus.pt\/en\/documentos\/ambiente-recursos-naturais-especies-marinhas-dominio-publico-uso-privativo-apanha-de-marisco-aplicacao-da-lei-no-tempo\/#breadcrumb\",\"itemListElement\":[{\"@type\":\"ListItem\",\"position\":1,\"name\":\"In\u00edcio\",\"item\":\"https:\/\/www.provedor-jus.pt\/en\/\"},{\"@type\":\"ListItem\",\"position\":2,\"name\":\"Ambiente \u2013 Recursos naturais \u2013 Esp\u00e9cies marinhas \u2013 Dom\u00ednio p\u00fablico \u2013 Uso privativo \u2013 Apanha de marisco \u2013 Aplica\u00e7\u00e3o da lei no tempo\"}]},{\"@type\":\"WebSite\",\"@id\":\"https:\/\/www.provedor-jus.pt\/#website\",\"url\":\"https:\/\/www.provedor-jus.pt\/\",\"name\":\"Provedoria de Justi\u00e7a\",\"description\":\"\",\"publisher\":{\"@id\":\"https:\/\/www.provedor-jus.pt\/#organization\"},\"potentialAction\":[{\"@type\":\"SearchAction\",\"target\":{\"@type\":\"EntryPoint\",\"urlTemplate\":\"https:\/\/www.provedor-jus.pt\/?s={search_term_string}\"},\"query-input\":{\"@type\":\"PropertyValueSpecification\",\"valueRequired\":true,\"valueName\":\"search_term_string\"}}],\"inLanguage\":\"en-US\"},{\"@type\":\"Organization\",\"@id\":\"https:\/\/www.provedor-jus.pt\/#organization\",\"name\":\"Provedoria de Justi\u00e7a\",\"url\":\"https:\/\/www.provedor-jus.pt\/\",\"logo\":{\"@type\":\"ImageObject\",\"inLanguage\":\"en-US\",\"@id\":\"https:\/\/www.provedor-jus.pt\/#\/schema\/logo\/image\/\",\"url\":\"https:\/\/www.provedor-jus.pt\/wp-content\/uploads\/2024\/10\/logo_provedor_50anos.jpg\",\"contentUrl\":\"https:\/\/www.provedor-jus.pt\/wp-content\/uploads\/2024\/10\/logo_provedor_50anos.jpg\",\"width\":2514,\"height\":554,\"caption\":\"Provedoria de Justi\u00e7a\"},\"image\":{\"@id\":\"https:\/\/www.provedor-jus.pt\/#\/schema\/logo\/image\/\"}}]}<\/script>\n<!-- \/ Yoast SEO plugin. -->","yoast_head_json":{"title":"Ambiente \u2013 Recursos naturais \u2013 Esp\u00e9cies marinhas \u2013 Dom\u00ednio p\u00fablico \u2013 Uso privativo \u2013 Apanha de marisco \u2013 Aplica\u00e7\u00e3o da lei no tempo - Provedoria de Justi\u00e7a","robots":{"index":"index","follow":"follow","max-snippet":"max-snippet:-1","max-image-preview":"max-image-preview:large","max-video-preview":"max-video-preview:-1"},"canonical":"https:\/\/www.provedor-jus.pt\/en\/documentos\/ambiente-recursos-naturais-especies-marinhas-dominio-publico-uso-privativo-apanha-de-marisco-aplicacao-da-lei-no-tempo\/","og_locale":"en_US","og_type":"article","og_title":"Ambiente \u2013 Recursos naturais \u2013 Esp\u00e9cies marinhas \u2013 Dom\u00ednio p\u00fablico \u2013 Uso privativo \u2013 Apanha de marisco \u2013 Aplica\u00e7\u00e3o da lei no tempo - Provedoria de Justi\u00e7a","og_description":"OuvirObjecto: Reclamava-se da Direc\u00e7\u00e3o-Geral das Pescas e Aquicultura, por aplicar aos portadores de cart\u00e3o identificativo de apanhador, emitido antes da entrada em vigor da Portaria n.\u00ba 144\/2006, de 20 de Fevereiro, as restri\u00e7\u00f5es territoriais para o exerc\u00edcio da actividade, que por esta vieram a ser estabelecidas, entendimento que se reputava violador de um alegado princ\u00edpio geral da irretroactividade das normas&hellip;","og_url":"https:\/\/www.provedor-jus.pt\/en\/documentos\/ambiente-recursos-naturais-especies-marinhas-dominio-publico-uso-privativo-apanha-de-marisco-aplicacao-da-lei-no-tempo\/","og_site_name":"Provedoria de Justi\u00e7a","og_image":[{"width":40,"height":47,"url":"https:\/\/www.provedor-jus.pt\/wp-content\/uploads\/2020\/09\/pdf.gif","type":"image\/gif"}],"twitter_card":"summary_large_image","twitter_misc":{"Est. reading time":"1 minute"},"schema":{"@context":"https:\/\/schema.org","@graph":[{"@type":"WebPage","@id":"https:\/\/www.provedor-jus.pt\/en\/documentos\/ambiente-recursos-naturais-especies-marinhas-dominio-publico-uso-privativo-apanha-de-marisco-aplicacao-da-lei-no-tempo\/","url":"https:\/\/www.provedor-jus.pt\/en\/documentos\/ambiente-recursos-naturais-especies-marinhas-dominio-publico-uso-privativo-apanha-de-marisco-aplicacao-da-lei-no-tempo\/","name":"Ambiente \u2013 Recursos naturais \u2013 Esp\u00e9cies marinhas \u2013 Dom\u00ednio p\u00fablico \u2013 Uso privativo \u2013 Apanha de marisco \u2013 Aplica\u00e7\u00e3o da lei no tempo - Provedoria de Justi\u00e7a","isPartOf":{"@id":"https:\/\/www.provedor-jus.pt\/#website"},"primaryImageOfPage":{"@id":"https:\/\/www.provedor-jus.pt\/en\/documentos\/ambiente-recursos-naturais-especies-marinhas-dominio-publico-uso-privativo-apanha-de-marisco-aplicacao-da-lei-no-tempo\/#primaryimage"},"image":{"@id":"https:\/\/www.provedor-jus.pt\/en\/documentos\/ambiente-recursos-naturais-especies-marinhas-dominio-publico-uso-privativo-apanha-de-marisco-aplicacao-da-lei-no-tempo\/#primaryimage"},"thumbnailUrl":"https:\/\/www.provedor-jus.pt\/wp-content\/uploads\/2020\/09\/pdf.gif","datePublished":"2020-10-22T19:30:18+00:00","breadcrumb":{"@id":"https:\/\/www.provedor-jus.pt\/en\/documentos\/ambiente-recursos-naturais-especies-marinhas-dominio-publico-uso-privativo-apanha-de-marisco-aplicacao-da-lei-no-tempo\/#breadcrumb"},"inLanguage":"en-US","potentialAction":[{"@type":"ReadAction","target":["https:\/\/www.provedor-jus.pt\/en\/documentos\/ambiente-recursos-naturais-especies-marinhas-dominio-publico-uso-privativo-apanha-de-marisco-aplicacao-da-lei-no-tempo\/"]}]},{"@type":"ImageObject","inLanguage":"en-US","@id":"https:\/\/www.provedor-jus.pt\/en\/documentos\/ambiente-recursos-naturais-especies-marinhas-dominio-publico-uso-privativo-apanha-de-marisco-aplicacao-da-lei-no-tempo\/#primaryimage","url":"https:\/\/www.provedor-jus.pt\/wp-content\/uploads\/2020\/09\/pdf.gif","contentUrl":"https:\/\/www.provedor-jus.pt\/wp-content\/uploads\/2020\/09\/pdf.gif","width":40,"height":47,"caption":"iconpdf"},{"@type":"BreadcrumbList","@id":"https:\/\/www.provedor-jus.pt\/en\/documentos\/ambiente-recursos-naturais-especies-marinhas-dominio-publico-uso-privativo-apanha-de-marisco-aplicacao-da-lei-no-tempo\/#breadcrumb","itemListElement":[{"@type":"ListItem","position":1,"name":"In\u00edcio","item":"https:\/\/www.provedor-jus.pt\/en\/"},{"@type":"ListItem","position":2,"name":"Ambiente \u2013 Recursos naturais \u2013 Esp\u00e9cies marinhas \u2013 Dom\u00ednio p\u00fablico \u2013 Uso privativo \u2013 Apanha de marisco \u2013 Aplica\u00e7\u00e3o da lei no tempo"}]},{"@type":"WebSite","@id":"https:\/\/www.provedor-jus.pt\/#website","url":"https:\/\/www.provedor-jus.pt\/","name":"Provedoria de Justi\u00e7a","description":"","publisher":{"@id":"https:\/\/www.provedor-jus.pt\/#organization"},"potentialAction":[{"@type":"SearchAction","target":{"@type":"EntryPoint","urlTemplate":"https:\/\/www.provedor-jus.pt\/?s={search_term_string}"},"query-input":{"@type":"PropertyValueSpecification","valueRequired":true,"valueName":"search_term_string"}}],"inLanguage":"en-US"},{"@type":"Organization","@id":"https:\/\/www.provedor-jus.pt\/#organization","name":"Provedoria de Justi\u00e7a","url":"https:\/\/www.provedor-jus.pt\/","logo":{"@type":"ImageObject","inLanguage":"en-US","@id":"https:\/\/www.provedor-jus.pt\/#\/schema\/logo\/image\/","url":"https:\/\/www.provedor-jus.pt\/wp-content\/uploads\/2024\/10\/logo_provedor_50anos.jpg","contentUrl":"https:\/\/www.provedor-jus.pt\/wp-content\/uploads\/2024\/10\/logo_provedor_50anos.jpg","width":2514,"height":554,"caption":"Provedoria de Justi\u00e7a"},"image":{"@id":"https:\/\/www.provedor-jus.pt\/#\/schema\/logo\/image\/"}}]}},"_links":{"self":[{"href":"https:\/\/www.provedor-jus.pt\/en\/wp-json\/wp\/v2\/documentos\/25938","targetHints":{"allow":["GET"]}}],"collection":[{"href":"https:\/\/www.provedor-jus.pt\/en\/wp-json\/wp\/v2\/documentos"}],"about":[{"href":"https:\/\/www.provedor-jus.pt\/en\/wp-json\/wp\/v2\/types\/documentos"}],"author":[{"embeddable":true,"href":"https:\/\/www.provedor-jus.pt\/en\/wp-json\/wp\/v2\/users\/1"}],"wp:featuredmedia":[{"embeddable":true,"href":"https:\/\/www.provedor-jus.pt\/en\/wp-json\/wp\/v2\/media\/2212"}],"wp:attachment":[{"href":"https:\/\/www.provedor-jus.pt\/en\/wp-json\/wp\/v2\/media?parent=25938"}],"wp:term":[{"taxonomy":"catgorias_documentos","embeddable":true,"href":"https:\/\/www.provedor-jus.pt\/en\/wp-json\/wp\/v2\/catgorias_documentos?post=25938"}],"curies":[{"name":"wp","href":"https:\/\/api.w.org\/{rel}","templated":true}]}}