{"id":25983,"date":"2020-10-22T20:30:06","date_gmt":"2020-10-22T19:30:06","guid":{"rendered":"http:\/\/www.provedor-jus.pt\/documentos\/reiteracao-da-recomendacao-n-o-35-b-99-servicos-telecomunicacoes-valor-acrescentado-sva\/"},"modified":"2020-10-22T20:30:06","modified_gmt":"2020-10-22T19:30:06","slug":"reiteracao-da-recomendacao-n-o-35-b-99-servicos-telecomunicacoes-valor-acrescentado-sva","status":"publish","type":"documentos","link":"https:\/\/www.provedor-jus.pt\/en\/documentos\/reiteracao-da-recomendacao-n-o-35-b-99-servicos-telecomunicacoes-valor-acrescentado-sva\/","title":{"rendered":"Reitera\u00e7\u00e3o da recomenda\u00e7\u00e3o n.\u00ba 35\/B\/99 (Servi\u00e7os telecomunica\u00e7\u00f5es valor acrescentado (SVA))"},"content":{"rendered":"<!-- RS_MODULE_CODE_2.5.3 --> <div id=\"readspeaker_button25983\" class=\"rs_skip rs_preserve\"><a class=\"rs_href\" title=\"Ouvir com ReadSpeaker\" href=\"https:\/\/app-eu.readspeaker.com\/cgi-bin\/rsent?customerid=6394&amp;lang=pt_pt&amp;readid=rspeak_read_25983&amp;url=https%3A%2F%2Fwww.provedor-jus.pt%2Fen%2Fwp-json%2Fwp%2Fv2%2Fdocumentos%2F25983\" onclick=\"readpage(this.href, 'xp25983'); return false;\"><img decoding=\"async\" src=\"https:\/\/www.provedor-jus.pt\/wp-content\/plugins\/enterprise_expanding_hl_wordpress-2x\/img\/icon_16px.gif\" alt=\"Ouvir com ReadSpeaker\" style=\"display: inline-block; margin-right: 5px;\"\/>Ouvir<\/a><\/div><div id=\"xp25983\" class=\"rs_addtools rs_splitbutton rs_preserve rs_skip rs_exp\"><\/div><div id=\"rspeak_read_25983\"><p>Na Recomenda\u00e7\u00e3o n\u00ba 35\/B\/99 que dirigi a Sua Excel\u00eancia o Primeiro Ministro conclu\u00ed pela necessidade:<br \/>\na) De ser alterada, com urg\u00eancia, a legisla\u00e7\u00e3o que regulava a mat\u00e9ria dos servi\u00e7os de valor acrescentado (SVA) e, em especial, a redac\u00e7\u00e3o do artigo 10\u00ba do Decreto-Lei n.\u00ba 177\/99, de 21 de Maio, no sentido de ser consagrado o princ\u00edpio geral do barramento de acesso ao servi\u00e7o de valor acrescentado, conjuntamente com a necessidade do acesso ao servi\u00e7o ser pedido pelo propriet\u00e1rio do telefone que a ele queira aceder; e<br \/>\nb) De ser consagrada por via legislativa a proibi\u00e7\u00e3o de cobran\u00e7a dos SVA que comprovadamente tivessem resultado de solicita\u00e7\u00f5es feitas por crian\u00e7as e por indiv\u00edduos inimput\u00e1veis.[&#8230;]<br \/>\n\u00a0<\/p>\n<\/div>","protected":false},"excerpt":{"rendered":"<p><!-- RS_MODULE_CODE_2.5.3 --> <\/p>\n<div id=\"readspeaker_button25983\" class=\"rs_skip rs_preserve\"><a class=\"rs_href\" title=\"Ouvir com ReadSpeaker\" href=\"https:\/\/app-eu.readspeaker.com\/cgi-bin\/rsent?customerid=6394&amp;lang=pt_pt&amp;readid=rspeak_read_25983&amp;url=https%3A%2F%2Fwww.provedor-jus.pt%2Fen%2Fwp-json%2Fwp%2Fv2%2Fdocumentos%2F25983\" onclick=\"readpage(this.href, 'xp25983'); return false;\"><img decoding=\"async\" src=\"https:\/\/www.provedor-jus.pt\/wp-content\/plugins\/enterprise_expanding_hl_wordpress-2x\/img\/icon_16px.gif\" alt=\"Ouvir com ReadSpeaker\" style=\"display: inline-block; margin-right: 5px;\"\/>Ouvir<\/a><\/div>\n<div id=\"xp25983\" class=\"rs_addtools rs_splitbutton rs_preserve rs_skip rs_exp\"><\/div>\n<div id=\"rspeak_read_25983\">Na Recomenda\u00e7\u00e3o n\u00ba 35\/B\/99 que dirigi a Sua Excel\u00eancia o Primeiro Ministro conclu\u00ed pela necessidade: a) De ser alterada, com urg\u00eancia, a legisla\u00e7\u00e3o que regulava a mat\u00e9ria dos servi\u00e7os de valor acrescentado (SVA) e, em especial, a redac\u00e7\u00e3o do artigo 10\u00ba do Decreto-Lei n.\u00ba 177\/99, de 21 de Maio, no sentido de ser consagrado o princ\u00edpio geral do barramento de&hellip;<\/div>\n","protected":false},"author":1,"featured_media":2212,"menu_order":0,"template":"documentos-template.php","meta":{"_acf_changed":false},"catgorias_documentos":[151],"class_list":["post-25983","documentos","type-documentos","status-publish","has-post-thumbnail","hentry","catgorias_documentos-outras-decisoes-en"],"acf":[],"yoast_head":"<!-- This site is optimized with the Yoast SEO plugin v25.2 - https:\/\/yoast.com\/wordpress\/plugins\/seo\/ -->\n<title>Reitera\u00e7\u00e3o da recomenda\u00e7\u00e3o n.\u00ba 35\/B\/99 (Servi\u00e7os telecomunica\u00e7\u00f5es valor acrescentado (SVA)) - Provedoria de Justi\u00e7a<\/title>\n<meta name=\"robots\" content=\"index, follow, max-snippet:-1, max-image-preview:large, max-video-preview:-1\" \/>\n<link rel=\"canonical\" href=\"https:\/\/www.provedor-jus.pt\/en\/documentos\/reiteracao-da-recomendacao-n-o-35-b-99-servicos-telecomunicacoes-valor-acrescentado-sva\/\" \/>\n<meta property=\"og:locale\" content=\"en_US\" \/>\n<meta property=\"og:type\" content=\"article\" \/>\n<meta property=\"og:title\" content=\"Reitera\u00e7\u00e3o da recomenda\u00e7\u00e3o n.\u00ba 35\/B\/99 (Servi\u00e7os telecomunica\u00e7\u00f5es valor acrescentado (SVA)) - Provedoria de Justi\u00e7a\" \/>\n<meta property=\"og:description\" content=\"OuvirNa Recomenda\u00e7\u00e3o n\u00ba 35\/B\/99 que dirigi a Sua Excel\u00eancia o Primeiro Ministro conclu\u00ed pela necessidade: a) De ser alterada, com urg\u00eancia, a legisla\u00e7\u00e3o que regulava a mat\u00e9ria dos servi\u00e7os de valor acrescentado (SVA) e, em especial, a redac\u00e7\u00e3o do artigo 10\u00ba do Decreto-Lei n.\u00ba 177\/99, de 21 de Maio, no sentido de ser consagrado o princ\u00edpio geral do barramento de&hellip;\" \/>\n<meta property=\"og:url\" content=\"https:\/\/www.provedor-jus.pt\/en\/documentos\/reiteracao-da-recomendacao-n-o-35-b-99-servicos-telecomunicacoes-valor-acrescentado-sva\/\" \/>\n<meta property=\"og:site_name\" content=\"Provedoria de Justi\u00e7a\" \/>\n<meta property=\"og:image\" content=\"https:\/\/www.provedor-jus.pt\/wp-content\/uploads\/2020\/09\/pdf.gif\" \/>\n\t<meta property=\"og:image:width\" content=\"40\" \/>\n\t<meta property=\"og:image:height\" content=\"47\" \/>\n\t<meta property=\"og:image:type\" content=\"image\/gif\" \/>\n<meta name=\"twitter:card\" content=\"summary_large_image\" \/>\n<meta name=\"twitter:label1\" content=\"Est. reading time\" \/>\n\t<meta name=\"twitter:data1\" content=\"1 minute\" \/>\n<script type=\"application\/ld+json\" class=\"yoast-schema-graph\">{\"@context\":\"https:\/\/schema.org\",\"@graph\":[{\"@type\":\"WebPage\",\"@id\":\"https:\/\/www.provedor-jus.pt\/en\/documentos\/reiteracao-da-recomendacao-n-o-35-b-99-servicos-telecomunicacoes-valor-acrescentado-sva\/\",\"url\":\"https:\/\/www.provedor-jus.pt\/en\/documentos\/reiteracao-da-recomendacao-n-o-35-b-99-servicos-telecomunicacoes-valor-acrescentado-sva\/\",\"name\":\"Reitera\u00e7\u00e3o da recomenda\u00e7\u00e3o n.\u00ba 35\/B\/99 (Servi\u00e7os telecomunica\u00e7\u00f5es valor acrescentado (SVA)) - Provedoria de Justi\u00e7a\",\"isPartOf\":{\"@id\":\"https:\/\/www.provedor-jus.pt\/#website\"},\"primaryImageOfPage\":{\"@id\":\"https:\/\/www.provedor-jus.pt\/en\/documentos\/reiteracao-da-recomendacao-n-o-35-b-99-servicos-telecomunicacoes-valor-acrescentado-sva\/#primaryimage\"},\"image\":{\"@id\":\"https:\/\/www.provedor-jus.pt\/en\/documentos\/reiteracao-da-recomendacao-n-o-35-b-99-servicos-telecomunicacoes-valor-acrescentado-sva\/#primaryimage\"},\"thumbnailUrl\":\"https:\/\/www.provedor-jus.pt\/wp-content\/uploads\/2020\/09\/pdf.gif\",\"datePublished\":\"2020-10-22T19:30:06+00:00\",\"breadcrumb\":{\"@id\":\"https:\/\/www.provedor-jus.pt\/en\/documentos\/reiteracao-da-recomendacao-n-o-35-b-99-servicos-telecomunicacoes-valor-acrescentado-sva\/#breadcrumb\"},\"inLanguage\":\"en-US\",\"potentialAction\":[{\"@type\":\"ReadAction\",\"target\":[\"https:\/\/www.provedor-jus.pt\/en\/documentos\/reiteracao-da-recomendacao-n-o-35-b-99-servicos-telecomunicacoes-valor-acrescentado-sva\/\"]}]},{\"@type\":\"ImageObject\",\"inLanguage\":\"en-US\",\"@id\":\"https:\/\/www.provedor-jus.pt\/en\/documentos\/reiteracao-da-recomendacao-n-o-35-b-99-servicos-telecomunicacoes-valor-acrescentado-sva\/#primaryimage\",\"url\":\"https:\/\/www.provedor-jus.pt\/wp-content\/uploads\/2020\/09\/pdf.gif\",\"contentUrl\":\"https:\/\/www.provedor-jus.pt\/wp-content\/uploads\/2020\/09\/pdf.gif\",\"width\":40,\"height\":47,\"caption\":\"iconpdf\"},{\"@type\":\"BreadcrumbList\",\"@id\":\"https:\/\/www.provedor-jus.pt\/en\/documentos\/reiteracao-da-recomendacao-n-o-35-b-99-servicos-telecomunicacoes-valor-acrescentado-sva\/#breadcrumb\",\"itemListElement\":[{\"@type\":\"ListItem\",\"position\":1,\"name\":\"In\u00edcio\",\"item\":\"https:\/\/www.provedor-jus.pt\/en\/\"},{\"@type\":\"ListItem\",\"position\":2,\"name\":\"Reitera\u00e7\u00e3o da recomenda\u00e7\u00e3o n.\u00ba 35\/B\/99 (Servi\u00e7os telecomunica\u00e7\u00f5es valor acrescentado (SVA))\"}]},{\"@type\":\"WebSite\",\"@id\":\"https:\/\/www.provedor-jus.pt\/#website\",\"url\":\"https:\/\/www.provedor-jus.pt\/\",\"name\":\"Provedoria de Justi\u00e7a\",\"description\":\"\",\"publisher\":{\"@id\":\"https:\/\/www.provedor-jus.pt\/#organization\"},\"potentialAction\":[{\"@type\":\"SearchAction\",\"target\":{\"@type\":\"EntryPoint\",\"urlTemplate\":\"https:\/\/www.provedor-jus.pt\/?s={search_term_string}\"},\"query-input\":{\"@type\":\"PropertyValueSpecification\",\"valueRequired\":true,\"valueName\":\"search_term_string\"}}],\"inLanguage\":\"en-US\"},{\"@type\":\"Organization\",\"@id\":\"https:\/\/www.provedor-jus.pt\/#organization\",\"name\":\"Provedoria de Justi\u00e7a\",\"url\":\"https:\/\/www.provedor-jus.pt\/\",\"logo\":{\"@type\":\"ImageObject\",\"inLanguage\":\"en-US\",\"@id\":\"https:\/\/www.provedor-jus.pt\/#\/schema\/logo\/image\/\",\"url\":\"https:\/\/www.provedor-jus.pt\/wp-content\/uploads\/2024\/10\/logo_provedor_50anos.jpg\",\"contentUrl\":\"https:\/\/www.provedor-jus.pt\/wp-content\/uploads\/2024\/10\/logo_provedor_50anos.jpg\",\"width\":2514,\"height\":554,\"caption\":\"Provedoria de Justi\u00e7a\"},\"image\":{\"@id\":\"https:\/\/www.provedor-jus.pt\/#\/schema\/logo\/image\/\"}}]}<\/script>\n<!-- \/ Yoast SEO plugin. -->","yoast_head_json":{"title":"Reitera\u00e7\u00e3o da recomenda\u00e7\u00e3o n.\u00ba 35\/B\/99 (Servi\u00e7os telecomunica\u00e7\u00f5es valor acrescentado (SVA)) - Provedoria de Justi\u00e7a","robots":{"index":"index","follow":"follow","max-snippet":"max-snippet:-1","max-image-preview":"max-image-preview:large","max-video-preview":"max-video-preview:-1"},"canonical":"https:\/\/www.provedor-jus.pt\/en\/documentos\/reiteracao-da-recomendacao-n-o-35-b-99-servicos-telecomunicacoes-valor-acrescentado-sva\/","og_locale":"en_US","og_type":"article","og_title":"Reitera\u00e7\u00e3o da recomenda\u00e7\u00e3o n.\u00ba 35\/B\/99 (Servi\u00e7os telecomunica\u00e7\u00f5es valor acrescentado (SVA)) - Provedoria de Justi\u00e7a","og_description":"OuvirNa Recomenda\u00e7\u00e3o n\u00ba 35\/B\/99 que dirigi a Sua Excel\u00eancia o Primeiro Ministro conclu\u00ed pela necessidade: a) De ser alterada, com urg\u00eancia, a legisla\u00e7\u00e3o que regulava a mat\u00e9ria dos servi\u00e7os de valor acrescentado (SVA) e, em especial, a redac\u00e7\u00e3o do artigo 10\u00ba do Decreto-Lei n.\u00ba 177\/99, de 21 de Maio, no sentido de ser consagrado o princ\u00edpio geral do barramento de&hellip;","og_url":"https:\/\/www.provedor-jus.pt\/en\/documentos\/reiteracao-da-recomendacao-n-o-35-b-99-servicos-telecomunicacoes-valor-acrescentado-sva\/","og_site_name":"Provedoria de Justi\u00e7a","og_image":[{"width":40,"height":47,"url":"https:\/\/www.provedor-jus.pt\/wp-content\/uploads\/2020\/09\/pdf.gif","type":"image\/gif"}],"twitter_card":"summary_large_image","twitter_misc":{"Est. reading time":"1 minute"},"schema":{"@context":"https:\/\/schema.org","@graph":[{"@type":"WebPage","@id":"https:\/\/www.provedor-jus.pt\/en\/documentos\/reiteracao-da-recomendacao-n-o-35-b-99-servicos-telecomunicacoes-valor-acrescentado-sva\/","url":"https:\/\/www.provedor-jus.pt\/en\/documentos\/reiteracao-da-recomendacao-n-o-35-b-99-servicos-telecomunicacoes-valor-acrescentado-sva\/","name":"Reitera\u00e7\u00e3o da recomenda\u00e7\u00e3o n.\u00ba 35\/B\/99 (Servi\u00e7os telecomunica\u00e7\u00f5es valor acrescentado (SVA)) - Provedoria de Justi\u00e7a","isPartOf":{"@id":"https:\/\/www.provedor-jus.pt\/#website"},"primaryImageOfPage":{"@id":"https:\/\/www.provedor-jus.pt\/en\/documentos\/reiteracao-da-recomendacao-n-o-35-b-99-servicos-telecomunicacoes-valor-acrescentado-sva\/#primaryimage"},"image":{"@id":"https:\/\/www.provedor-jus.pt\/en\/documentos\/reiteracao-da-recomendacao-n-o-35-b-99-servicos-telecomunicacoes-valor-acrescentado-sva\/#primaryimage"},"thumbnailUrl":"https:\/\/www.provedor-jus.pt\/wp-content\/uploads\/2020\/09\/pdf.gif","datePublished":"2020-10-22T19:30:06+00:00","breadcrumb":{"@id":"https:\/\/www.provedor-jus.pt\/en\/documentos\/reiteracao-da-recomendacao-n-o-35-b-99-servicos-telecomunicacoes-valor-acrescentado-sva\/#breadcrumb"},"inLanguage":"en-US","potentialAction":[{"@type":"ReadAction","target":["https:\/\/www.provedor-jus.pt\/en\/documentos\/reiteracao-da-recomendacao-n-o-35-b-99-servicos-telecomunicacoes-valor-acrescentado-sva\/"]}]},{"@type":"ImageObject","inLanguage":"en-US","@id":"https:\/\/www.provedor-jus.pt\/en\/documentos\/reiteracao-da-recomendacao-n-o-35-b-99-servicos-telecomunicacoes-valor-acrescentado-sva\/#primaryimage","url":"https:\/\/www.provedor-jus.pt\/wp-content\/uploads\/2020\/09\/pdf.gif","contentUrl":"https:\/\/www.provedor-jus.pt\/wp-content\/uploads\/2020\/09\/pdf.gif","width":40,"height":47,"caption":"iconpdf"},{"@type":"BreadcrumbList","@id":"https:\/\/www.provedor-jus.pt\/en\/documentos\/reiteracao-da-recomendacao-n-o-35-b-99-servicos-telecomunicacoes-valor-acrescentado-sva\/#breadcrumb","itemListElement":[{"@type":"ListItem","position":1,"name":"In\u00edcio","item":"https:\/\/www.provedor-jus.pt\/en\/"},{"@type":"ListItem","position":2,"name":"Reitera\u00e7\u00e3o da recomenda\u00e7\u00e3o n.\u00ba 35\/B\/99 (Servi\u00e7os telecomunica\u00e7\u00f5es valor acrescentado (SVA))"}]},{"@type":"WebSite","@id":"https:\/\/www.provedor-jus.pt\/#website","url":"https:\/\/www.provedor-jus.pt\/","name":"Provedoria de Justi\u00e7a","description":"","publisher":{"@id":"https:\/\/www.provedor-jus.pt\/#organization"},"potentialAction":[{"@type":"SearchAction","target":{"@type":"EntryPoint","urlTemplate":"https:\/\/www.provedor-jus.pt\/?s={search_term_string}"},"query-input":{"@type":"PropertyValueSpecification","valueRequired":true,"valueName":"search_term_string"}}],"inLanguage":"en-US"},{"@type":"Organization","@id":"https:\/\/www.provedor-jus.pt\/#organization","name":"Provedoria de Justi\u00e7a","url":"https:\/\/www.provedor-jus.pt\/","logo":{"@type":"ImageObject","inLanguage":"en-US","@id":"https:\/\/www.provedor-jus.pt\/#\/schema\/logo\/image\/","url":"https:\/\/www.provedor-jus.pt\/wp-content\/uploads\/2024\/10\/logo_provedor_50anos.jpg","contentUrl":"https:\/\/www.provedor-jus.pt\/wp-content\/uploads\/2024\/10\/logo_provedor_50anos.jpg","width":2514,"height":554,"caption":"Provedoria de Justi\u00e7a"},"image":{"@id":"https:\/\/www.provedor-jus.pt\/#\/schema\/logo\/image\/"}}]}},"_links":{"self":[{"href":"https:\/\/www.provedor-jus.pt\/en\/wp-json\/wp\/v2\/documentos\/25983","targetHints":{"allow":["GET"]}}],"collection":[{"href":"https:\/\/www.provedor-jus.pt\/en\/wp-json\/wp\/v2\/documentos"}],"about":[{"href":"https:\/\/www.provedor-jus.pt\/en\/wp-json\/wp\/v2\/types\/documentos"}],"author":[{"embeddable":true,"href":"https:\/\/www.provedor-jus.pt\/en\/wp-json\/wp\/v2\/users\/1"}],"wp:featuredmedia":[{"embeddable":true,"href":"https:\/\/www.provedor-jus.pt\/en\/wp-json\/wp\/v2\/media\/2212"}],"wp:attachment":[{"href":"https:\/\/www.provedor-jus.pt\/en\/wp-json\/wp\/v2\/media?parent=25983"}],"wp:term":[{"taxonomy":"catgorias_documentos","embeddable":true,"href":"https:\/\/www.provedor-jus.pt\/en\/wp-json\/wp\/v2\/catgorias_documentos?post=25983"}],"curies":[{"name":"wp","href":"https:\/\/api.w.org\/{rel}","templated":true}]}}