{"id":25989,"date":"2020-10-22T20:30:05","date_gmt":"2020-10-22T19:30:05","guid":{"rendered":"http:\/\/www.provedor-jus.pt\/documentos\/aplicacao-do-artigo-8o-da-lei-n-o-176-a-99-de-30-de-dezembro-reducao-de-imposto-automovel-na-aquisicao-de-veiculos-no-territorio-aduaneiro-europeu-por-parte-de-cidadaos-portugueses-ex-residentes\/"},"modified":"2020-10-22T20:30:05","modified_gmt":"2020-10-22T19:30:05","slug":"aplicacao-do-artigo-8o-da-lei-n-o-176-a-99-de-30-de-dezembro-reducao-de-imposto-automovel-na-aquisicao-de-veiculos-no-territorio-aduaneiro-europeu-por-parte-de-cidadaos-portugueses-ex-residentes","status":"publish","type":"documentos","link":"https:\/\/www.provedor-jus.pt\/en\/documentos\/aplicacao-do-artigo-8o-da-lei-n-o-176-a-99-de-30-de-dezembro-reducao-de-imposto-automovel-na-aquisicao-de-veiculos-no-territorio-aduaneiro-europeu-por-parte-de-cidadaos-portugueses-ex-residentes\/","title":{"rendered":"Aplica\u00e7\u00e3o do artigo 8\u00ba da Lei n.\u00ba 176-A\/99, de 30 de Dezembro. Redu\u00e7\u00e3o de imposto autom\u00f3vel na aquisi\u00e7\u00e3o de ve\u00edculos, no territ\u00f3rio aduaneiro europeu, por parte de cidad\u00e3os portugueses, ex-residentes em Macau."},"content":{"rendered":"<!-- RS_MODULE_CODE_2.5.3 --> <div id=\"readspeaker_button25989\" class=\"rs_skip rs_preserve\"><a class=\"rs_href\" title=\"Ouvir com ReadSpeaker\" href=\"https:\/\/app-eu.readspeaker.com\/cgi-bin\/rsent?customerid=6394&amp;lang=pt_pt&amp;readid=rspeak_read_25989&amp;url=https%3A%2F%2Fwww.provedor-jus.pt%2Fen%2Fwp-json%2Fwp%2Fv2%2Fdocumentos%2F25989\" onclick=\"readpage(this.href, 'xp25989'); return false;\"><img decoding=\"async\" src=\"https:\/\/www.provedor-jus.pt\/wp-content\/plugins\/enterprise_expanding_hl_wordpress-2x\/img\/icon_16px.gif\" alt=\"Ouvir com ReadSpeaker\" style=\"display: inline-block; margin-right: 5px;\"\/>Ouvir<\/a><\/div><div id=\"xp25989\" class=\"rs_addtools rs_splitbutton rs_preserve rs_skip rs_exp\"><\/div><div id=\"rspeak_read_25989\"><p>O artigo 8\u00ba da Lei n.\u00ba 176-A\/99, de 30 de Dezembro, dispunha que:<br \/>\n1 \u2013 O cidad\u00e3o portugu\u00eas residente em Macau que transfira a sua resid\u00eancia para Portugal beneficia da isen\u00e7\u00e3o do imposto autom\u00f3vel na introdu\u00e7\u00e3o no consumo de um autom\u00f3vel ligeiro nas condi\u00e7\u00f5es previstas para os cidad\u00e3os portugueses residentes em pa\u00eds terceiro, podendo, por\u00e9m, optar pela aquisi\u00e7\u00e3o do autom\u00f3vel no territ\u00f3rio aduaneiro comunit\u00e1rio, beneficiando de uma redu\u00e7\u00e3o de 75% do imposto autom\u00f3vel.<br \/>\n2 \u2013 O estabelecido na parte final do n\u00famero anterior produz efeitos de 1 de Janeiro de 1999 at\u00e9 31 de Dezembro de 2000, salvo no caso do interessado j\u00e1 ter introduzido no consumo um autom\u00f3vel ligeiro com benef\u00edcio da isen\u00e7\u00e3o do Imposto Autom\u00f3vel.&#8221;<\/p>\n<\/div>","protected":false},"excerpt":{"rendered":"<p><!-- RS_MODULE_CODE_2.5.3 --> <\/p>\n<div id=\"readspeaker_button25989\" class=\"rs_skip rs_preserve\"><a class=\"rs_href\" title=\"Ouvir com ReadSpeaker\" href=\"https:\/\/app-eu.readspeaker.com\/cgi-bin\/rsent?customerid=6394&amp;lang=pt_pt&amp;readid=rspeak_read_25989&amp;url=https%3A%2F%2Fwww.provedor-jus.pt%2Fen%2Fwp-json%2Fwp%2Fv2%2Fdocumentos%2F25989\" onclick=\"readpage(this.href, 'xp25989'); return false;\"><img decoding=\"async\" src=\"https:\/\/www.provedor-jus.pt\/wp-content\/plugins\/enterprise_expanding_hl_wordpress-2x\/img\/icon_16px.gif\" alt=\"Ouvir com ReadSpeaker\" style=\"display: inline-block; margin-right: 5px;\"\/>Ouvir<\/a><\/div>\n<div id=\"xp25989\" class=\"rs_addtools rs_splitbutton rs_preserve rs_skip rs_exp\"><\/div>\n<div id=\"rspeak_read_25989\">O artigo 8\u00ba da Lei n.\u00ba 176-A\/99, de 30 de Dezembro, dispunha que: 1 \u2013 O cidad\u00e3o portugu\u00eas residente em Macau que transfira a sua resid\u00eancia para Portugal beneficia da isen\u00e7\u00e3o do imposto autom\u00f3vel na introdu\u00e7\u00e3o no consumo de um autom\u00f3vel ligeiro nas condi\u00e7\u00f5es previstas para os cidad\u00e3os portugueses residentes em pa\u00eds terceiro, podendo, por\u00e9m, optar pela aquisi\u00e7\u00e3o do autom\u00f3vel&hellip;<\/div>\n","protected":false},"author":1,"featured_media":2212,"menu_order":0,"template":"documentos-template.php","meta":{"_acf_changed":false},"catgorias_documentos":[151],"class_list":["post-25989","documentos","type-documentos","status-publish","has-post-thumbnail","hentry","catgorias_documentos-outras-decisoes-en"],"acf":[],"yoast_head":"<!-- This site is optimized with the Yoast SEO plugin v25.2 - https:\/\/yoast.com\/wordpress\/plugins\/seo\/ -->\n<title>Aplica\u00e7\u00e3o do artigo 8\u00ba da Lei n.\u00ba 176-A\/99, de 30 de Dezembro. Redu\u00e7\u00e3o de imposto autom\u00f3vel na aquisi\u00e7\u00e3o de ve\u00edculos, no territ\u00f3rio aduaneiro europeu, por parte de cidad\u00e3os portugueses, ex-residentes em Macau. - Provedoria de Justi\u00e7a<\/title>\n<meta name=\"robots\" content=\"index, follow, max-snippet:-1, max-image-preview:large, max-video-preview:-1\" \/>\n<link rel=\"canonical\" href=\"https:\/\/www.provedor-jus.pt\/en\/documentos\/aplicacao-do-artigo-8o-da-lei-n-o-176-a-99-de-30-de-dezembro-reducao-de-imposto-automovel-na-aquisicao-de-veiculos-no-territorio-aduaneiro-europeu-por-parte-de-cidadaos-portugueses-ex-residentes\/\" \/>\n<meta property=\"og:locale\" content=\"en_US\" \/>\n<meta property=\"og:type\" content=\"article\" \/>\n<meta property=\"og:title\" content=\"Aplica\u00e7\u00e3o do artigo 8\u00ba da Lei n.\u00ba 176-A\/99, de 30 de Dezembro. Redu\u00e7\u00e3o de imposto autom\u00f3vel na aquisi\u00e7\u00e3o de ve\u00edculos, no territ\u00f3rio aduaneiro europeu, por parte de cidad\u00e3os portugueses, ex-residentes em Macau. - Provedoria de Justi\u00e7a\" \/>\n<meta property=\"og:description\" content=\"OuvirO artigo 8\u00ba da Lei n.\u00ba 176-A\/99, de 30 de Dezembro, dispunha que: 1 \u2013 O cidad\u00e3o portugu\u00eas residente em Macau que transfira a sua resid\u00eancia para Portugal beneficia da isen\u00e7\u00e3o do imposto autom\u00f3vel na introdu\u00e7\u00e3o no consumo de um autom\u00f3vel ligeiro nas condi\u00e7\u00f5es previstas para os cidad\u00e3os portugueses residentes em pa\u00eds terceiro, podendo, por\u00e9m, optar pela aquisi\u00e7\u00e3o do autom\u00f3vel&hellip;\" \/>\n<meta property=\"og:url\" content=\"https:\/\/www.provedor-jus.pt\/en\/documentos\/aplicacao-do-artigo-8o-da-lei-n-o-176-a-99-de-30-de-dezembro-reducao-de-imposto-automovel-na-aquisicao-de-veiculos-no-territorio-aduaneiro-europeu-por-parte-de-cidadaos-portugueses-ex-residentes\/\" \/>\n<meta property=\"og:site_name\" content=\"Provedoria de Justi\u00e7a\" \/>\n<meta property=\"og:image\" content=\"https:\/\/www.provedor-jus.pt\/wp-content\/uploads\/2020\/09\/pdf.gif\" \/>\n\t<meta property=\"og:image:width\" content=\"40\" \/>\n\t<meta property=\"og:image:height\" content=\"47\" \/>\n\t<meta property=\"og:image:type\" content=\"image\/gif\" \/>\n<meta name=\"twitter:card\" content=\"summary_large_image\" \/>\n<meta name=\"twitter:label1\" content=\"Est. reading time\" \/>\n\t<meta name=\"twitter:data1\" content=\"1 minute\" \/>\n<script type=\"application\/ld+json\" class=\"yoast-schema-graph\">{\"@context\":\"https:\/\/schema.org\",\"@graph\":[{\"@type\":\"WebPage\",\"@id\":\"https:\/\/www.provedor-jus.pt\/en\/documentos\/aplicacao-do-artigo-8o-da-lei-n-o-176-a-99-de-30-de-dezembro-reducao-de-imposto-automovel-na-aquisicao-de-veiculos-no-territorio-aduaneiro-europeu-por-parte-de-cidadaos-portugueses-ex-residentes\/\",\"url\":\"https:\/\/www.provedor-jus.pt\/en\/documentos\/aplicacao-do-artigo-8o-da-lei-n-o-176-a-99-de-30-de-dezembro-reducao-de-imposto-automovel-na-aquisicao-de-veiculos-no-territorio-aduaneiro-europeu-por-parte-de-cidadaos-portugueses-ex-residentes\/\",\"name\":\"Aplica\u00e7\u00e3o do artigo 8\u00ba da Lei n.\u00ba 176-A\/99, de 30 de Dezembro. Redu\u00e7\u00e3o de imposto autom\u00f3vel na aquisi\u00e7\u00e3o de ve\u00edculos, no territ\u00f3rio aduaneiro europeu, por parte de cidad\u00e3os portugueses, ex-residentes em Macau. - Provedoria de Justi\u00e7a\",\"isPartOf\":{\"@id\":\"https:\/\/www.provedor-jus.pt\/#website\"},\"primaryImageOfPage\":{\"@id\":\"https:\/\/www.provedor-jus.pt\/en\/documentos\/aplicacao-do-artigo-8o-da-lei-n-o-176-a-99-de-30-de-dezembro-reducao-de-imposto-automovel-na-aquisicao-de-veiculos-no-territorio-aduaneiro-europeu-por-parte-de-cidadaos-portugueses-ex-residentes\/#primaryimage\"},\"image\":{\"@id\":\"https:\/\/www.provedor-jus.pt\/en\/documentos\/aplicacao-do-artigo-8o-da-lei-n-o-176-a-99-de-30-de-dezembro-reducao-de-imposto-automovel-na-aquisicao-de-veiculos-no-territorio-aduaneiro-europeu-por-parte-de-cidadaos-portugueses-ex-residentes\/#primaryimage\"},\"thumbnailUrl\":\"https:\/\/www.provedor-jus.pt\/wp-content\/uploads\/2020\/09\/pdf.gif\",\"datePublished\":\"2020-10-22T19:30:05+00:00\",\"breadcrumb\":{\"@id\":\"https:\/\/www.provedor-jus.pt\/en\/documentos\/aplicacao-do-artigo-8o-da-lei-n-o-176-a-99-de-30-de-dezembro-reducao-de-imposto-automovel-na-aquisicao-de-veiculos-no-territorio-aduaneiro-europeu-por-parte-de-cidadaos-portugueses-ex-residentes\/#breadcrumb\"},\"inLanguage\":\"en-US\",\"potentialAction\":[{\"@type\":\"ReadAction\",\"target\":[\"https:\/\/www.provedor-jus.pt\/en\/documentos\/aplicacao-do-artigo-8o-da-lei-n-o-176-a-99-de-30-de-dezembro-reducao-de-imposto-automovel-na-aquisicao-de-veiculos-no-territorio-aduaneiro-europeu-por-parte-de-cidadaos-portugueses-ex-residentes\/\"]}]},{\"@type\":\"ImageObject\",\"inLanguage\":\"en-US\",\"@id\":\"https:\/\/www.provedor-jus.pt\/en\/documentos\/aplicacao-do-artigo-8o-da-lei-n-o-176-a-99-de-30-de-dezembro-reducao-de-imposto-automovel-na-aquisicao-de-veiculos-no-territorio-aduaneiro-europeu-por-parte-de-cidadaos-portugueses-ex-residentes\/#primaryimage\",\"url\":\"https:\/\/www.provedor-jus.pt\/wp-content\/uploads\/2020\/09\/pdf.gif\",\"contentUrl\":\"https:\/\/www.provedor-jus.pt\/wp-content\/uploads\/2020\/09\/pdf.gif\",\"width\":40,\"height\":47,\"caption\":\"iconpdf\"},{\"@type\":\"BreadcrumbList\",\"@id\":\"https:\/\/www.provedor-jus.pt\/en\/documentos\/aplicacao-do-artigo-8o-da-lei-n-o-176-a-99-de-30-de-dezembro-reducao-de-imposto-automovel-na-aquisicao-de-veiculos-no-territorio-aduaneiro-europeu-por-parte-de-cidadaos-portugueses-ex-residentes\/#breadcrumb\",\"itemListElement\":[{\"@type\":\"ListItem\",\"position\":1,\"name\":\"In\u00edcio\",\"item\":\"https:\/\/www.provedor-jus.pt\/en\/\"},{\"@type\":\"ListItem\",\"position\":2,\"name\":\"Aplica\u00e7\u00e3o do artigo 8\u00ba da Lei n.\u00ba 176-A\/99, de 30 de Dezembro. Redu\u00e7\u00e3o de imposto autom\u00f3vel na aquisi\u00e7\u00e3o de ve\u00edculos, no territ\u00f3rio aduaneiro europeu, por parte de cidad\u00e3os portugueses, ex-residentes em Macau.\"}]},{\"@type\":\"WebSite\",\"@id\":\"https:\/\/www.provedor-jus.pt\/#website\",\"url\":\"https:\/\/www.provedor-jus.pt\/\",\"name\":\"Provedoria de Justi\u00e7a\",\"description\":\"\",\"publisher\":{\"@id\":\"https:\/\/www.provedor-jus.pt\/#organization\"},\"potentialAction\":[{\"@type\":\"SearchAction\",\"target\":{\"@type\":\"EntryPoint\",\"urlTemplate\":\"https:\/\/www.provedor-jus.pt\/?s={search_term_string}\"},\"query-input\":{\"@type\":\"PropertyValueSpecification\",\"valueRequired\":true,\"valueName\":\"search_term_string\"}}],\"inLanguage\":\"en-US\"},{\"@type\":\"Organization\",\"@id\":\"https:\/\/www.provedor-jus.pt\/#organization\",\"name\":\"Provedoria de Justi\u00e7a\",\"url\":\"https:\/\/www.provedor-jus.pt\/\",\"logo\":{\"@type\":\"ImageObject\",\"inLanguage\":\"en-US\",\"@id\":\"https:\/\/www.provedor-jus.pt\/#\/schema\/logo\/image\/\",\"url\":\"https:\/\/www.provedor-jus.pt\/wp-content\/uploads\/2024\/10\/logo_provedor_50anos.jpg\",\"contentUrl\":\"https:\/\/www.provedor-jus.pt\/wp-content\/uploads\/2024\/10\/logo_provedor_50anos.jpg\",\"width\":2514,\"height\":554,\"caption\":\"Provedoria de Justi\u00e7a\"},\"image\":{\"@id\":\"https:\/\/www.provedor-jus.pt\/#\/schema\/logo\/image\/\"}}]}<\/script>\n<!-- \/ Yoast SEO plugin. -->","yoast_head_json":{"title":"Aplica\u00e7\u00e3o do artigo 8\u00ba da Lei n.\u00ba 176-A\/99, de 30 de Dezembro. Redu\u00e7\u00e3o de imposto autom\u00f3vel na aquisi\u00e7\u00e3o de ve\u00edculos, no territ\u00f3rio aduaneiro europeu, por parte de cidad\u00e3os portugueses, ex-residentes em Macau. - Provedoria de Justi\u00e7a","robots":{"index":"index","follow":"follow","max-snippet":"max-snippet:-1","max-image-preview":"max-image-preview:large","max-video-preview":"max-video-preview:-1"},"canonical":"https:\/\/www.provedor-jus.pt\/en\/documentos\/aplicacao-do-artigo-8o-da-lei-n-o-176-a-99-de-30-de-dezembro-reducao-de-imposto-automovel-na-aquisicao-de-veiculos-no-territorio-aduaneiro-europeu-por-parte-de-cidadaos-portugueses-ex-residentes\/","og_locale":"en_US","og_type":"article","og_title":"Aplica\u00e7\u00e3o do artigo 8\u00ba da Lei n.\u00ba 176-A\/99, de 30 de Dezembro. Redu\u00e7\u00e3o de imposto autom\u00f3vel na aquisi\u00e7\u00e3o de ve\u00edculos, no territ\u00f3rio aduaneiro europeu, por parte de cidad\u00e3os portugueses, ex-residentes em Macau. - Provedoria de Justi\u00e7a","og_description":"OuvirO artigo 8\u00ba da Lei n.\u00ba 176-A\/99, de 30 de Dezembro, dispunha que: 1 \u2013 O cidad\u00e3o portugu\u00eas residente em Macau que transfira a sua resid\u00eancia para Portugal beneficia da isen\u00e7\u00e3o do imposto autom\u00f3vel na introdu\u00e7\u00e3o no consumo de um autom\u00f3vel ligeiro nas condi\u00e7\u00f5es previstas para os cidad\u00e3os portugueses residentes em pa\u00eds terceiro, podendo, por\u00e9m, optar pela aquisi\u00e7\u00e3o do autom\u00f3vel&hellip;","og_url":"https:\/\/www.provedor-jus.pt\/en\/documentos\/aplicacao-do-artigo-8o-da-lei-n-o-176-a-99-de-30-de-dezembro-reducao-de-imposto-automovel-na-aquisicao-de-veiculos-no-territorio-aduaneiro-europeu-por-parte-de-cidadaos-portugueses-ex-residentes\/","og_site_name":"Provedoria de Justi\u00e7a","og_image":[{"width":40,"height":47,"url":"https:\/\/www.provedor-jus.pt\/wp-content\/uploads\/2020\/09\/pdf.gif","type":"image\/gif"}],"twitter_card":"summary_large_image","twitter_misc":{"Est. reading time":"1 minute"},"schema":{"@context":"https:\/\/schema.org","@graph":[{"@type":"WebPage","@id":"https:\/\/www.provedor-jus.pt\/en\/documentos\/aplicacao-do-artigo-8o-da-lei-n-o-176-a-99-de-30-de-dezembro-reducao-de-imposto-automovel-na-aquisicao-de-veiculos-no-territorio-aduaneiro-europeu-por-parte-de-cidadaos-portugueses-ex-residentes\/","url":"https:\/\/www.provedor-jus.pt\/en\/documentos\/aplicacao-do-artigo-8o-da-lei-n-o-176-a-99-de-30-de-dezembro-reducao-de-imposto-automovel-na-aquisicao-de-veiculos-no-territorio-aduaneiro-europeu-por-parte-de-cidadaos-portugueses-ex-residentes\/","name":"Aplica\u00e7\u00e3o do artigo 8\u00ba da Lei n.\u00ba 176-A\/99, de 30 de Dezembro. Redu\u00e7\u00e3o de imposto autom\u00f3vel na aquisi\u00e7\u00e3o de ve\u00edculos, no territ\u00f3rio aduaneiro europeu, por parte de cidad\u00e3os portugueses, ex-residentes em Macau. - Provedoria de Justi\u00e7a","isPartOf":{"@id":"https:\/\/www.provedor-jus.pt\/#website"},"primaryImageOfPage":{"@id":"https:\/\/www.provedor-jus.pt\/en\/documentos\/aplicacao-do-artigo-8o-da-lei-n-o-176-a-99-de-30-de-dezembro-reducao-de-imposto-automovel-na-aquisicao-de-veiculos-no-territorio-aduaneiro-europeu-por-parte-de-cidadaos-portugueses-ex-residentes\/#primaryimage"},"image":{"@id":"https:\/\/www.provedor-jus.pt\/en\/documentos\/aplicacao-do-artigo-8o-da-lei-n-o-176-a-99-de-30-de-dezembro-reducao-de-imposto-automovel-na-aquisicao-de-veiculos-no-territorio-aduaneiro-europeu-por-parte-de-cidadaos-portugueses-ex-residentes\/#primaryimage"},"thumbnailUrl":"https:\/\/www.provedor-jus.pt\/wp-content\/uploads\/2020\/09\/pdf.gif","datePublished":"2020-10-22T19:30:05+00:00","breadcrumb":{"@id":"https:\/\/www.provedor-jus.pt\/en\/documentos\/aplicacao-do-artigo-8o-da-lei-n-o-176-a-99-de-30-de-dezembro-reducao-de-imposto-automovel-na-aquisicao-de-veiculos-no-territorio-aduaneiro-europeu-por-parte-de-cidadaos-portugueses-ex-residentes\/#breadcrumb"},"inLanguage":"en-US","potentialAction":[{"@type":"ReadAction","target":["https:\/\/www.provedor-jus.pt\/en\/documentos\/aplicacao-do-artigo-8o-da-lei-n-o-176-a-99-de-30-de-dezembro-reducao-de-imposto-automovel-na-aquisicao-de-veiculos-no-territorio-aduaneiro-europeu-por-parte-de-cidadaos-portugueses-ex-residentes\/"]}]},{"@type":"ImageObject","inLanguage":"en-US","@id":"https:\/\/www.provedor-jus.pt\/en\/documentos\/aplicacao-do-artigo-8o-da-lei-n-o-176-a-99-de-30-de-dezembro-reducao-de-imposto-automovel-na-aquisicao-de-veiculos-no-territorio-aduaneiro-europeu-por-parte-de-cidadaos-portugueses-ex-residentes\/#primaryimage","url":"https:\/\/www.provedor-jus.pt\/wp-content\/uploads\/2020\/09\/pdf.gif","contentUrl":"https:\/\/www.provedor-jus.pt\/wp-content\/uploads\/2020\/09\/pdf.gif","width":40,"height":47,"caption":"iconpdf"},{"@type":"BreadcrumbList","@id":"https:\/\/www.provedor-jus.pt\/en\/documentos\/aplicacao-do-artigo-8o-da-lei-n-o-176-a-99-de-30-de-dezembro-reducao-de-imposto-automovel-na-aquisicao-de-veiculos-no-territorio-aduaneiro-europeu-por-parte-de-cidadaos-portugueses-ex-residentes\/#breadcrumb","itemListElement":[{"@type":"ListItem","position":1,"name":"In\u00edcio","item":"https:\/\/www.provedor-jus.pt\/en\/"},{"@type":"ListItem","position":2,"name":"Aplica\u00e7\u00e3o do artigo 8\u00ba da Lei n.\u00ba 176-A\/99, de 30 de Dezembro. Redu\u00e7\u00e3o de imposto autom\u00f3vel na aquisi\u00e7\u00e3o de ve\u00edculos, no territ\u00f3rio aduaneiro europeu, por parte de cidad\u00e3os portugueses, ex-residentes em Macau."}]},{"@type":"WebSite","@id":"https:\/\/www.provedor-jus.pt\/#website","url":"https:\/\/www.provedor-jus.pt\/","name":"Provedoria de Justi\u00e7a","description":"","publisher":{"@id":"https:\/\/www.provedor-jus.pt\/#organization"},"potentialAction":[{"@type":"SearchAction","target":{"@type":"EntryPoint","urlTemplate":"https:\/\/www.provedor-jus.pt\/?s={search_term_string}"},"query-input":{"@type":"PropertyValueSpecification","valueRequired":true,"valueName":"search_term_string"}}],"inLanguage":"en-US"},{"@type":"Organization","@id":"https:\/\/www.provedor-jus.pt\/#organization","name":"Provedoria de Justi\u00e7a","url":"https:\/\/www.provedor-jus.pt\/","logo":{"@type":"ImageObject","inLanguage":"en-US","@id":"https:\/\/www.provedor-jus.pt\/#\/schema\/logo\/image\/","url":"https:\/\/www.provedor-jus.pt\/wp-content\/uploads\/2024\/10\/logo_provedor_50anos.jpg","contentUrl":"https:\/\/www.provedor-jus.pt\/wp-content\/uploads\/2024\/10\/logo_provedor_50anos.jpg","width":2514,"height":554,"caption":"Provedoria de Justi\u00e7a"},"image":{"@id":"https:\/\/www.provedor-jus.pt\/#\/schema\/logo\/image\/"}}]}},"_links":{"self":[{"href":"https:\/\/www.provedor-jus.pt\/en\/wp-json\/wp\/v2\/documentos\/25989","targetHints":{"allow":["GET"]}}],"collection":[{"href":"https:\/\/www.provedor-jus.pt\/en\/wp-json\/wp\/v2\/documentos"}],"about":[{"href":"https:\/\/www.provedor-jus.pt\/en\/wp-json\/wp\/v2\/types\/documentos"}],"author":[{"embeddable":true,"href":"https:\/\/www.provedor-jus.pt\/en\/wp-json\/wp\/v2\/users\/1"}],"wp:featuredmedia":[{"embeddable":true,"href":"https:\/\/www.provedor-jus.pt\/en\/wp-json\/wp\/v2\/media\/2212"}],"wp:attachment":[{"href":"https:\/\/www.provedor-jus.pt\/en\/wp-json\/wp\/v2\/media?parent=25989"}],"wp:term":[{"taxonomy":"catgorias_documentos","embeddable":true,"href":"https:\/\/www.provedor-jus.pt\/en\/wp-json\/wp\/v2\/catgorias_documentos?post=25989"}],"curies":[{"name":"wp","href":"https:\/\/api.w.org\/{rel}","templated":true}]}}